{"id":3935,"date":"2020-10-14T18:00:43","date_gmt":"2020-10-14T18:00:43","guid":{"rendered":"https:\/\/demo01.gethomey.io\/?page_id=3935"},"modified":"2026-04-14T16:18:51","modified_gmt":"2026-04-14T15:18:51","slug":"homepage-parallax-standard","status":"publish","type":"page","link":"https:\/\/rentboattenerife.com\/fr\/","title":{"rendered":"Location Bateau T\u00e9n\u00e9rife"},"content":{"rendered":"<div data-elementor-type=\"wp-page\" data-elementor-id=\"3935\" class=\"elementor elementor-3935\">\n\t\t\t\t\t\t<section class=\"elementor-section elementor-top-section elementor-element elementor-element-7c332fd3 elementor-section-stretched elementor-section-boxed elementor-section-height-default elementor-section-height-default elementor-invisible\" data-id=\"7c332fd3\" data-element_type=\"section\" data-e-type=\"section\" data-settings=\"{&quot;stretch_section&quot;:&quot;section-stretched&quot;,&quot;background_background&quot;:&quot;classic&quot;,&quot;animation&quot;:&quot;fadeIn&quot;}\">\n\t\t\t\t\t\t<div class=\"elementor-container elementor-column-gap-default\">\n\t\t\t\t\t<div class=\"elementor-column elementor-col-100 elementor-top-column elementor-element elementor-element-2db87f50\" data-id=\"2db87f50\" data-element_type=\"column\" data-e-type=\"column\">\n\t\t\t<div class=\"elementor-widget-wrap elementor-element-populated\">\n\t\t\t\t\t\t<div class=\"elementor-element elementor-element-20ed01a9 elementor-widget elementor-widget-spacer\" data-id=\"20ed01a9\" data-element_type=\"widget\" data-e-type=\"widget\" data-widget_type=\"spacer.default\">\n\t\t\t\t<div class=\"elementor-widget-container\">\n\t\t\t\t\t\t\t<div class=\"elementor-spacer\">\n\t\t\t<div class=\"elementor-spacer-inner\"><\/div>\n\t\t<\/div>\n\t\t\t\t\t\t<\/div>\n\t\t\t\t<\/div>\n\t\t\t\t<div class=\"elementor-element elementor-element-fad1dc9 elementor-widget elementor-widget-heading\" data-id=\"fad1dc9\" data-element_type=\"widget\" data-e-type=\"widget\" data-widget_type=\"heading.default\">\n\t\t\t\t<div class=\"elementor-widget-container\">\n\t\t\t\t\t<h2 class=\"elementor-heading-title elementor-size-default\">Les bateaux les plus populaires \u00e0 louer \u00e0 Tenerife<\/h2>\t\t\t\t<\/div>\n\t\t\t\t<\/div>\n\t\t\t\t<div class=\"elementor-element elementor-element-a46c6ee elementor-widget elementor-widget-text-editor\" data-id=\"a46c6ee\" data-element_type=\"widget\" data-e-type=\"widget\" data-widget_type=\"text-editor.default\">\n\t\t\t\t<div class=\"elementor-widget-container\">\n\t\t\t\t\t\t\t\t\tNous proposons des locations horaires de diff\u00e9rents types de bateaux \u00e0 Tenerife pour des groupes allant de 2 \u00e0 150 personnes, dont <strong>catamarans<\/strong>, <strong>voiliers<\/strong>, <strong>yachts<\/strong>, <strong>bateaux de p\u00eache<\/strong>, et <strong>bateaux \u00e0 moteur sans chauffeur<\/strong> dans <strong>Costa Ad\u00e8je<\/strong>, <strong>Las Galletas<\/strong>, <strong>Los Gigantes<\/strong>, <strong>Los Cristianos<\/strong>, et <strong>Golf du Sud<\/strong>. Nous proposons \u00e9galement une large s\u00e9lection de visites de groupe en bateau pour <strong>observation des baleines et des dauphins<\/strong>. Appelez-nous ou envoyez-nous un message au <strong>WhatsApp<\/strong> \u00e0 <strong><a href=\"https:\/\/wa.me\/34670376729\" target=\"_blank\" rel=\"nofollow noopener\">+34670376729<\/a><\/strong>.\t\t\t\t\t\t\t\t<\/div>\n\t\t\t\t<\/div>\n\t\t\t\t<div class=\"elementor-element elementor-element-0b8a21b elementor-widget elementor-widget-homey_elementor_property_by_ids\" data-id=\"0b8a21b\" data-element_type=\"widget\" data-e-type=\"widget\" data-widget_type=\"homey_elementor_property_by_ids.default\">\n\t\t\t\t<div class=\"elementor-widget-container\">\n\t\t\t\t\t\n        <div class=\"module-wrap property-module-by-id property-module-by-id-3cols\">\n            <div class=\"listing-wrap which-layout-grid  item-grid-view\">\n                    <div class=\"col-sm-4\">\n<div class=\"item-wrap item-grid-view infobox_trigger homey-matchHeight\" data-dir=\"listing-item\" data-id=\"328\">\n    <div class=\"media property-item\">\n        <div class=\"media-left\">\n            <div class=\"item-media item-media-thumb\">\n\n                <span class=\"label-wrap top-left\">\r\n                    <span class=\"label label-featured\">Avec capitaine (inclus)<\/span>\r\n                <\/span>\n                <a class=\"hover-effect\" href=\"https:\/\/rentboattenerife.com\/fr\/tenerife\/catamaran-kalima-kat\/\">\n                    <img fetchpriority=\"high\" decoding=\"async\" width=\"360\" height=\"240\" src=\"https:\/\/rentboattenerife.com\/wp-content\/uploads\/2018\/10\/Catamaran-Kalima-Kat-rental-Tenerife.jpg\" class=\"img-responsive wp-post-image\" alt=\"Location catamaran Kalima Kat T\u00e9n\u00e9rife\" srcset=\"https:\/\/rentboattenerife.com\/wp-content\/uploads\/2018\/10\/Catamaran-Kalima-Kat-rental-Tenerife.jpg 360w, https:\/\/rentboattenerife.com\/wp-content\/uploads\/2018\/10\/Catamaran-Kalima-Kat-rental-Tenerife-300x200.jpg 300w, https:\/\/rentboattenerife.com\/wp-content\/uploads\/2018\/10\/Catamaran-Kalima-Kat-rental-Tenerife-18x12.jpg 18w, https:\/\/rentboattenerife.com\/wp-content\/uploads\/2018\/10\/Catamaran-Kalima-Kat-rental-Tenerife-120x80.jpg 120w\" sizes=\"(max-width: 360px) 100vw, 360px\" \/>                \n\t\t\t\t\t\t\t\t\t\t\t<div class=\"item-media-price\">\n\t\t\t\t\t\t<span class=\"item-price\">\n\t\t\t\t\t\t\t<sub>depuis<\/sub> <sup>\u20ac<\/sup>284.00<sub>\/heure<\/sub>\n\t\t\t\t\t\t<\/span>\n\t\t\t\t\t\t<\/div>\n\t\t\t\t\t\t\t\t\t<\/a>\n\n                            <\/div>\n        <\/div>\n        <div class=\"media-body item-body clearfix\">\n\n            <div class=\"item-title-head\">\n                <div class=\"title-head-left\">\n                    <div class=\"title\"><a href=\"https:\/\/rentboattenerife.com\/fr\/tenerife\/catamaran-kalima-kat\/\">\n                            CAT 37 | Catamaran<\/a><\/div>\n\n                    <address class=\"item-address\">Costa Adeje, Puerto Col\u00f3n, T\u00e9n\u00e9rife<\/address>        \n                <\/div>\n            <\/div>\n\n                        <ul class=\"item-amenities\">\n\n                                <li>\n                    <i class=\"fa fa-sort\"><\/i> \n                    <span class=\"total-beds\">11<\/span> <span class=\"item-label\">m<\/span>\n                <\/li>\n                \n                                <li>\n                    <i class=\"fa fa-clock-o\"><\/i> \n                    <span class=\"total-baths\">3 heures<\/span> <span class=\"item-label\">min.<\/span>\n                <\/li>\n                \n                                <li>\n                    <i class=\"fa fa-user\"><\/i> \n                    <span class=\"total-guests\">22<\/span> <span class=\"item-label\">Invit\u00e9s<\/span>\n                <\/li>\n                \n                                <li class=\"item-type\">Location Catamaran<\/li>\n                            <\/ul>\n            \n            \n            <div class=\"item-footer\">\n\n                \n                            <\/div>\n        <\/div>\n    <\/div>\n<\/div><!-- .item-wrap --><\/div><div class=\"col-sm-4\">\n<div class=\"item-wrap item-grid-view infobox_trigger homey-matchHeight\" data-dir=\"listing-item\" data-id=\"7618\">\n    <div class=\"media property-item\">\n        <div class=\"media-left\">\n            <div class=\"item-media item-media-thumb\">\n\n                <span class=\"label-wrap top-left\">\r\n                    <span class=\"label label-featured\">Avec capitaine (inclus)<\/span>\r\n                <\/span>\n                <a class=\"hover-effect\" href=\"https:\/\/rentboattenerife.com\/fr\/tenerife\/sealine-sc29-yacht\/\">\n                    <img decoding=\"async\" width=\"403\" height=\"269\" src=\"https:\/\/rentboattenerife.com\/wp-content\/uploads\/2024\/04\/Yacht-Sealine-SC29-hire-Tenerife.jpg\" class=\"img-responsive wp-post-image\" alt=\"Location de yacht Sealine SC29 \u00e0 Tenerife\" srcset=\"https:\/\/rentboattenerife.com\/wp-content\/uploads\/2024\/04\/Yacht-Sealine-SC29-hire-Tenerife.jpg 403w, https:\/\/rentboattenerife.com\/wp-content\/uploads\/2024\/04\/Yacht-Sealine-SC29-hire-Tenerife-300x200.jpg 300w, https:\/\/rentboattenerife.com\/wp-content\/uploads\/2024\/04\/Yacht-Sealine-SC29-hire-Tenerife-18x12.jpg 18w, https:\/\/rentboattenerife.com\/wp-content\/uploads\/2024\/04\/Yacht-Sealine-SC29-hire-Tenerife-120x80.jpg 120w\" sizes=\"(max-width: 403px) 100vw, 403px\" \/>                \n\t\t\t\t\t\t\t\t\t\t\t<div class=\"item-media-price\">\n\t\t\t\t\t\t<span class=\"item-price\">\n\t\t\t\t\t\t\t<sub>depuis<\/sub> <sup>\u20ac<\/sup>158.00<sub>\/heure<\/sub>\n\t\t\t\t\t\t<\/span>\n\t\t\t\t\t\t<\/div>\n\t\t\t\t\t\t\t\t\t<\/a>\n\n                            <\/div>\n        <\/div>\n        <div class=\"media-body item-body clearfix\">\n\n            <div class=\"item-title-head\">\n                <div class=\"title-head-left\">\n                    <div class=\"title\"><a href=\"https:\/\/rentboattenerife.com\/fr\/tenerife\/sealine-sc29-yacht\/\">\n                            Sealine SC29 | Yacht<\/a><\/div>\n\n                    <address class=\"item-address\">Costa Adeje, Puerto Col\u00f3n, T\u00e9n\u00e9rife<\/address>        \n                <\/div>\n            <\/div>\n\n                        <ul class=\"item-amenities\">\n\n                                <li>\n                    <i class=\"fa fa-sort\"><\/i> \n                    <span class=\"total-beds\">10<\/span> <span class=\"item-label\">m<\/span>\n                <\/li>\n                \n                                <li>\n                    <i class=\"fa fa-clock-o\"><\/i> \n                    <span class=\"total-baths\">3 heures<\/span> <span class=\"item-label\">min.<\/span>\n                <\/li>\n                \n                                <li>\n                    <i class=\"fa fa-user\"><\/i> \n                    <span class=\"total-guests\">10<\/span> <span class=\"item-label\">Invit\u00e9s<\/span>\n                <\/li>\n                \n                                <li class=\"item-type\">Location de yacht de luxe, Location de yacht<\/li>\n                            <\/ul>\n            \n            \n            <div class=\"item-footer\">\n\n                \n                            <\/div>\n        <\/div>\n    <\/div>\n<\/div><!-- .item-wrap --><\/div><div class=\"col-sm-4\">\n<div class=\"item-wrap item-grid-view infobox_trigger homey-matchHeight\" data-dir=\"listing-item\" data-id=\"8862\">\n    <div class=\"media property-item\">\n        <div class=\"media-left\">\n            <div class=\"item-media item-media-thumb\">\n\n                \n                <a class=\"hover-effect\" href=\"https:\/\/rentboattenerife.com\/fr\/tenerife\/idea-53-without-license-motorboat\/\">\n                    <img decoding=\"async\" width=\"403\" height=\"269\" src=\"https:\/\/rentboattenerife.com\/wp-content\/uploads\/2025\/03\/Idea-53-hire-Tenerife.jpg\" class=\"img-responsive wp-post-image\" alt=\"Id\u00e9e 53 location Tenerife\" srcset=\"https:\/\/rentboattenerife.com\/wp-content\/uploads\/2025\/03\/Idea-53-hire-Tenerife.jpg 403w, https:\/\/rentboattenerife.com\/wp-content\/uploads\/2025\/03\/Idea-53-hire-Tenerife-300x200.jpg 300w, https:\/\/rentboattenerife.com\/wp-content\/uploads\/2025\/03\/Idea-53-hire-Tenerife-18x12.jpg 18w, https:\/\/rentboattenerife.com\/wp-content\/uploads\/2025\/03\/Idea-53-hire-Tenerife-120x80.jpg 120w\" sizes=\"(max-width: 403px) 100vw, 403px\" \/>                \n\t\t\t\t\t\t\t\t\t\t\t<div class=\"item-media-price\">\n\t\t\t\t\t\t<span class=\"item-price\">\n\t\t\t\t\t\t\t<sub>depuis<\/sub> <sup>\u20ac<\/sup>67.00<sub>\/heure<\/sub>\n\t\t\t\t\t\t<\/span>\n\t\t\t\t\t\t<\/div>\n\t\t\t\t\t\t\t\t\t<\/a>\n\n                            <\/div>\n        <\/div>\n        <div class=\"media-body item-body clearfix\">\n\n            <div class=\"item-title-head\">\n                <div class=\"title-head-left\">\n                    <div class=\"title\"><a href=\"https:\/\/rentboattenerife.com\/fr\/tenerife\/idea-53-without-license-motorboat\/\">\n                            Idea 53 | Sans permis | Bateau \u00e0 moteur<\/a><\/div>\n\n                    <address class=\"item-address\">Costa Adeje, Puerto Col\u00f3n, T\u00e9n\u00e9rife<\/address>        \n                <\/div>\n            <\/div>\n\n                        <ul class=\"item-amenities\">\n\n                                <li>\n                    <i class=\"fa fa-sort\"><\/i> \n                    <span class=\"total-beds\">5.5<\/span> <span class=\"item-label\">m<\/span>\n                <\/li>\n                \n                                <li>\n                    <i class=\"fa fa-clock-o\"><\/i> \n                    <span class=\"total-baths\">2 heures<\/span> <span class=\"item-label\">min.<\/span>\n                <\/li>\n                \n                                <li>\n                    <i class=\"fa fa-user\"><\/i> \n                    <span class=\"total-guests\">6<\/span> <span class=\"item-label\">Invit\u00e9s<\/span>\n                <\/li>\n                \n                                <li class=\"item-type\">Location de bateaux \u00e0 moteur, Location de bateaux sans chauffeur<\/li>\n                            <\/ul>\n            \n            \n            <div class=\"item-footer\">\n\n                \n                            <\/div>\n        <\/div>\n    <\/div>\n<\/div><!-- .item-wrap --><\/div><div class=\"col-sm-4\">\n<div class=\"item-wrap item-grid-view infobox_trigger homey-matchHeight\" data-dir=\"listing-item\" data-id=\"9550\">\n    <div class=\"media property-item\">\n        <div class=\"media-left\">\n            <div class=\"item-media item-media-thumb\">\n\n                <span class=\"label-wrap top-left\">\r\n                    <span class=\"label label-featured\">Avec capitaine (inclus)<\/span>\r\n                <\/span>\n                <a class=\"hover-effect\" href=\"https:\/\/rentboattenerife.com\/fr\/tenerife\/gobbi-atlantis-47-yacht\/\">\n                    <img loading=\"lazy\" decoding=\"async\" width=\"403\" height=\"269\" src=\"https:\/\/rentboattenerife.com\/wp-content\/uploads\/2025\/07\/yacht-Gobbi-Atlantis-47-hire-Tenerife.jpg\" class=\"img-responsive wp-post-image\" alt=\"location yacht Gobbi Atlantis 47 T\u00e9n\u00e9rife\" srcset=\"https:\/\/rentboattenerife.com\/wp-content\/uploads\/2025\/07\/yacht-Gobbi-Atlantis-47-hire-Tenerife.jpg 403w, https:\/\/rentboattenerife.com\/wp-content\/uploads\/2025\/07\/yacht-Gobbi-Atlantis-47-hire-Tenerife-300x200.jpg 300w, https:\/\/rentboattenerife.com\/wp-content\/uploads\/2025\/07\/yacht-Gobbi-Atlantis-47-hire-Tenerife-18x12.jpg 18w, https:\/\/rentboattenerife.com\/wp-content\/uploads\/2025\/07\/yacht-Gobbi-Atlantis-47-hire-Tenerife-120x80.jpg 120w\" sizes=\"(max-width: 403px) 100vw, 403px\" \/>                \n\t\t\t\t\t\t\t\t\t\t\t<div class=\"item-media-price\">\n\t\t\t\t\t\t<span class=\"item-price\">\n\t\t\t\t\t\t\t<sub>depuis<\/sub> <sup>\u20ac<\/sup>330.00<sub>\/heure<\/sub>\n\t\t\t\t\t\t<\/span>\n\t\t\t\t\t\t<\/div>\n\t\t\t\t\t\t\t\t\t<\/a>\n\n                            <\/div>\n        <\/div>\n        <div class=\"media-body item-body clearfix\">\n\n            <div class=\"item-title-head\">\n                <div class=\"title-head-left\">\n                    <div class=\"title\"><a href=\"https:\/\/rentboattenerife.com\/fr\/tenerife\/gobbi-atlantis-47-yacht\/\">\n                            Gobbi Atlantis 47 | Yacht<\/a><\/div>\n\n                    <address class=\"item-address\">Los Gigantes, T\u00e9n\u00e9rife<\/address>        \n                <\/div>\n            <\/div>\n\n                        <ul class=\"item-amenities\">\n\n                                <li>\n                    <i class=\"fa fa-sort\"><\/i> \n                    <span class=\"total-beds\">14<\/span> <span class=\"item-label\">m<\/span>\n                <\/li>\n                \n                                <li>\n                    <i class=\"fa fa-clock-o\"><\/i> \n                    <span class=\"total-baths\">3 heures<\/span> <span class=\"item-label\">min.<\/span>\n                <\/li>\n                \n                                <li>\n                    <i class=\"fa fa-user\"><\/i> \n                    <span class=\"total-guests\">10<\/span> <span class=\"item-label\">Invit\u00e9s<\/span>\n                <\/li>\n                \n                                <li class=\"item-type\">Location de yacht de luxe, Location de yacht<\/li>\n                            <\/ul>\n            \n            \n            <div class=\"item-footer\">\n\n                \n                            <\/div>\n        <\/div>\n    <\/div>\n<\/div><!-- .item-wrap --><\/div><div class=\"col-sm-4\">\n<div class=\"item-wrap item-grid-view infobox_trigger homey-matchHeight\" data-dir=\"listing-item\" data-id=\"9353\">\n    <div class=\"media property-item\">\n        <div class=\"media-left\">\n            <div class=\"item-media item-media-thumb\">\n\n                \n                <a class=\"hover-effect\" href=\"https:\/\/rentboattenerife.com\/fr\/tenerife\/fiat-500-without-license-motorboat\/\">\n                    <img loading=\"lazy\" decoding=\"async\" width=\"403\" height=\"269\" src=\"https:\/\/rentboattenerife.com\/wp-content\/uploads\/2025\/06\/Fiat-500-Self-drive-boat.jpg\" class=\"img-responsive wp-post-image\" alt=\"Bateau sans permis Fiat 500\" srcset=\"https:\/\/rentboattenerife.com\/wp-content\/uploads\/2025\/06\/Fiat-500-Self-drive-boat.jpg 403w, https:\/\/rentboattenerife.com\/wp-content\/uploads\/2025\/06\/Fiat-500-Self-drive-boat-300x200.jpg 300w, https:\/\/rentboattenerife.com\/wp-content\/uploads\/2025\/06\/Fiat-500-Self-drive-boat-18x12.jpg 18w, https:\/\/rentboattenerife.com\/wp-content\/uploads\/2025\/06\/Fiat-500-Self-drive-boat-120x80.jpg 120w\" sizes=\"(max-width: 403px) 100vw, 403px\" \/>                \n\t\t\t\t\t\t\t\t\t\t\t<div class=\"item-media-price\">\n\t\t\t\t\t\t<span class=\"item-price\">\n\t\t\t\t\t\t\t<sub>depuis<\/sub> <sup>\u20ac<\/sup>140.00<sub>\/heure<\/sub>\n\t\t\t\t\t\t<\/span>\n\t\t\t\t\t\t<\/div>\n\t\t\t\t\t\t\t\t\t<\/a>\n\n                            <\/div>\n        <\/div>\n        <div class=\"media-body item-body clearfix\">\n\n            <div class=\"item-title-head\">\n                <div class=\"title-head-left\">\n                    <div class=\"title\"><a href=\"https:\/\/rentboattenerife.com\/fr\/tenerife\/fiat-500-without-license-motorboat\/\">\n                            Fiat 500 | Sans permis | Bateau \u00e0 moteur<\/a><\/div>\n\n                    <address class=\"item-address\">Costa Adeje, Puerto Col\u00f3n, T\u00e9n\u00e9rife<\/address>        \n                <\/div>\n            <\/div>\n\n                        <ul class=\"item-amenities\">\n\n                                <li>\n                    <i class=\"fa fa-sort\"><\/i> \n                    <span class=\"total-beds\">4.7<\/span> <span class=\"item-label\">m<\/span>\n                <\/li>\n                \n                                <li>\n                    <i class=\"fa fa-clock-o\"><\/i> \n                    <span class=\"total-baths\">1 heure<\/span> <span class=\"item-label\">min.<\/span>\n                <\/li>\n                \n                                <li>\n                    <i class=\"fa fa-user\"><\/i> \n                    <span class=\"total-guests\">4<\/span> <span class=\"item-label\">Invit\u00e9s<\/span>\n                <\/li>\n                \n                                <li class=\"item-type\">Location de bateaux \u00e0 moteur, Location de bateaux sans chauffeur<\/li>\n                            <\/ul>\n            \n            \n            <div class=\"item-footer\">\n\n                \n                            <\/div>\n        <\/div>\n    <\/div>\n<\/div><!-- .item-wrap --><\/div><div class=\"col-sm-4\">\n<div class=\"item-wrap item-grid-view infobox_trigger homey-matchHeight\" data-dir=\"listing-item\" data-id=\"9774\">\n    <div class=\"media property-item\">\n        <div class=\"media-left\">\n            <div class=\"item-media item-media-thumb\">\n\n                <span class=\"label-wrap top-left\">\r\n                    <span class=\"label label-featured\">Avec capitaine (inclus)<\/span>\r\n                <\/span>\n                <a class=\"hover-effect\" href=\"https:\/\/rentboattenerife.com\/fr\/tenerife\/astinor-36-yacht\/\">\n                    <img loading=\"lazy\" decoding=\"async\" width=\"403\" height=\"269\" src=\"https:\/\/rentboattenerife.com\/wp-content\/uploads\/2025\/11\/rent-yacht-Astinor-36-Tenerife.jpg\" class=\"img-responsive wp-post-image\" alt=\"louer yacht Astinor 36 Tenerife\" srcset=\"https:\/\/rentboattenerife.com\/wp-content\/uploads\/2025\/11\/rent-yacht-Astinor-36-Tenerife.jpg 403w, https:\/\/rentboattenerife.com\/wp-content\/uploads\/2025\/11\/rent-yacht-Astinor-36-Tenerife-300x200.jpg 300w, https:\/\/rentboattenerife.com\/wp-content\/uploads\/2025\/11\/rent-yacht-Astinor-36-Tenerife-18x12.jpg 18w, https:\/\/rentboattenerife.com\/wp-content\/uploads\/2025\/11\/rent-yacht-Astinor-36-Tenerife-120x80.jpg 120w\" sizes=\"(max-width: 403px) 100vw, 403px\" \/>                \n\t\t\t\t\t\t\t\t\t\t\t<div class=\"item-media-price\">\n\t\t\t\t\t\t<span class=\"item-price\">\n\t\t\t\t\t\t\t<sub>depuis<\/sub> <sup>\u20ac<\/sup>167.00<sub>\/heure<\/sub>\n\t\t\t\t\t\t<\/span>\n\t\t\t\t\t\t<\/div>\n\t\t\t\t\t\t\t\t\t<\/a>\n\n                            <\/div>\n        <\/div>\n        <div class=\"media-body item-body clearfix\">\n\n            <div class=\"item-title-head\">\n                <div class=\"title-head-left\">\n                    <div class=\"title\"><a href=\"https:\/\/rentboattenerife.com\/fr\/tenerife\/astinor-36-yacht\/\">\n                            Astinor 36 | Yacht<\/a><\/div>\n\n                    <address class=\"item-address\">Las Galletas, T\u00e9n\u00e9rife<\/address>        \n                <\/div>\n            <\/div>\n\n                        <ul class=\"item-amenities\">\n\n                                <li>\n                    <i class=\"fa fa-sort\"><\/i> \n                    <span class=\"total-beds\">10.9<\/span> <span class=\"item-label\">m<\/span>\n                <\/li>\n                \n                                <li>\n                    <i class=\"fa fa-clock-o\"><\/i> \n                    <span class=\"total-baths\">3 heures<\/span> <span class=\"item-label\">min.<\/span>\n                <\/li>\n                \n                                <li>\n                    <i class=\"fa fa-user\"><\/i> \n                    <span class=\"total-guests\">10<\/span> <span class=\"item-label\">Invit\u00e9s<\/span>\n                <\/li>\n                \n                                <li class=\"item-type\">Location de yachts<\/li>\n                            <\/ul>\n            \n            \n            <div class=\"item-footer\">\n\n                \n                            <\/div>\n        <\/div>\n    <\/div>\n<\/div><!-- .item-wrap --><\/div><div class=\"col-sm-4\">\n<div class=\"item-wrap item-grid-view infobox_trigger homey-matchHeight\" data-dir=\"listing-item\" data-id=\"9106\">\n    <div class=\"media property-item\">\n        <div class=\"media-left\">\n            <div class=\"item-media item-media-thumb\">\n\n                <span class=\"label-wrap top-left\">\r\n                    <span class=\"label label-featured\">Avec capitaine (inclus)<\/span>\r\n                <\/span>\n                <a class=\"hover-effect\" href=\"https:\/\/rentboattenerife.com\/fr\/tenerife\/fountain-pajot-bahia-46-catamaran\/\">\n                    <img loading=\"lazy\" decoding=\"async\" width=\"403\" height=\"269\" src=\"https:\/\/rentboattenerife.com\/wp-content\/uploads\/2025\/05\/Fountain-Pajot-Bahia-46-Catamaran.jpg\" class=\"img-responsive wp-post-image\" alt=\"Catamaran Fountain Pajot Bahia 46\" srcset=\"https:\/\/rentboattenerife.com\/wp-content\/uploads\/2025\/05\/Fountain-Pajot-Bahia-46-Catamaran.jpg 403w, https:\/\/rentboattenerife.com\/wp-content\/uploads\/2025\/05\/Fountain-Pajot-Bahia-46-Catamaran-300x200.jpg 300w, https:\/\/rentboattenerife.com\/wp-content\/uploads\/2025\/05\/Fountain-Pajot-Bahia-46-Catamaran-18x12.jpg 18w, https:\/\/rentboattenerife.com\/wp-content\/uploads\/2025\/05\/Fountain-Pajot-Bahia-46-Catamaran-120x80.jpg 120w\" sizes=\"(max-width: 403px) 100vw, 403px\" \/>                \n\t\t\t\t\t\t\t\t\t\t\t<div class=\"item-media-price\">\n\t\t\t\t\t\t<span class=\"item-price\">\n\t\t\t\t\t\t\t<sub>depuis<\/sub> <sup>\u20ac<\/sup>175.00<sub>\/heure<\/sub>\n\t\t\t\t\t\t<\/span>\n\t\t\t\t\t\t<\/div>\n\t\t\t\t\t\t\t\t\t<\/a>\n\n                            <\/div>\n        <\/div>\n        <div class=\"media-body item-body clearfix\">\n\n            <div class=\"item-title-head\">\n                <div class=\"title-head-left\">\n                    <div class=\"title\"><a href=\"https:\/\/rentboattenerife.com\/fr\/tenerife\/fountain-pajot-bahia-46-catamaran\/\">\n                            Fountain Pajot Bahia 46 | Catamaran<\/a><\/div>\n\n                    <address class=\"item-address\">Marina San Miguel, T\u00e9n\u00e9rife<\/address>        \n                <\/div>\n            <\/div>\n\n                        <ul class=\"item-amenities\">\n\n                                <li>\n                    <i class=\"fa fa-sort\"><\/i> \n                    <span class=\"total-beds\">14<\/span> <span class=\"item-label\">m<\/span>\n                <\/li>\n                \n                                <li>\n                    <i class=\"fa fa-clock-o\"><\/i> \n                    <span class=\"total-baths\">3 heures<\/span> <span class=\"item-label\">min.<\/span>\n                <\/li>\n                \n                                <li>\n                    <i class=\"fa fa-user\"><\/i> \n                    <span class=\"total-guests\">12<\/span> <span class=\"item-label\">Invit\u00e9s<\/span>\n                <\/li>\n                \n                                <li class=\"item-type\">Location Catamaran<\/li>\n                            <\/ul>\n            \n            \n            <div class=\"item-footer\">\n\n                \n                            <\/div>\n        <\/div>\n    <\/div>\n<\/div><!-- .item-wrap --><\/div><div class=\"col-sm-4\">\n<div class=\"item-wrap item-grid-view infobox_trigger homey-matchHeight\" data-dir=\"listing-item\" data-id=\"6098\">\n    <div class=\"media property-item\">\n        <div class=\"media-left\">\n            <div class=\"item-media item-media-thumb\">\n\n                <span class=\"label-wrap top-left\">\r\n                    <span class=\"label label-featured\">Avec capitaine (inclus)<\/span>\r\n                <\/span>\n                <a class=\"hover-effect\" href=\"https:\/\/rentboattenerife.com\/fr\/tenerife\/makani-bali-catspace-catamaran\/\">\n                    <img loading=\"lazy\" decoding=\"async\" width=\"403\" height=\"269\" src=\"https:\/\/rentboattenerife.com\/wp-content\/uploads\/2025\/07\/rent-catamaran-BALI-Catspace-Tenerife.jpg\" class=\"img-responsive wp-post-image\" alt=\"louer catamaran BALI Catspace Tenerife\" srcset=\"https:\/\/rentboattenerife.com\/wp-content\/uploads\/2025\/07\/rent-catamaran-BALI-Catspace-Tenerife.jpg 403w, https:\/\/rentboattenerife.com\/wp-content\/uploads\/2025\/07\/rent-catamaran-BALI-Catspace-Tenerife-300x200.jpg 300w, https:\/\/rentboattenerife.com\/wp-content\/uploads\/2025\/07\/rent-catamaran-BALI-Catspace-Tenerife-18x12.jpg 18w, https:\/\/rentboattenerife.com\/wp-content\/uploads\/2025\/07\/rent-catamaran-BALI-Catspace-Tenerife-120x80.jpg 120w\" sizes=\"(max-width: 403px) 100vw, 403px\" \/>                \n\t\t\t\t\t\t\t\t\t\t\t<div class=\"item-media-price\">\n\t\t\t\t\t\t<span class=\"item-price\">\n\t\t\t\t\t\t\t<sub>depuis<\/sub> <sup>\u20ac<\/sup>165.00<sub>\/heure<\/sub>\n\t\t\t\t\t\t<\/span>\n\t\t\t\t\t\t<\/div>\n\t\t\t\t\t\t\t\t\t<\/a>\n\n                            <\/div>\n        <\/div>\n        <div class=\"media-body item-body clearfix\">\n\n            <div class=\"item-title-head\">\n                <div class=\"title-head-left\">\n                    <div class=\"title\"><a href=\"https:\/\/rentboattenerife.com\/fr\/tenerife\/makani-bali-catspace-catamaran\/\">\n                            BALI Catspace | Catamaran<\/a><\/div>\n\n                    <address class=\"item-address\">Las Galletas, T\u00e9n\u00e9rife<\/address>        \n                <\/div>\n            <\/div>\n\n                        <ul class=\"item-amenities\">\n\n                                <li>\n                    <i class=\"fa fa-sort\"><\/i> \n                    <span class=\"total-beds\">12.3<\/span> <span class=\"item-label\">m<\/span>\n                <\/li>\n                \n                                <li>\n                    <i class=\"fa fa-clock-o\"><\/i> \n                    <span class=\"total-baths\">2 heures<\/span> <span class=\"item-label\">min.<\/span>\n                <\/li>\n                \n                                <li>\n                    <i class=\"fa fa-user\"><\/i> \n                    <span class=\"total-guests\">9<\/span> <span class=\"item-label\">Invit\u00e9s<\/span>\n                <\/li>\n                \n                                <li class=\"item-type\">Location de Catamaran, Location de Yacht de Luxe<\/li>\n                            <\/ul>\n            \n            \n            <div class=\"item-footer\">\n\n                \n                            <\/div>\n        <\/div>\n    <\/div>\n<\/div><!-- .item-wrap --><\/div><div class=\"col-sm-4\">\n<div class=\"item-wrap item-grid-view infobox_trigger homey-matchHeight\" data-dir=\"listing-item\" data-id=\"7263\">\n    <div class=\"media property-item\">\n        <div class=\"media-left\">\n            <div class=\"item-media item-media-thumb\">\n\n                <span class=\"label-wrap top-left\">\r\n                    <span class=\"label label-featured\">Avec capitaine (inclus)<\/span>\r\n                <\/span>\n                <a class=\"hover-effect\" href=\"https:\/\/rentboattenerife.com\/fr\/tenerife\/astondoa-40-open-yacht\/\">\n                    <img loading=\"lazy\" decoding=\"async\" width=\"403\" height=\"269\" src=\"https:\/\/rentboattenerife.com\/wp-content\/uploads\/2025\/06\/rent-yacht-Astondoa-40-Open-Tenerife.jpg\" class=\"img-responsive wp-post-image\" alt=\"louer yacht Astondoa 40 Open Tenerife\" srcset=\"https:\/\/rentboattenerife.com\/wp-content\/uploads\/2025\/06\/rent-yacht-Astondoa-40-Open-Tenerife.jpg 403w, https:\/\/rentboattenerife.com\/wp-content\/uploads\/2025\/06\/rent-yacht-Astondoa-40-Open-Tenerife-300x200.jpg 300w, https:\/\/rentboattenerife.com\/wp-content\/uploads\/2025\/06\/rent-yacht-Astondoa-40-Open-Tenerife-18x12.jpg 18w, https:\/\/rentboattenerife.com\/wp-content\/uploads\/2025\/06\/rent-yacht-Astondoa-40-Open-Tenerife-120x80.jpg 120w\" sizes=\"(max-width: 403px) 100vw, 403px\" \/>                \n\t\t\t\t\t\t\t\t\t\t\t<div class=\"item-media-price\">\n\t\t\t\t\t\t<span class=\"item-price\">\n\t\t\t\t\t\t\t<sub>depuis<\/sub> <sup>\u20ac<\/sup>250.00<sub>\/heure<\/sub>\n\t\t\t\t\t\t<\/span>\n\t\t\t\t\t\t<\/div>\n\t\t\t\t\t\t\t\t\t<\/a>\n\n                            <\/div>\n        <\/div>\n        <div class=\"media-body item-body clearfix\">\n\n            <div class=\"item-title-head\">\n                <div class=\"title-head-left\">\n                    <div class=\"title\"><a href=\"https:\/\/rentboattenerife.com\/fr\/tenerife\/astondoa-40-open-yacht\/\">\n                            Astondoa 40 Open | Yacht<\/a><\/div>\n\n                    <address class=\"item-address\">Las Galletas, T\u00e9n\u00e9rife<\/address>        \n                <\/div>\n            <\/div>\n\n                        <ul class=\"item-amenities\">\n\n                                <li>\n                    <i class=\"fa fa-sort\"><\/i> \n                    <span class=\"total-beds\">12.2<\/span> <span class=\"item-label\">m<\/span>\n                <\/li>\n                \n                                <li>\n                    <i class=\"fa fa-clock-o\"><\/i> \n                    <span class=\"total-baths\">3 heures<\/span> <span class=\"item-label\">min.<\/span>\n                <\/li>\n                \n                                <li>\n                    <i class=\"fa fa-user\"><\/i> \n                    <span class=\"total-guests\">8<\/span> <span class=\"item-label\">Invit\u00e9s<\/span>\n                <\/li>\n                \n                                <li class=\"item-type\">Location de yacht de luxe, Location de yacht<\/li>\n                            <\/ul>\n            \n            \n            <div class=\"item-footer\">\n\n                \n                            <\/div>\n        <\/div>\n    <\/div>\n<\/div><!-- .item-wrap --><\/div><div class=\"col-sm-4\">\n<div class=\"item-wrap item-grid-view infobox_trigger homey-matchHeight\" data-dir=\"listing-item\" data-id=\"6341\">\n    <div class=\"media property-item\">\n        <div class=\"media-left\">\n            <div class=\"item-media item-media-thumb\">\n\n                \n                <a class=\"hover-effect\" href=\"https:\/\/rentboattenerife.com\/fr\/tenerife\/zodiac-rib-boat-motorboat\/\">\n                    <img loading=\"lazy\" decoding=\"async\" width=\"360\" height=\"240\" src=\"https:\/\/rentboattenerife.com\/wp-content\/uploads\/2023\/11\/zodiac-rib-tenerife.jpg\" class=\"img-responsive wp-post-image\" alt=\"c\u00f4te du zodiaque Tenerife\" srcset=\"https:\/\/rentboattenerife.com\/wp-content\/uploads\/2023\/11\/zodiac-rib-tenerife.jpg 360w, https:\/\/rentboattenerife.com\/wp-content\/uploads\/2023\/11\/zodiac-rib-tenerife-300x200.jpg 300w, https:\/\/rentboattenerife.com\/wp-content\/uploads\/2023\/11\/zodiac-rib-tenerife-18x12.jpg 18w, https:\/\/rentboattenerife.com\/wp-content\/uploads\/2023\/11\/zodiac-rib-tenerife-120x80.jpg 120w\" sizes=\"(max-width: 360px) 100vw, 360px\" \/>                \n\t\t\t\t\t\t\t\t\t\t\t<div class=\"item-media-price\">\n\t\t\t\t\t\t<span class=\"item-price\">\n\t\t\t\t\t\t\t<sub>depuis<\/sub> <sup>\u20ac<\/sup>50.00<sub>\/heure<\/sub>\n\t\t\t\t\t\t<\/span>\n\t\t\t\t\t\t<\/div>\n\t\t\t\t\t\t\t\t\t<\/a>\n\n                            <\/div>\n        <\/div>\n        <div class=\"media-body item-body clearfix\">\n\n            <div class=\"item-title-head\">\n                <div class=\"title-head-left\">\n                    <div class=\"title\"><a href=\"https:\/\/rentboattenerife.com\/fr\/tenerife\/zodiac-rib-boat-motorboat\/\">\n                            Zodiac RIB | Sans permis | Bateau \u00e0 moteur<\/a><\/div>\n\n                    <address class=\"item-address\">Costa Adeje, Puerto Col\u00f3n, T\u00e9n\u00e9rife<\/address>        \n                <\/div>\n            <\/div>\n\n                        <ul class=\"item-amenities\">\n\n                                <li>\n                    <i class=\"fa fa-sort\"><\/i> \n                    <span class=\"total-beds\">4.4<\/span> <span class=\"item-label\">m<\/span>\n                <\/li>\n                \n                                <li>\n                    <i class=\"fa fa-clock-o\"><\/i> \n                    <span class=\"total-baths\">2 heures<\/span> <span class=\"item-label\">min.<\/span>\n                <\/li>\n                \n                                <li>\n                    <i class=\"fa fa-user\"><\/i> \n                    <span class=\"total-guests\">4<\/span> <span class=\"item-label\">Invit\u00e9s<\/span>\n                <\/li>\n                \n                                <li class=\"item-type\">Location de bateaux \u00e0 moteur, Location de bateaux sans chauffeur<\/li>\n                            <\/ul>\n            \n            \n            <div class=\"item-footer\">\n\n                \n                            <\/div>\n        <\/div>\n    <\/div>\n<\/div><!-- .item-wrap --><\/div><div class=\"col-sm-4\">\n<div class=\"item-wrap item-grid-view infobox_trigger homey-matchHeight\" data-dir=\"listing-item\" data-id=\"8174\">\n    <div class=\"media property-item\">\n        <div class=\"media-left\">\n            <div class=\"item-media item-media-thumb\">\n\n                \n                <a class=\"hover-effect\" href=\"https:\/\/rentboattenerife.com\/fr\/tenerife\/italmar-open-17-without-license-motorboat\/\">\n                    <img loading=\"lazy\" decoding=\"async\" width=\"450\" height=\"300\" src=\"https:\/\/rentboattenerife.com\/wp-content\/uploads\/2024\/08\/Italmar-Open-17-Tenerife-1-450x300.jpg\" class=\"img-responsive wp-post-image\" alt=\"Italmar Open 17 Tenerife 1\" srcset=\"https:\/\/rentboattenerife.com\/wp-content\/uploads\/2024\/08\/Italmar-Open-17-Tenerife-1-450x300.jpg 450w, https:\/\/rentboattenerife.com\/wp-content\/uploads\/2024\/08\/Italmar-Open-17-Tenerife-1-16x12.jpg 16w, https:\/\/rentboattenerife.com\/wp-content\/uploads\/2024\/08\/Italmar-Open-17-Tenerife-1-1140x760.jpg 1140w, https:\/\/rentboattenerife.com\/wp-content\/uploads\/2024\/08\/Italmar-Open-17-Tenerife-1-120x80.jpg 120w\" sizes=\"(max-width: 450px) 100vw, 450px\" \/>                \n\t\t\t\t\t\t\t\t\t\t\t<div class=\"item-media-price\">\n\t\t\t\t\t\t<span class=\"item-price\">\n\t\t\t\t\t\t\t<sub>depuis<\/sub> <sup>\u20ac<\/sup>82.00<sub>\/heure<\/sub>\n\t\t\t\t\t\t<\/span>\n\t\t\t\t\t\t<\/div>\n\t\t\t\t\t\t\t\t\t<\/a>\n\n                            <\/div>\n        <\/div>\n        <div class=\"media-body item-body clearfix\">\n\n            <div class=\"item-title-head\">\n                <div class=\"title-head-left\">\n                    <div class=\"title\"><a href=\"https:\/\/rentboattenerife.com\/fr\/tenerife\/italmar-open-17-without-license-motorboat\/\">\n                            Italmar Open 17 | Sans permis | Bateau \u00e0 moteur<\/a><\/div>\n\n                    <address class=\"item-address\">Costa Adeje, Puerto Col\u00f3n, T\u00e9n\u00e9rife<\/address>        \n                <\/div>\n            <\/div>\n\n                        <ul class=\"item-amenities\">\n\n                                <li>\n                    <i class=\"fa fa-sort\"><\/i> \n                    <span class=\"total-beds\">5.20<\/span> <span class=\"item-label\">m<\/span>\n                <\/li>\n                \n                                <li>\n                    <i class=\"fa fa-clock-o\"><\/i> \n                    <span class=\"total-baths\">2 heures<\/span> <span class=\"item-label\">min.<\/span>\n                <\/li>\n                \n                                <li>\n                    <i class=\"fa fa-user\"><\/i> \n                    <span class=\"total-guests\">6<\/span> <span class=\"item-label\">Invit\u00e9s<\/span>\n                <\/li>\n                \n                                <li class=\"item-type\">Location de bateaux \u00e0 moteur, Location de bateaux sans chauffeur<\/li>\n                            <\/ul>\n            \n            \n            <div class=\"item-footer\">\n\n                \n                            <\/div>\n        <\/div>\n    <\/div>\n<\/div><!-- .item-wrap --><\/div><div class=\"col-sm-4\">\n<div class=\"item-wrap item-grid-view infobox_trigger homey-matchHeight\" data-dir=\"listing-item\" data-id=\"5804\">\n    <div class=\"media property-item\">\n        <div class=\"media-left\">\n            <div class=\"item-media item-media-thumb\">\n\n                <span class=\"label-wrap top-left\">\r\n                    <span class=\"label label-featured\">Avec capitaine (inclus)<\/span>\r\n                <\/span>\n                <a class=\"hover-effect\" href=\"https:\/\/rentboattenerife.com\/fr\/tenerife\/ooh-lala-astondoa-46-glx-motor-yacht\/\">\n                    <img loading=\"lazy\" decoding=\"async\" width=\"450\" height=\"300\" src=\"https:\/\/rentboattenerife.com\/wp-content\/uploads\/2023\/06\/yacht-ooh-lala-tenerife-450x300.jpg\" class=\"img-responsive wp-post-image\" alt=\"yacht ooh lala tenerife\" srcset=\"https:\/\/rentboattenerife.com\/wp-content\/uploads\/2023\/06\/yacht-ooh-lala-tenerife-450x300.jpg 450w, https:\/\/rentboattenerife.com\/wp-content\/uploads\/2023\/06\/yacht-ooh-lala-tenerife-18x12.jpg 18w, https:\/\/rentboattenerife.com\/wp-content\/uploads\/2023\/06\/yacht-ooh-lala-tenerife-120x80.jpg 120w\" sizes=\"(max-width: 450px) 100vw, 450px\" \/>                \n\t\t\t\t\t\t\t\t\t\t\t<div class=\"item-media-price\">\n\t\t\t\t\t\t<span class=\"item-price\">\n\t\t\t\t\t\t\t<sub>depuis<\/sub> <sup>\u20ac<\/sup>232.00<sub>\/heure<\/sub>\n\t\t\t\t\t\t<\/span>\n\t\t\t\t\t\t<\/div>\n\t\t\t\t\t\t\t\t\t<\/a>\n\n                            <\/div>\n        <\/div>\n        <div class=\"media-body item-body clearfix\">\n\n            <div class=\"item-title-head\">\n                <div class=\"title-head-left\">\n                    <div class=\"title\"><a href=\"https:\/\/rentboattenerife.com\/fr\/tenerife\/ooh-lala-astondoa-46-glx-motor-yacht\/\">\n                            Astondoa 46 GLX | Yacht \u00e0 moteur<\/a><\/div>\n\n                    <address class=\"item-address\">Costa Adeje, Puerto Col\u00f3n, T\u00e9n\u00e9rife<\/address>        \n                <\/div>\n            <\/div>\n\n                        <ul class=\"item-amenities\">\n\n                                <li>\n                    <i class=\"fa fa-sort\"><\/i> \n                    <span class=\"total-beds\">13,9<\/span> <span class=\"item-label\">m<\/span>\n                <\/li>\n                \n                                <li>\n                    <i class=\"fa fa-clock-o\"><\/i> \n                    <span class=\"total-baths\">3 heures<\/span> <span class=\"item-label\">min.<\/span>\n                <\/li>\n                \n                                <li>\n                    <i class=\"fa fa-user\"><\/i> \n                    <span class=\"total-guests\">12<\/span> <span class=\"item-label\">Invit\u00e9s<\/span>\n                <\/li>\n                \n                                <li class=\"item-type\">Location de yacht de luxe, Location de yacht<\/li>\n                            <\/ul>\n            \n            \n            <div class=\"item-footer\">\n\n                \n                            <\/div>\n        <\/div>\n    <\/div>\n<\/div><!-- .item-wrap --><\/div><div class=\"col-sm-4\">\n<div class=\"item-wrap item-grid-view infobox_trigger homey-matchHeight\" data-dir=\"listing-item\" data-id=\"7321\">\n    <div class=\"media property-item\">\n        <div class=\"media-left\">\n            <div class=\"item-media item-media-thumb\">\n\n                \n                <a class=\"hover-effect\" href=\"https:\/\/rentboattenerife.com\/fr\/tenerife\/true-love-without-license-motorboat\/\">\n                    <img loading=\"lazy\" decoding=\"async\" width=\"360\" height=\"241\" src=\"https:\/\/rentboattenerife.com\/wp-content\/uploads\/2023\/11\/True-Love-new-rental-Tenerife.jpg\" class=\"img-responsive wp-post-image\" alt=\"True Love nouvelle location Tenerife\" srcset=\"https:\/\/rentboattenerife.com\/wp-content\/uploads\/2023\/11\/True-Love-new-rental-Tenerife.jpg 360w, https:\/\/rentboattenerife.com\/wp-content\/uploads\/2023\/11\/True-Love-new-rental-Tenerife-300x201.jpg 300w, https:\/\/rentboattenerife.com\/wp-content\/uploads\/2023\/11\/True-Love-new-rental-Tenerife-18x12.jpg 18w, https:\/\/rentboattenerife.com\/wp-content\/uploads\/2023\/11\/True-Love-new-rental-Tenerife-120x80.jpg 120w\" sizes=\"(max-width: 360px) 100vw, 360px\" \/>                \n\t\t\t\t\t\t\t\t\t\t\t<div class=\"item-media-price\">\n\t\t\t\t\t\t<span class=\"item-price\">\n\t\t\t\t\t\t\t<sub>depuis<\/sub> <sup>\u20ac<\/sup>77.00<sub>\/heure<\/sub>\n\t\t\t\t\t\t<\/span>\n\t\t\t\t\t\t<\/div>\n\t\t\t\t\t\t\t\t\t<\/a>\n\n                            <\/div>\n        <\/div>\n        <div class=\"media-body item-body clearfix\">\n\n            <div class=\"item-title-head\">\n                <div class=\"title-head-left\">\n                    <div class=\"title\"><a href=\"https:\/\/rentboattenerife.com\/fr\/tenerife\/true-love-without-license-motorboat\/\">\n                            Rio Sol 450 | Sans permis | Bateau \u00e0 moteur<\/a><\/div>\n\n                    <address class=\"item-address\">Costa Adeje, Puerto Col\u00f3n, T\u00e9n\u00e9rife<\/address>        \n                <\/div>\n            <\/div>\n\n                        <ul class=\"item-amenities\">\n\n                                <li>\n                    <i class=\"fa fa-sort\"><\/i> \n                    <span class=\"total-beds\">5<\/span> <span class=\"item-label\">m<\/span>\n                <\/li>\n                \n                                <li>\n                    <i class=\"fa fa-clock-o\"><\/i> \n                    <span class=\"total-baths\">2 heures<\/span> <span class=\"item-label\">min.<\/span>\n                <\/li>\n                \n                                <li>\n                    <i class=\"fa fa-user\"><\/i> \n                    <span class=\"total-guests\">5<\/span> <span class=\"item-label\">Invit\u00e9s<\/span>\n                <\/li>\n                \n                                <li class=\"item-type\">Location de bateaux \u00e0 moteur, Location de bateaux sans chauffeur<\/li>\n                            <\/ul>\n            \n            \n            <div class=\"item-footer\">\n\n                \n                            <\/div>\n        <\/div>\n    <\/div>\n<\/div><!-- .item-wrap --><\/div><div class=\"col-sm-4\">\n<div class=\"item-wrap item-grid-view infobox_trigger homey-matchHeight\" data-dir=\"listing-item\" data-id=\"330\">\n    <div class=\"media property-item\">\n        <div class=\"media-left\">\n            <div class=\"item-media item-media-thumb\">\n\n                <span class=\"label-wrap top-left\">\r\n                    <span class=\"label label-featured\">Avec capitaine (inclus)<\/span>\r\n                <\/span>\n                <a class=\"hover-effect\" href=\"https:\/\/rentboattenerife.com\/fr\/tenerife\/yacht-neptuno\/\">\n                    <img loading=\"lazy\" decoding=\"async\" width=\"360\" height=\"240\" src=\"https:\/\/rentboattenerife.com\/wp-content\/uploads\/2018\/10\/neptuno-tenerife.jpg\" class=\"img-responsive wp-post-image\" alt=\"Neptuno T\u00e9n\u00e9rife\" srcset=\"https:\/\/rentboattenerife.com\/wp-content\/uploads\/2018\/10\/neptuno-tenerife.jpg 360w, https:\/\/rentboattenerife.com\/wp-content\/uploads\/2018\/10\/neptuno-tenerife-300x200.jpg 300w, https:\/\/rentboattenerife.com\/wp-content\/uploads\/2018\/10\/neptuno-tenerife-18x12.jpg 18w, https:\/\/rentboattenerife.com\/wp-content\/uploads\/2018\/10\/neptuno-tenerife-120x80.jpg 120w\" sizes=\"(max-width: 360px) 100vw, 360px\" \/>                \n\t\t\t\t\t\t\t\t\t\t\t<div class=\"item-media-price\">\n\t\t\t\t\t\t<span class=\"item-price\">\n\t\t\t\t\t\t\t<sub>depuis<\/sub> <sup>\u20ac<\/sup>274.00<sub>\/heure<\/sub>\n\t\t\t\t\t\t<\/span>\n\t\t\t\t\t\t<\/div>\n\t\t\t\t\t\t\t\t\t<\/a>\n\n                            <\/div>\n        <\/div>\n        <div class=\"media-body item-body clearfix\">\n\n            <div class=\"item-title-head\">\n                <div class=\"title-head-left\">\n                    <div class=\"title\"><a href=\"https:\/\/rentboattenerife.com\/fr\/tenerife\/yacht-neptuno\/\">\n                            Neptuno | Yacht \u00e0 moteur<\/a><\/div>\n\n                    <address class=\"item-address\">Puerto Los Cristianos, T\u00e9n\u00e9rife<\/address>        \n                <\/div>\n            <\/div>\n\n                        <ul class=\"item-amenities\">\n\n                                <li>\n                    <i class=\"fa fa-sort\"><\/i> \n                    <span class=\"total-beds\">13<\/span> <span class=\"item-label\">m<\/span>\n                <\/li>\n                \n                                <li>\n                    <i class=\"fa fa-clock-o\"><\/i> \n                    <span class=\"total-baths\">3 heures<\/span> <span class=\"item-label\">min.<\/span>\n                <\/li>\n                \n                                <li>\n                    <i class=\"fa fa-user\"><\/i> \n                    <span class=\"total-guests\">22<\/span> <span class=\"item-label\">Invit\u00e9s<\/span>\n                <\/li>\n                \n                                <li class=\"item-type\">Location de bateaux \u00e0 moteur, Location de yachts<\/li>\n                            <\/ul>\n            \n            \n            <div class=\"item-footer\">\n\n                \n                            <\/div>\n        <\/div>\n    <\/div>\n<\/div><!-- .item-wrap --><\/div><div class=\"col-sm-4\">\n<div class=\"item-wrap item-grid-view infobox_trigger homey-matchHeight\" data-dir=\"listing-item\" data-id=\"7078\">\n    <div class=\"media property-item\">\n        <div class=\"media-left\">\n            <div class=\"item-media item-media-thumb\">\n\n                \n                <a class=\"hover-effect\" href=\"https:\/\/rentboattenerife.com\/fr\/tenerife\/circe-without-license-motorboat\/\">\n                    <img loading=\"lazy\" decoding=\"async\" width=\"450\" height=\"300\" src=\"https:\/\/rentboattenerife.com\/wp-content\/uploads\/2023\/09\/circe-tenerife-8-450x300.jpg\" class=\"img-responsive wp-post-image\" alt=\"Circ\u00e9-T\u00e9n\u00e9rife-8\" srcset=\"https:\/\/rentboattenerife.com\/wp-content\/uploads\/2023\/09\/circe-tenerife-8-450x300.jpg 450w, https:\/\/rentboattenerife.com\/wp-content\/uploads\/2023\/09\/circe-tenerife-8-16x12.jpg 16w, https:\/\/rentboattenerife.com\/wp-content\/uploads\/2023\/09\/circe-tenerife-8-120x80.jpg 120w\" sizes=\"(max-width: 450px) 100vw, 450px\" \/>                \n\t\t\t\t\t\t\t\t\t\t\t<div class=\"item-media-price\">\n\t\t\t\t\t\t<span class=\"item-price\">\n\t\t\t\t\t\t\t<sub>depuis<\/sub> <sup>\u20ac<\/sup>88.00<sub>\/heure<\/sub>\n\t\t\t\t\t\t<\/span>\n\t\t\t\t\t\t<\/div>\n\t\t\t\t\t\t\t\t\t<\/a>\n\n                            <\/div>\n        <\/div>\n        <div class=\"media-body item-body clearfix\">\n\n            <div class=\"item-title-head\">\n                <div class=\"title-head-left\">\n                    <div class=\"title\"><a href=\"https:\/\/rentboattenerife.com\/fr\/tenerife\/circe-without-license-motorboat\/\">\n                            Moonday | Sans Licence | Bateau \u00e0 moteur<\/a><\/div>\n\n                    <address class=\"item-address\">Costa Adeje, Puerto Col\u00f3n, T\u00e9n\u00e9rife<\/address>        \n                <\/div>\n            <\/div>\n\n                        <ul class=\"item-amenities\">\n\n                                <li>\n                    <i class=\"fa fa-sort\"><\/i> \n                    <span class=\"total-beds\">4.80<\/span> <span class=\"item-label\">m<\/span>\n                <\/li>\n                \n                                <li>\n                    <i class=\"fa fa-clock-o\"><\/i> \n                    <span class=\"total-baths\">2 heures<\/span> <span class=\"item-label\">min.<\/span>\n                <\/li>\n                \n                                <li>\n                    <i class=\"fa fa-user\"><\/i> \n                    <span class=\"total-guests\">6<\/span> <span class=\"item-label\">Invit\u00e9s<\/span>\n                <\/li>\n                \n                                <li class=\"item-type\">Location de bateaux \u00e0 moteur, Location de bateaux sans chauffeur<\/li>\n                            <\/ul>\n            \n            \n            <div class=\"item-footer\">\n\n                \n                            <\/div>\n        <\/div>\n    <\/div>\n<\/div><!-- .item-wrap --><\/div><div class=\"col-sm-4\">\n<div class=\"item-wrap item-grid-view infobox_trigger homey-matchHeight\" data-dir=\"listing-item\" data-id=\"8798\">\n    <div class=\"media property-item\">\n        <div class=\"media-left\">\n            <div class=\"item-media item-media-thumb\">\n\n                <span class=\"label-wrap top-left\">\r\n                    <span class=\"label label-featured\">Avec capitaine (inclus)<\/span>\r\n                <\/span>\n                <a class=\"hover-effect\" href=\"https:\/\/rentboattenerife.com\/fr\/tenerife\/ocean-voyager-78-catamaran\/\">\n                    <img loading=\"lazy\" decoding=\"async\" width=\"403\" height=\"269\" src=\"https:\/\/rentboattenerife.com\/wp-content\/uploads\/2024\/11\/Catamaran-Five-Star-rental-Tenerife.jpg\" class=\"img-responsive wp-post-image\" alt=\"Location de catamaran Five Star \u00e0 Tenerife\" srcset=\"https:\/\/rentboattenerife.com\/wp-content\/uploads\/2024\/11\/Catamaran-Five-Star-rental-Tenerife.jpg 403w, https:\/\/rentboattenerife.com\/wp-content\/uploads\/2024\/11\/Catamaran-Five-Star-rental-Tenerife-300x200.jpg 300w, https:\/\/rentboattenerife.com\/wp-content\/uploads\/2024\/11\/Catamaran-Five-Star-rental-Tenerife-18x12.jpg 18w, https:\/\/rentboattenerife.com\/wp-content\/uploads\/2024\/11\/Catamaran-Five-Star-rental-Tenerife-120x80.jpg 120w\" sizes=\"(max-width: 403px) 100vw, 403px\" \/>                \n\t\t\t\t\t\t\t\t\t\t\t<div class=\"item-media-price\">\n\t\t\t\t\t\t<span class=\"item-price\">\n\t\t\t\t\t\t\t<sub>depuis<\/sub> <sup>\u20ac<\/sup>900.00<sub>\/heure<\/sub>\n\t\t\t\t\t\t<\/span>\n\t\t\t\t\t\t<\/div>\n\t\t\t\t\t\t\t\t\t<\/a>\n\n                            <\/div>\n        <\/div>\n        <div class=\"media-body item-body clearfix\">\n\n            <div class=\"item-title-head\">\n                <div class=\"title-head-left\">\n                    <div class=\"title\"><a href=\"https:\/\/rentboattenerife.com\/fr\/tenerife\/ocean-voyager-78-catamaran\/\">\n                            Ocean Voyager 78 | Catamaran<\/a><\/div>\n\n                    <address class=\"item-address\">Las Galletas, T\u00e9n\u00e9rife<\/address>        \n                <\/div>\n            <\/div>\n\n                        <ul class=\"item-amenities\">\n\n                                <li>\n                    <i class=\"fa fa-sort\"><\/i> \n                    <span class=\"total-beds\">25<\/span> <span class=\"item-label\">m<\/span>\n                <\/li>\n                \n                                <li>\n                    <i class=\"fa fa-clock-o\"><\/i> \n                    <span class=\"total-baths\">3 heures<\/span> <span class=\"item-label\">min.<\/span>\n                <\/li>\n                \n                                <li>\n                    <i class=\"fa fa-user\"><\/i> \n                    <span class=\"total-guests\">99<\/span> <span class=\"item-label\">Invit\u00e9s<\/span>\n                <\/li>\n                \n                                <li class=\"item-type\">Location Catamaran<\/li>\n                            <\/ul>\n            \n            \n            <div class=\"item-footer\">\n\n                \n                            <\/div>\n        <\/div>\n    <\/div>\n<\/div><!-- .item-wrap --><\/div><div class=\"col-sm-4\">\n<div class=\"item-wrap item-grid-view infobox_trigger homey-matchHeight\" data-dir=\"listing-item\" data-id=\"6953\">\n    <div class=\"media property-item\">\n        <div class=\"media-left\">\n            <div class=\"item-media item-media-thumb\">\n\n                \n                <a class=\"hover-effect\" href=\"https:\/\/rentboattenerife.com\/fr\/tenerife\/el-fenix-bateau-a-moteur-sans-permis\/\">\n                    <img loading=\"lazy\" decoding=\"async\" width=\"450\" height=\"300\" src=\"https:\/\/rentboattenerife.com\/wp-content\/uploads\/2023\/08\/El-Fenix-Tenerife-2-450x300.jpg\" class=\"img-responsive wp-post-image\" alt=\"El-Fenix-Tenerife-2\" srcset=\"https:\/\/rentboattenerife.com\/wp-content\/uploads\/2023\/08\/El-Fenix-Tenerife-2-450x300.jpg 450w, https:\/\/rentboattenerife.com\/wp-content\/uploads\/2023\/08\/El-Fenix-Tenerife-2-1140x760.jpg 1140w, https:\/\/rentboattenerife.com\/wp-content\/uploads\/2023\/08\/El-Fenix-Tenerife-2-120x80.jpg 120w\" sizes=\"(max-width: 450px) 100vw, 450px\" \/>                \n\t\t\t\t\t\t\t\t\t\t\t<div class=\"item-media-price\">\n\t\t\t\t\t\t<span class=\"item-price\">\n\t\t\t\t\t\t\t<sub>depuis<\/sub> <sup>\u20ac<\/sup>90.00<sub>\/heure<\/sub>\n\t\t\t\t\t\t<\/span>\n\t\t\t\t\t\t<\/div>\n\t\t\t\t\t\t\t\t\t<\/a>\n\n                            <\/div>\n        <\/div>\n        <div class=\"media-body item-body clearfix\">\n\n            <div class=\"item-title-head\">\n                <div class=\"title-head-left\">\n                    <div class=\"title\"><a href=\"https:\/\/rentboattenerife.com\/fr\/tenerife\/el-fenix-bateau-a-moteur-sans-permis\/\">\n                            Rio 500 SOL | Sans permis | Bateau \u00e0 moteur<\/a><\/div>\n\n                    <address class=\"item-address\">Costa Adeje, Puerto Col\u00f3n, T\u00e9n\u00e9rife<\/address>        \n                <\/div>\n            <\/div>\n\n                        <ul class=\"item-amenities\">\n\n                                <li>\n                    <i class=\"fa fa-sort\"><\/i> \n                    <span class=\"total-beds\">5<\/span> <span class=\"item-label\">m<\/span>\n                <\/li>\n                \n                                <li>\n                    <i class=\"fa fa-clock-o\"><\/i> \n                    <span class=\"total-baths\">1 heure<\/span> <span class=\"item-label\">min.<\/span>\n                <\/li>\n                \n                                <li>\n                    <i class=\"fa fa-user\"><\/i> \n                    <span class=\"total-guests\">5<\/span> <span class=\"item-label\">Invit\u00e9s<\/span>\n                <\/li>\n                \n                                <li class=\"item-type\">Location de bateaux \u00e0 moteur, Location de bateaux sans chauffeur<\/li>\n                            <\/ul>\n            \n            \n            <div class=\"item-footer\">\n\n                \n                            <\/div>\n        <\/div>\n    <\/div>\n<\/div><!-- .item-wrap --><\/div><div class=\"col-sm-4\">\n<div class=\"item-wrap item-grid-view infobox_trigger homey-matchHeight\" data-dir=\"listing-item\" data-id=\"298\">\n    <div class=\"media property-item\">\n        <div class=\"media-left\">\n            <div class=\"item-media item-media-thumb\">\n\n                <span class=\"label-wrap top-left\">\r\n                    <span class=\"label label-featured\">Avec capitaine (inclus)<\/span>\r\n                <\/span>\n                <a class=\"hover-effect\" href=\"https:\/\/rentboattenerife.com\/fr\/tenerife\/catamaran-freebird-one\/\">\n                    <img loading=\"lazy\" decoding=\"async\" width=\"450\" height=\"300\" src=\"https:\/\/rentboattenerife.com\/wp-content\/uploads\/2018\/10\/3-3-450x300.jpg\" class=\"img-responsive wp-post-image\" alt=\"\" srcset=\"https:\/\/rentboattenerife.com\/wp-content\/uploads\/2018\/10\/3-3-450x300.jpg 450w, https:\/\/rentboattenerife.com\/wp-content\/uploads\/2018\/10\/3-3-1140x760.jpg 1140w, https:\/\/rentboattenerife.com\/wp-content\/uploads\/2018\/10\/3-3-120x80.jpg 120w\" sizes=\"(max-width: 450px) 100vw, 450px\" \/>                \n\t\t\t\t\t\t\t\t\t\t\t<div class=\"item-media-price\">\n\t\t\t\t\t\t<span class=\"item-price\">\n\t\t\t\t\t\t\t<sub>depuis<\/sub> <sup>\u20ac<\/sup>1,170.00<sub>\/heure<\/sub>\n\t\t\t\t\t\t<\/span>\n\t\t\t\t\t\t<\/div>\n\t\t\t\t\t\t\t\t\t<\/a>\n\n                            <\/div>\n        <\/div>\n        <div class=\"media-body item-body clearfix\">\n\n            <div class=\"item-title-head\">\n                <div class=\"title-head-left\">\n                    <div class=\"title\"><a href=\"https:\/\/rentboattenerife.com\/fr\/tenerife\/catamaran-freebird-one\/\">\n                            Freebird One | Catamaran<\/a><\/div>\n\n                    <address class=\"item-address\">Costa Adeje, Puerto Col\u00f3n, T\u00e9n\u00e9rife<\/address>        \n                <\/div>\n            <\/div>\n\n                        <ul class=\"item-amenities\">\n\n                                <li>\n                    <i class=\"fa fa-sort\"><\/i> \n                    <span class=\"total-beds\">28<\/span> <span class=\"item-label\">m<\/span>\n                <\/li>\n                \n                                <li>\n                    <i class=\"fa fa-clock-o\"><\/i> \n                    <span class=\"total-baths\">3 heures<\/span> <span class=\"item-label\">min.<\/span>\n                <\/li>\n                \n                                <li>\n                    <i class=\"fa fa-user\"><\/i> \n                    <span class=\"total-guests\">150<\/span> <span class=\"item-label\">Invit\u00e9s<\/span>\n                <\/li>\n                \n                                <li class=\"item-type\">Location de Catamaran, Location de Yacht de Luxe<\/li>\n                            <\/ul>\n            \n            \n            <div class=\"item-footer\">\n\n                \n                            <\/div>\n        <\/div>\n    <\/div>\n<\/div><!-- .item-wrap --><\/div><div class=\"col-sm-4\">\n<div class=\"item-wrap item-grid-view infobox_trigger homey-matchHeight\" data-dir=\"listing-item\" data-id=\"7985\">\n    <div class=\"media property-item\">\n        <div class=\"media-left\">\n            <div class=\"item-media item-media-thumb\">\n\n                \n                <a class=\"hover-effect\" href=\"https:\/\/rentboattenerife.com\/fr\/tenerife\/solliner-without-license-catamaran\/\">\n                    <img loading=\"lazy\" decoding=\"async\" width=\"403\" height=\"269\" src=\"https:\/\/rentboattenerife.com\/wp-content\/uploads\/2024\/06\/Solliner-Catamaran-rental-Tenerife.jpg\" class=\"img-responsive wp-post-image\" alt=\"Location catamaran Solliner T\u00e9n\u00e9rife\" srcset=\"https:\/\/rentboattenerife.com\/wp-content\/uploads\/2024\/06\/Solliner-Catamaran-rental-Tenerife.jpg 403w, https:\/\/rentboattenerife.com\/wp-content\/uploads\/2024\/06\/Solliner-Catamaran-rental-Tenerife-300x200.jpg 300w, https:\/\/rentboattenerife.com\/wp-content\/uploads\/2024\/06\/Solliner-Catamaran-rental-Tenerife-18x12.jpg 18w, https:\/\/rentboattenerife.com\/wp-content\/uploads\/2024\/06\/Solliner-Catamaran-rental-Tenerife-120x80.jpg 120w\" sizes=\"(max-width: 403px) 100vw, 403px\" \/>                \n\t\t\t\t\t\t\t\t\t\t\t<div class=\"item-media-price\">\n\t\t\t\t\t\t<span class=\"item-price\">\n\t\t\t\t\t\t\t<sub>depuis<\/sub> <sup>\u20ac<\/sup>100.00<sub>\/heure<\/sub>\n\t\t\t\t\t\t<\/span>\n\t\t\t\t\t\t<\/div>\n\t\t\t\t\t\t\t\t\t<\/a>\n\n                            <\/div>\n        <\/div>\n        <div class=\"media-body item-body clearfix\">\n\n            <div class=\"item-title-head\">\n                <div class=\"title-head-left\">\n                    <div class=\"title\"><a href=\"https:\/\/rentboattenerife.com\/fr\/tenerife\/solliner-without-license-catamaran\/\">\n                            Solliner | Sans Licence | Catamaran<\/a><\/div>\n\n                    <address class=\"item-address\">Costa Adeje, Puerto Col\u00f3n, T\u00e9n\u00e9rife<\/address>        \n                <\/div>\n            <\/div>\n\n                        <ul class=\"item-amenities\">\n\n                                <li>\n                    <i class=\"fa fa-sort\"><\/i> \n                    <span class=\"total-beds\">6.5<\/span> <span class=\"item-label\">m<\/span>\n                <\/li>\n                \n                                <li>\n                    <i class=\"fa fa-clock-o\"><\/i> \n                    <span class=\"total-baths\">2 heures<\/span> <span class=\"item-label\">min.<\/span>\n                <\/li>\n                \n                                <li>\n                    <i class=\"fa fa-user\"><\/i> \n                    <span class=\"total-guests\">6<\/span> <span class=\"item-label\">Invit\u00e9s<\/span>\n                <\/li>\n                \n                                <li class=\"item-type\">Location de catamarans, location de bateaux sans chauffeur<\/li>\n                            <\/ul>\n            \n            \n            <div class=\"item-footer\">\n\n                \n                            <\/div>\n        <\/div>\n    <\/div>\n<\/div><!-- .item-wrap --><\/div><div class=\"col-sm-4\">\n<div class=\"item-wrap item-grid-view infobox_trigger homey-matchHeight\" data-dir=\"listing-item\" data-id=\"6849\">\n    <div class=\"media property-item\">\n        <div class=\"media-left\">\n            <div class=\"item-media item-media-thumb\">\n\n                \n                <a class=\"hover-effect\" href=\"https:\/\/rentboattenerife.com\/fr\/tenerife\/la-nina-without-license-motorboat\/\">\n                    <img loading=\"lazy\" decoding=\"async\" width=\"360\" height=\"240\" src=\"https:\/\/rentboattenerife.com\/wp-content\/uploads\/2023\/08\/la-nina-tenerife-1.jpg\" class=\"img-responsive wp-post-image\" alt=\"La Nina T\u00e9n\u00e9rife\" srcset=\"https:\/\/rentboattenerife.com\/wp-content\/uploads\/2023\/08\/la-nina-tenerife-1.jpg 360w, https:\/\/rentboattenerife.com\/wp-content\/uploads\/2023\/08\/la-nina-tenerife-1-300x200.jpg 300w, https:\/\/rentboattenerife.com\/wp-content\/uploads\/2023\/08\/la-nina-tenerife-1-18x12.jpg 18w, https:\/\/rentboattenerife.com\/wp-content\/uploads\/2023\/08\/la-nina-tenerife-1-120x80.jpg 120w\" sizes=\"(max-width: 360px) 100vw, 360px\" \/>                \n\t\t\t\t\t\t\t\t\t\t\t<div class=\"item-media-price\">\n\t\t\t\t\t\t<span class=\"item-price\">\n\t\t\t\t\t\t\t<sub>depuis<\/sub> <sup>\u20ac<\/sup>96.00<sub>\/heure<\/sub>\n\t\t\t\t\t\t<\/span>\n\t\t\t\t\t\t<\/div>\n\t\t\t\t\t\t\t\t\t<\/a>\n\n                            <\/div>\n        <\/div>\n        <div class=\"media-body item-body clearfix\">\n\n            <div class=\"item-title-head\">\n                <div class=\"title-head-left\">\n                    <div class=\"title\"><a href=\"https:\/\/rentboattenerife.com\/fr\/tenerife\/la-nina-without-license-motorboat\/\">\n                            Nireus 490 | Sans permis | Bateau \u00e0 moteur<\/a><\/div>\n\n                    <address class=\"item-address\">Costa Adeje, Puerto Col\u00f3n, T\u00e9n\u00e9rife<\/address>        \n                <\/div>\n            <\/div>\n\n                        <ul class=\"item-amenities\">\n\n                                <li>\n                    <i class=\"fa fa-sort\"><\/i> \n                    <span class=\"total-beds\">4.90<\/span> <span class=\"item-label\">m<\/span>\n                <\/li>\n                \n                                <li>\n                    <i class=\"fa fa-clock-o\"><\/i> \n                    <span class=\"total-baths\">1 heure<\/span> <span class=\"item-label\">min.<\/span>\n                <\/li>\n                \n                                <li>\n                    <i class=\"fa fa-user\"><\/i> \n                    <span class=\"total-guests\">5<\/span> <span class=\"item-label\">Invit\u00e9s<\/span>\n                <\/li>\n                \n                                <li class=\"item-type\">Location de bateaux \u00e0 moteur, Location de bateaux sans chauffeur<\/li>\n                            <\/ul>\n            \n            \n            <div class=\"item-footer\">\n\n                \n                            <\/div>\n        <\/div>\n    <\/div>\n<\/div><!-- .item-wrap --><\/div><div class=\"col-sm-4\">\n<div class=\"item-wrap item-grid-view infobox_trigger homey-matchHeight\" data-dir=\"listing-item\" data-id=\"7763\">\n    <div class=\"media property-item\">\n        <div class=\"media-left\">\n            <div class=\"item-media item-media-thumb\">\n\n                \n                <a class=\"hover-effect\" href=\"https:\/\/rentboattenerife.com\/fr\/tenerife\/garowelding-without-license-motorboat\/\">\n                    <img loading=\"lazy\" decoding=\"async\" width=\"360\" height=\"241\" src=\"https:\/\/rentboattenerife.com\/wp-content\/uploads\/2024\/05\/rent-motorboat-Garowelding-Without-License.jpg\" class=\"img-responsive wp-post-image\" alt=\"louer bateau \u00e0 moteur Garowelding sans permis\" srcset=\"https:\/\/rentboattenerife.com\/wp-content\/uploads\/2024\/05\/rent-motorboat-Garowelding-Without-License.jpg 360w, https:\/\/rentboattenerife.com\/wp-content\/uploads\/2024\/05\/rent-motorboat-Garowelding-Without-License-300x201.jpg 300w, https:\/\/rentboattenerife.com\/wp-content\/uploads\/2024\/05\/rent-motorboat-Garowelding-Without-License-18x12.jpg 18w, https:\/\/rentboattenerife.com\/wp-content\/uploads\/2024\/05\/rent-motorboat-Garowelding-Without-License-120x80.jpg 120w\" sizes=\"(max-width: 360px) 100vw, 360px\" \/>                \n\t\t\t\t\t\t\t\t\t\t\t<div class=\"item-media-price\">\n\t\t\t\t\t\t<span class=\"item-price\">\n\t\t\t\t\t\t\t<sub>depuis<\/sub> <sup>\u20ac<\/sup>67.00<sub>\/heure<\/sub>\n\t\t\t\t\t\t<\/span>\n\t\t\t\t\t\t<\/div>\n\t\t\t\t\t\t\t\t\t<\/a>\n\n                            <\/div>\n        <\/div>\n        <div class=\"media-body item-body clearfix\">\n\n            <div class=\"item-title-head\">\n                <div class=\"title-head-left\">\n                    <div class=\"title\"><a href=\"https:\/\/rentboattenerife.com\/fr\/tenerife\/garowelding-without-license-motorboat\/\">\n                            Garowelding | Sans Licence | Bateau \u00e0 moteur<\/a><\/div>\n\n                    <address class=\"item-address\">Los Gigantes, T\u00e9n\u00e9rife<\/address>        \n                <\/div>\n            <\/div>\n\n                        <ul class=\"item-amenities\">\n\n                                <li>\n                    <i class=\"fa fa-sort\"><\/i> \n                    <span class=\"total-beds\">4.9<\/span> <span class=\"item-label\">m<\/span>\n                <\/li>\n                \n                                <li>\n                    <i class=\"fa fa-clock-o\"><\/i> \n                    <span class=\"total-baths\">2 heures<\/span> <span class=\"item-label\">min.<\/span>\n                <\/li>\n                \n                                <li>\n                    <i class=\"fa fa-user\"><\/i> \n                    <span class=\"total-guests\">5<\/span> <span class=\"item-label\">Invit\u00e9s<\/span>\n                <\/li>\n                \n                                <li class=\"item-type\">Location de bateaux \u00e0 moteur, Location de bateaux sans chauffeur<\/li>\n                            <\/ul>\n            \n            \n            <div class=\"item-footer\">\n\n                \n                            <\/div>\n        <\/div>\n    <\/div>\n<\/div><!-- .item-wrap --><\/div><div class=\"col-sm-4\">\n<div class=\"item-wrap item-grid-view infobox_trigger homey-matchHeight\" data-dir=\"listing-item\" data-id=\"5203\">\n    <div class=\"media property-item\">\n        <div class=\"media-left\">\n            <div class=\"item-media item-media-thumb\">\n\n                <span class=\"label-wrap top-left\">\r\n                    <span class=\"label label-featured\">Avec capitaine (inclus)<\/span>\r\n                <\/span>\n                <a class=\"hover-effect\" href=\"https:\/\/rentboattenerife.com\/fr\/tenerife\/yacht-up-and-go\/\">\n                    <img loading=\"lazy\" decoding=\"async\" width=\"450\" height=\"300\" src=\"https:\/\/rentboattenerife.com\/wp-content\/uploads\/2022\/11\/1-1-450x300.jpg\" class=\"img-responsive wp-post-image\" alt=\"\" srcset=\"https:\/\/rentboattenerife.com\/wp-content\/uploads\/2022\/11\/1-1-450x300.jpg 450w, https:\/\/rentboattenerife.com\/wp-content\/uploads\/2022\/11\/1-1-120x80.jpg 120w\" sizes=\"(max-width: 450px) 100vw, 450px\" \/>                \n\t\t\t\t\t\t\t\t\t\t\t<div class=\"item-media-price\">\n\t\t\t\t\t\t<span class=\"item-price\">\n\t\t\t\t\t\t\t<sub>depuis<\/sub> <sup>\u20ac<\/sup>140.00<sub>\/heure<\/sub>\n\t\t\t\t\t\t<\/span>\n\t\t\t\t\t\t<\/div>\n\t\t\t\t\t\t\t\t\t<\/a>\n\n                            <\/div>\n        <\/div>\n        <div class=\"media-body item-body clearfix\">\n\n            <div class=\"item-title-head\">\n                <div class=\"title-head-left\">\n                    <div class=\"title\"><a href=\"https:\/\/rentboattenerife.com\/fr\/tenerife\/yacht-up-and-go\/\">\n                            PICOLA IUBI | Sea Ray | Bateau \u00e0 moteur<\/a><\/div>\n\n                    <address class=\"item-address\">Costa Adeje, Puerto Col\u00f3n, T\u00e9n\u00e9rife<\/address>        \n                <\/div>\n            <\/div>\n\n                        <ul class=\"item-amenities\">\n\n                                <li>\n                    <i class=\"fa fa-sort\"><\/i> \n                    <span class=\"total-beds\">10<\/span> <span class=\"item-label\">m<\/span>\n                <\/li>\n                \n                                <li>\n                    <i class=\"fa fa-clock-o\"><\/i> \n                    <span class=\"total-baths\">3 heures<\/span> <span class=\"item-label\">min.<\/span>\n                <\/li>\n                \n                                <li>\n                    <i class=\"fa fa-user\"><\/i> \n                    <span class=\"total-guests\">10<\/span> <span class=\"item-label\">Invit\u00e9s<\/span>\n                <\/li>\n                \n                                <li class=\"item-type\">Location de yachts<\/li>\n                            <\/ul>\n            \n            \n            <div class=\"item-footer\">\n\n                \n                            <\/div>\n        <\/div>\n    <\/div>\n<\/div><!-- .item-wrap --><\/div><div class=\"col-sm-4\">\n<div class=\"item-wrap item-grid-view infobox_trigger homey-matchHeight\" data-dir=\"listing-item\" data-id=\"7088\">\n    <div class=\"media property-item\">\n        <div class=\"media-left\">\n            <div class=\"item-media item-media-thumb\">\n\n                \n                <a class=\"hover-effect\" href=\"https:\/\/rentboattenerife.com\/fr\/tenerife\/calipso-without-license-motorboat\/\">\n                    <img loading=\"lazy\" decoding=\"async\" width=\"450\" height=\"300\" src=\"https:\/\/rentboattenerife.com\/wp-content\/uploads\/2023\/09\/calipso-tenerife-6-450x300.jpg\" class=\"img-responsive wp-post-image\" alt=\"calipso-t\u00e9n\u00e9rife-6\" srcset=\"https:\/\/rentboattenerife.com\/wp-content\/uploads\/2023\/09\/calipso-tenerife-6-450x300.jpg 450w, https:\/\/rentboattenerife.com\/wp-content\/uploads\/2023\/09\/calipso-tenerife-6-16x12.jpg 16w, https:\/\/rentboattenerife.com\/wp-content\/uploads\/2023\/09\/calipso-tenerife-6-120x80.jpg 120w\" sizes=\"(max-width: 450px) 100vw, 450px\" \/>                \n\t\t\t\t\t\t\t\t\t\t\t<div class=\"item-media-price\">\n\t\t\t\t\t\t<span class=\"item-price\">\n\t\t\t\t\t\t\t<sub>depuis<\/sub> <sup>\u20ac<\/sup>88.00<sub>\/heure<\/sub>\n\t\t\t\t\t\t<\/span>\n\t\t\t\t\t\t<\/div>\n\t\t\t\t\t\t\t\t\t<\/a>\n\n                            <\/div>\n        <\/div>\n        <div class=\"media-body item-body clearfix\">\n\n            <div class=\"item-title-head\">\n                <div class=\"title-head-left\">\n                    <div class=\"title\"><a href=\"https:\/\/rentboattenerife.com\/fr\/tenerife\/calipso-without-license-motorboat\/\">\n                            Dipol\u00a0450 | Sans Licence | Bateau \u00e0 moteur<\/a><\/div>\n\n                    <address class=\"item-address\">Costa Adeje, Puerto Col\u00f3n, T\u00e9n\u00e9rife<\/address>        \n                <\/div>\n            <\/div>\n\n                        <ul class=\"item-amenities\">\n\n                                <li>\n                    <i class=\"fa fa-sort\"><\/i> \n                    <span class=\"total-beds\">4.50<\/span> <span class=\"item-label\">m<\/span>\n                <\/li>\n                \n                                <li>\n                    <i class=\"fa fa-clock-o\"><\/i> \n                    <span class=\"total-baths\">2 heures<\/span> <span class=\"item-label\">min.<\/span>\n                <\/li>\n                \n                                <li>\n                    <i class=\"fa fa-user\"><\/i> \n                    <span class=\"total-guests\">5<\/span> <span class=\"item-label\">Invit\u00e9s<\/span>\n                <\/li>\n                \n                                <li class=\"item-type\">Location de bateaux \u00e0 moteur, Location de bateaux sans chauffeur<\/li>\n                            <\/ul>\n            \n            \n            <div class=\"item-footer\">\n\n                \n                            <\/div>\n        <\/div>\n    <\/div>\n<\/div><!-- .item-wrap --><\/div><div class=\"col-sm-4\">\n<div class=\"item-wrap item-grid-view infobox_trigger homey-matchHeight\" data-dir=\"listing-item\" data-id=\"6864\">\n    <div class=\"media property-item\">\n        <div class=\"media-left\">\n            <div class=\"item-media item-media-thumb\">\n\n                \n                <a class=\"hover-effect\" href=\"https:\/\/rentboattenerife.com\/fr\/tenerife\/saxdor-200-sport-motorboat\/\">\n                    <img loading=\"lazy\" decoding=\"async\" width=\"360\" height=\"240\" src=\"https:\/\/rentboattenerife.com\/wp-content\/uploads\/2023\/08\/saxdor-tenerife.jpg\" class=\"img-responsive wp-post-image\" alt=\"Saxdor T\u00e9n\u00e9rife\" srcset=\"https:\/\/rentboattenerife.com\/wp-content\/uploads\/2023\/08\/saxdor-tenerife.jpg 360w, https:\/\/rentboattenerife.com\/wp-content\/uploads\/2023\/08\/saxdor-tenerife-300x200.jpg 300w, https:\/\/rentboattenerife.com\/wp-content\/uploads\/2023\/08\/saxdor-tenerife-18x12.jpg 18w, https:\/\/rentboattenerife.com\/wp-content\/uploads\/2023\/08\/saxdor-tenerife-120x80.jpg 120w\" sizes=\"(max-width: 360px) 100vw, 360px\" \/>                \n\t\t\t\t\t\t\t\t\t\t\t<div class=\"item-media-price\">\n\t\t\t\t\t\t<span class=\"item-price\">\n\t\t\t\t\t\t\t<sub>depuis<\/sub> <sup>\u20ac<\/sup>90.00<sub>\/heure<\/sub>\n\t\t\t\t\t\t<\/span>\n\t\t\t\t\t\t<\/div>\n\t\t\t\t\t\t\t\t\t<\/a>\n\n                            <\/div>\n        <\/div>\n        <div class=\"media-body item-body clearfix\">\n\n            <div class=\"item-title-head\">\n                <div class=\"title-head-left\">\n                    <div class=\"title\"><a href=\"https:\/\/rentboattenerife.com\/fr\/tenerife\/saxdor-200-sport-motorboat\/\">\n                            Saxdor 200 Sport | Avec permis | Bateau \u00e0 moteur<\/a><\/div>\n\n                    <address class=\"item-address\">Los Gigantes, T\u00e9n\u00e9rife<\/address>        \n                <\/div>\n            <\/div>\n\n                        <ul class=\"item-amenities\">\n\n                                <li>\n                    <i class=\"fa fa-sort\"><\/i> \n                    <span class=\"total-beds\">6<\/span> <span class=\"item-label\">m<\/span>\n                <\/li>\n                \n                                <li>\n                    <i class=\"fa fa-clock-o\"><\/i> \n                    <span class=\"total-baths\">3 heures<\/span> <span class=\"item-label\">min.<\/span>\n                <\/li>\n                \n                                <li>\n                    <i class=\"fa fa-user\"><\/i> \n                    <span class=\"total-guests\">6<\/span> <span class=\"item-label\">Invit\u00e9s<\/span>\n                <\/li>\n                \n                                <li class=\"item-type\">Location de bateaux \u00e0 moteur, Location de bateaux sans chauffeur<\/li>\n                            <\/ul>\n            \n            \n            <div class=\"item-footer\">\n\n                \n                            <\/div>\n        <\/div>\n    <\/div>\n<\/div><!-- .item-wrap --><\/div><div class=\"col-sm-4\">\n<div class=\"item-wrap item-grid-view infobox_trigger homey-matchHeight\" data-dir=\"listing-item\" data-id=\"7508\">\n    <div class=\"media property-item\">\n        <div class=\"media-left\">\n            <div class=\"item-media item-media-thumb\">\n\n                <span class=\"label-wrap top-left\">\r\n                    <span class=\"label label-featured\">Avec capitaine (inclus)<\/span>\r\n                <\/span>\n                <a class=\"hover-effect\" href=\"https:\/\/rentboattenerife.com\/fr\/tenerife\/louisiane-37-catamaran\/\">\n                    <img loading=\"lazy\" decoding=\"async\" width=\"360\" height=\"240\" src=\"https:\/\/rentboattenerife.com\/wp-content\/uploads\/2024\/04\/Louisiane-37-rental-tenerife.jpg\" class=\"img-responsive wp-post-image\" alt=\"Location Louisiane 37 Tenerife\" srcset=\"https:\/\/rentboattenerife.com\/wp-content\/uploads\/2024\/04\/Louisiane-37-rental-tenerife.jpg 360w, https:\/\/rentboattenerife.com\/wp-content\/uploads\/2024\/04\/Louisiane-37-rental-tenerife-300x200.jpg 300w, https:\/\/rentboattenerife.com\/wp-content\/uploads\/2024\/04\/Louisiane-37-rental-tenerife-18x12.jpg 18w, https:\/\/rentboattenerife.com\/wp-content\/uploads\/2024\/04\/Louisiane-37-rental-tenerife-120x80.jpg 120w\" sizes=\"(max-width: 360px) 100vw, 360px\" \/>                \n\t\t\t\t\t\t\t\t\t\t\t<div class=\"item-media-price\">\n\t\t\t\t\t\t<span class=\"item-price\">\n\t\t\t\t\t\t\t<sub>depuis<\/sub> <sup>\u20ac<\/sup>120.00<sub>\/heure<\/sub>\n\t\t\t\t\t\t<\/span>\n\t\t\t\t\t\t<\/div>\n\t\t\t\t\t\t\t\t\t<\/a>\n\n                            <\/div>\n        <\/div>\n        <div class=\"media-body item-body clearfix\">\n\n            <div class=\"item-title-head\">\n                <div class=\"title-head-left\">\n                    <div class=\"title\"><a href=\"https:\/\/rentboattenerife.com\/fr\/tenerife\/louisiane-37-catamaran\/\">\n                            Louisiane 37 | Catamaran<\/a><\/div>\n\n                    <address class=\"item-address\">Plage San Juan, T\u00e9n\u00e9rife<\/address>        \n                <\/div>\n            <\/div>\n\n                        <ul class=\"item-amenities\">\n\n                                <li>\n                    <i class=\"fa fa-sort\"><\/i> \n                    <span class=\"total-beds\">11<\/span> <span class=\"item-label\">m<\/span>\n                <\/li>\n                \n                                <li>\n                    <i class=\"fa fa-clock-o\"><\/i> \n                    <span class=\"total-baths\">3 heures<\/span> <span class=\"item-label\">min.<\/span>\n                <\/li>\n                \n                                <li>\n                    <i class=\"fa fa-user\"><\/i> \n                    <span class=\"total-guests\">11<\/span> <span class=\"item-label\">Invit\u00e9s<\/span>\n                <\/li>\n                \n                                <li class=\"item-type\">Location Catamaran<\/li>\n                            <\/ul>\n            \n            \n            <div class=\"item-footer\">\n\n                \n                            <\/div>\n        <\/div>\n    <\/div>\n<\/div><!-- .item-wrap --><\/div><div class=\"col-sm-4\">\n<div class=\"item-wrap item-grid-view infobox_trigger homey-matchHeight\" data-dir=\"listing-item\" data-id=\"7155\">\n    <div class=\"media property-item\">\n        <div class=\"media-left\">\n            <div class=\"item-media item-media-thumb\">\n\n                \n                <a class=\"hover-effect\" href=\"https:\/\/rentboattenerife.com\/fr\/tenerife\/olympic-450-cc-without-license-motorboat\/\">\n                    <img loading=\"lazy\" decoding=\"async\" width=\"450\" height=\"300\" src=\"https:\/\/rentboattenerife.com\/wp-content\/uploads\/2023\/09\/f6d34a97-6f36-499b-bea0-ecc0376ff165-450x300.jpg\" class=\"img-responsive wp-post-image\" alt=\"Olympique 450 CC\" srcset=\"https:\/\/rentboattenerife.com\/wp-content\/uploads\/2023\/09\/f6d34a97-6f36-499b-bea0-ecc0376ff165-450x300.jpg 450w, https:\/\/rentboattenerife.com\/wp-content\/uploads\/2023\/09\/f6d34a97-6f36-499b-bea0-ecc0376ff165-300x200.jpg 300w, https:\/\/rentboattenerife.com\/wp-content\/uploads\/2023\/09\/f6d34a97-6f36-499b-bea0-ecc0376ff165-1024x683.jpg 1024w, https:\/\/rentboattenerife.com\/wp-content\/uploads\/2023\/09\/f6d34a97-6f36-499b-bea0-ecc0376ff165-768x512.jpg 768w, https:\/\/rentboattenerife.com\/wp-content\/uploads\/2023\/09\/f6d34a97-6f36-499b-bea0-ecc0376ff165-1536x1024.jpg 1536w, https:\/\/rentboattenerife.com\/wp-content\/uploads\/2023\/09\/f6d34a97-6f36-499b-bea0-ecc0376ff165-2048x1365.jpg 2048w, https:\/\/rentboattenerife.com\/wp-content\/uploads\/2023\/09\/f6d34a97-6f36-499b-bea0-ecc0376ff165-18x12.jpg 18w, https:\/\/rentboattenerife.com\/wp-content\/uploads\/2023\/09\/f6d34a97-6f36-499b-bea0-ecc0376ff165-1140x760.jpg 1140w, https:\/\/rentboattenerife.com\/wp-content\/uploads\/2023\/09\/f6d34a97-6f36-499b-bea0-ecc0376ff165-120x80.jpg 120w, https:\/\/rentboattenerife.com\/wp-content\/uploads\/2023\/09\/f6d34a97-6f36-499b-bea0-ecc0376ff165-750x500.jpg 750w\" sizes=\"(max-width: 450px) 100vw, 450px\" \/>                \n\t\t\t\t\t\t\t\t\t\t\t<div class=\"item-media-price\">\n\t\t\t\t\t\t<span class=\"item-price\">\n\t\t\t\t\t\t\t<sub>depuis<\/sub> <sup>\u20ac<\/sup>83.00<sub>\/heure<\/sub>\n\t\t\t\t\t\t<\/span>\n\t\t\t\t\t\t<\/div>\n\t\t\t\t\t\t\t\t\t<\/a>\n\n                            <\/div>\n        <\/div>\n        <div class=\"media-body item-body clearfix\">\n\n            <div class=\"item-title-head\">\n                <div class=\"title-head-left\">\n                    <div class=\"title\"><a href=\"https:\/\/rentboattenerife.com\/fr\/tenerife\/olympic-450-cc-without-license-motorboat\/\">\n                            Olympic 450 CC | Sans Licence | Bateau \u00e0 moteur<\/a><\/div>\n\n                    <address class=\"item-address\">Costa Adeje, Puerto Col\u00f3n, T\u00e9n\u00e9rife<\/address>        \n                <\/div>\n            <\/div>\n\n                        <ul class=\"item-amenities\">\n\n                                <li>\n                    <i class=\"fa fa-sort\"><\/i> \n                    <span class=\"total-beds\">4<\/span> <span class=\"item-label\">m<\/span>\n                <\/li>\n                \n                                <li>\n                    <i class=\"fa fa-clock-o\"><\/i> \n                    <span class=\"total-baths\">2 heures<\/span> <span class=\"item-label\">min.<\/span>\n                <\/li>\n                \n                                <li>\n                    <i class=\"fa fa-user\"><\/i> \n                    <span class=\"total-guests\">5<\/span> <span class=\"item-label\">Invit\u00e9s<\/span>\n                <\/li>\n                \n                                <li class=\"item-type\">Location de bateaux \u00e0 moteur, Location de bateaux sans chauffeur<\/li>\n                            <\/ul>\n            \n            \n            <div class=\"item-footer\">\n\n                \n                            <\/div>\n        <\/div>\n    <\/div>\n<\/div><!-- .item-wrap --><\/div><div class=\"col-sm-4\">\n<div class=\"item-wrap item-grid-view infobox_trigger homey-matchHeight\" data-dir=\"listing-item\" data-id=\"7110\">\n    <div class=\"media property-item\">\n        <div class=\"media-left\">\n            <div class=\"item-media item-media-thumb\">\n\n                \n                <a class=\"hover-effect\" href=\"https:\/\/rentboattenerife.com\/fr\/tenerife\/foxy-lady-with-license-motorboat\/\">\n                    <img loading=\"lazy\" decoding=\"async\" width=\"450\" height=\"300\" src=\"https:\/\/rentboattenerife.com\/wp-content\/uploads\/2023\/09\/foxy-lady-tenerife-7-450x300.jpg\" class=\"img-responsive wp-post-image\" alt=\"foxy-lady-tenerife-7\" srcset=\"https:\/\/rentboattenerife.com\/wp-content\/uploads\/2023\/09\/foxy-lady-tenerife-7-450x300.jpg 450w, https:\/\/rentboattenerife.com\/wp-content\/uploads\/2023\/09\/foxy-lady-tenerife-7-120x80.jpg 120w\" sizes=\"(max-width: 450px) 100vw, 450px\" \/>                \n\t\t\t\t\t\t\t\t\t\t\t<div class=\"item-media-price\">\n\t\t\t\t\t\t<span class=\"item-price\">\n\t\t\t\t\t\t\t<sub>depuis<\/sub> <sup>\u20ac<\/sup>100.00<sub>\/heure<\/sub>\n\t\t\t\t\t\t<\/span>\n\t\t\t\t\t\t<\/div>\n\t\t\t\t\t\t\t\t\t<\/a>\n\n                            <\/div>\n        <\/div>\n        <div class=\"media-body item-body clearfix\">\n\n            <div class=\"item-title-head\">\n                <div class=\"title-head-left\">\n                    <div class=\"title\"><a href=\"https:\/\/rentboattenerife.com\/fr\/tenerife\/foxy-lady-with-license-motorboat\/\">\n                            Mingolla | Avec Licence | Bateau \u00e0 moteur<\/a><\/div>\n\n                    <address class=\"item-address\">Costa Adeje, Puerto Col\u00f3n, T\u00e9n\u00e9rife<\/address>        \n                <\/div>\n            <\/div>\n\n                        <ul class=\"item-amenities\">\n\n                                <li>\n                    <i class=\"fa fa-sort\"><\/i> \n                    <span class=\"total-beds\">6.5<\/span> <span class=\"item-label\">m<\/span>\n                <\/li>\n                \n                                <li>\n                    <i class=\"fa fa-clock-o\"><\/i> \n                    <span class=\"total-baths\">2 heures<\/span> <span class=\"item-label\">min.<\/span>\n                <\/li>\n                \n                                <li>\n                    <i class=\"fa fa-user\"><\/i> \n                    <span class=\"total-guests\">8<\/span> <span class=\"item-label\">Invit\u00e9s<\/span>\n                <\/li>\n                \n                                <li class=\"item-type\">Location de bateaux \u00e0 moteur, Location de bateaux sans chauffeur<\/li>\n                            <\/ul>\n            \n            \n            <div class=\"item-footer\">\n\n                \n                            <\/div>\n        <\/div>\n    <\/div>\n<\/div><!-- .item-wrap --><\/div><div class=\"col-sm-4\">\n<div class=\"item-wrap item-grid-view infobox_trigger homey-matchHeight\" data-dir=\"listing-item\" data-id=\"7387\">\n    <div class=\"media property-item\">\n        <div class=\"media-left\">\n            <div class=\"item-media item-media-thumb\">\n\n                <span class=\"label-wrap top-left\">\r\n                    <span class=\"label label-featured\">Avec capitaine (inclus)<\/span>\r\n                <\/span>\n                <a class=\"hover-effect\" href=\"https:\/\/rentboattenerife.com\/fr\/tenerife\/roca-mar-rogue-cruiser-yacht\/\">\n                    <img loading=\"lazy\" decoding=\"async\" width=\"403\" height=\"269\" src=\"https:\/\/rentboattenerife.com\/wp-content\/uploads\/2024\/01\/roca-mar-yacht-hire-tenerife.jpg\" class=\"img-responsive wp-post-image\" alt=\"location de yacht roca mar \u00e0 tenerife\" srcset=\"https:\/\/rentboattenerife.com\/wp-content\/uploads\/2024\/01\/roca-mar-yacht-hire-tenerife.jpg 403w, https:\/\/rentboattenerife.com\/wp-content\/uploads\/2024\/01\/roca-mar-yacht-hire-tenerife-300x200.jpg 300w, https:\/\/rentboattenerife.com\/wp-content\/uploads\/2024\/01\/roca-mar-yacht-hire-tenerife-18x12.jpg 18w, https:\/\/rentboattenerife.com\/wp-content\/uploads\/2024\/01\/roca-mar-yacht-hire-tenerife-120x80.jpg 120w\" sizes=\"(max-width: 403px) 100vw, 403px\" \/>                \n\t\t\t\t\t\t\t\t\t\t\t<div class=\"item-media-price\">\n\t\t\t\t\t\t<span class=\"item-price\">\n\t\t\t\t\t\t\t<sub>depuis<\/sub> <sup>\u20ac<\/sup>136.00<sub>\/heure<\/sub>\n\t\t\t\t\t\t<\/span>\n\t\t\t\t\t\t<\/div>\n\t\t\t\t\t\t\t\t\t<\/a>\n\n                            <\/div>\n        <\/div>\n        <div class=\"media-body item-body clearfix\">\n\n            <div class=\"item-title-head\">\n                <div class=\"title-head-left\">\n                    <div class=\"title\"><a href=\"https:\/\/rentboattenerife.com\/fr\/tenerife\/roca-mar-rogue-cruiser-yacht\/\">\n                            Rogue Cruiser | Yacht<\/a><\/div>\n\n                    <address class=\"item-address\">Costa Adeje, Puerto Col\u00f3n, T\u00e9n\u00e9rife<\/address>        \n                <\/div>\n            <\/div>\n\n                        <ul class=\"item-amenities\">\n\n                                <li>\n                    <i class=\"fa fa-sort\"><\/i> \n                    <span class=\"total-beds\">8<\/span> <span class=\"item-label\">m<\/span>\n                <\/li>\n                \n                                <li>\n                    <i class=\"fa fa-clock-o\"><\/i> \n                    <span class=\"total-baths\">3 heures<\/span> <span class=\"item-label\">min.<\/span>\n                <\/li>\n                \n                                <li>\n                    <i class=\"fa fa-user\"><\/i> \n                    <span class=\"total-guests\">6<\/span> <span class=\"item-label\">Invit\u00e9s<\/span>\n                <\/li>\n                \n                                <li class=\"item-type\">Location de bateaux \u00e0 moteur, Location de yachts<\/li>\n                            <\/ul>\n            \n            \n            <div class=\"item-footer\">\n\n                \n                            <\/div>\n        <\/div>\n    <\/div>\n<\/div><!-- .item-wrap --><\/div><div class=\"col-sm-4\">\n<div class=\"item-wrap item-grid-view infobox_trigger homey-matchHeight\" data-dir=\"listing-item\" data-id=\"7097\">\n    <div class=\"media property-item\">\n        <div class=\"media-left\">\n            <div class=\"item-media item-media-thumb\">\n\n                \n                <a class=\"hover-effect\" href=\"https:\/\/rentboattenerife.com\/fr\/tenerife\/barracuda-with-license-motorboat\/\">\n                    <img loading=\"lazy\" decoding=\"async\" width=\"450\" height=\"300\" src=\"https:\/\/rentboattenerife.com\/wp-content\/uploads\/2023\/09\/barracuda-tenerife-3-450x300.jpg\" class=\"img-responsive wp-post-image\" alt=\"\" srcset=\"https:\/\/rentboattenerife.com\/wp-content\/uploads\/2023\/09\/barracuda-tenerife-3-450x300.jpg 450w, https:\/\/rentboattenerife.com\/wp-content\/uploads\/2023\/09\/barracuda-tenerife-3-300x199.jpg 300w, https:\/\/rentboattenerife.com\/wp-content\/uploads\/2023\/09\/barracuda-tenerife-3-18x12.jpg 18w, https:\/\/rentboattenerife.com\/wp-content\/uploads\/2023\/09\/barracuda-tenerife-3-120x80.jpg 120w, https:\/\/rentboattenerife.com\/wp-content\/uploads\/2023\/09\/barracuda-tenerife-3.jpg 634w\" sizes=\"(max-width: 450px) 100vw, 450px\" \/>                \n\t\t\t\t\t\t\t\t\t\t\t<div class=\"item-media-price\">\n\t\t\t\t\t\t<span class=\"item-price\">\n\t\t\t\t\t\t\t<sub>depuis<\/sub> <sup>\u20ac<\/sup>110.00<sub>\/heure<\/sub>\n\t\t\t\t\t\t<\/span>\n\t\t\t\t\t\t<\/div>\n\t\t\t\t\t\t\t\t\t<\/a>\n\n                            <\/div>\n        <\/div>\n        <div class=\"media-body item-body clearfix\">\n\n            <div class=\"item-title-head\">\n                <div class=\"title-head-left\">\n                    <div class=\"title\"><a href=\"https:\/\/rentboattenerife.com\/fr\/tenerife\/barracuda-with-license-motorboat\/\">\n                            Barracuda | Avec Licence | Bateau \u00e0 moteur<\/a><\/div>\n\n                    <address class=\"item-address\">Costa Adeje, Puerto Col\u00f3n, T\u00e9n\u00e9rife<\/address>        \n                <\/div>\n            <\/div>\n\n                        <ul class=\"item-amenities\">\n\n                                <li>\n                    <i class=\"fa fa-sort\"><\/i> \n                    <span class=\"total-beds\">7.5<\/span> <span class=\"item-label\">m<\/span>\n                <\/li>\n                \n                                <li>\n                    <i class=\"fa fa-clock-o\"><\/i> \n                    <span class=\"total-baths\">4 heures<\/span> <span class=\"item-label\">min.<\/span>\n                <\/li>\n                \n                                <li>\n                    <i class=\"fa fa-user\"><\/i> \n                    <span class=\"total-guests\">8<\/span> <span class=\"item-label\">Invit\u00e9s<\/span>\n                <\/li>\n                \n                                <li class=\"item-type\">P\u00eache \u00e0 Tenerife, location de bateaux sans chauffeur<\/li>\n                            <\/ul>\n            \n            \n            <div class=\"item-footer\">\n\n                \n                            <\/div>\n        <\/div>\n    <\/div>\n<\/div><!-- .item-wrap --><\/div><div class=\"col-sm-4\">\n<div class=\"item-wrap item-grid-view infobox_trigger homey-matchHeight\" data-dir=\"listing-item\" data-id=\"7951\">\n    <div class=\"media property-item\">\n        <div class=\"media-left\">\n            <div class=\"item-media item-media-thumb\">\n\n                \n                <a class=\"hover-effect\" href=\"https:\/\/rentboattenerife.com\/fr\/tenerife\/idea-marine-70-motorboat\/\">\n                    <img loading=\"lazy\" decoding=\"async\" width=\"360\" height=\"241\" src=\"https:\/\/rentboattenerife.com\/wp-content\/uploads\/2024\/06\/Idea-Marine-70-rental-Porto-Colon.jpg\" class=\"img-responsive wp-post-image\" alt=\"Location Idea Marine 70 Porto Colon\" srcset=\"https:\/\/rentboattenerife.com\/wp-content\/uploads\/2024\/06\/Idea-Marine-70-rental-Porto-Colon.jpg 360w, https:\/\/rentboattenerife.com\/wp-content\/uploads\/2024\/06\/Idea-Marine-70-rental-Porto-Colon-300x201.jpg 300w, https:\/\/rentboattenerife.com\/wp-content\/uploads\/2024\/06\/Idea-Marine-70-rental-Porto-Colon-18x12.jpg 18w, https:\/\/rentboattenerife.com\/wp-content\/uploads\/2024\/06\/Idea-Marine-70-rental-Porto-Colon-120x80.jpg 120w\" sizes=\"(max-width: 360px) 100vw, 360px\" \/>                \n\t\t\t\t\t\t\t\t\t\t\t<div class=\"item-media-price\">\n\t\t\t\t\t\t<span class=\"item-price\">\n\t\t\t\t\t\t\t<sub>depuis<\/sub> <sup>\u20ac<\/sup>100.00<sub>\/heure<\/sub>\n\t\t\t\t\t\t<\/span>\n\t\t\t\t\t\t<\/div>\n\t\t\t\t\t\t\t\t\t<\/a>\n\n                            <\/div>\n        <\/div>\n        <div class=\"media-body item-body clearfix\">\n\n            <div class=\"item-title-head\">\n                <div class=\"title-head-left\">\n                    <div class=\"title\"><a href=\"https:\/\/rentboattenerife.com\/fr\/tenerife\/idea-marine-70-motorboat\/\">\n                            Idea Marina 70 | Bateau \u00e0 moteur<\/a><\/div>\n\n                    <address class=\"item-address\">Costa Adeje, Puerto Col\u00f3n, T\u00e9n\u00e9rife<\/address>        \n                <\/div>\n            <\/div>\n\n                        <ul class=\"item-amenities\">\n\n                                <li>\n                    <i class=\"fa fa-sort\"><\/i> \n                    <span class=\"total-beds\">7<\/span> <span class=\"item-label\">m<\/span>\n                <\/li>\n                \n                                <li>\n                    <i class=\"fa fa-clock-o\"><\/i> \n                    <span class=\"total-baths\">2 heures<\/span> <span class=\"item-label\">min.<\/span>\n                <\/li>\n                \n                                <li>\n                    <i class=\"fa fa-user\"><\/i> \n                    <span class=\"total-guests\">9<\/span> <span class=\"item-label\">Invit\u00e9s<\/span>\n                <\/li>\n                \n                                <li class=\"item-type\">Location de bateaux \u00e0 moteur, Location de bateaux sans chauffeur<\/li>\n                            <\/ul>\n            \n            \n            <div class=\"item-footer\">\n\n                \n                            <\/div>\n        <\/div>\n    <\/div>\n<\/div><!-- .item-wrap --><\/div><div class=\"col-sm-4\">\n<div class=\"item-wrap item-grid-view infobox_trigger homey-matchHeight\" data-dir=\"listing-item\" data-id=\"273\">\n    <div class=\"media property-item\">\n        <div class=\"media-left\">\n            <div class=\"item-media item-media-thumb\">\n\n                <span class=\"label-wrap top-left\">\r\n                    <span class=\"label label-featured\">Avec capitaine (inclus)<\/span>\r\n                <\/span>\n                <a class=\"hover-effect\" href=\"https:\/\/rentboattenerife.com\/fr\/tenerife\/motorboat-armani\/\">\n                    <img loading=\"lazy\" decoding=\"async\" width=\"403\" height=\"269\" src=\"https:\/\/rentboattenerife.com\/wp-content\/uploads\/2018\/10\/Motorboat-Maxum-2700-SE-hire-Tenerife.jpg\" class=\"img-responsive wp-post-image\" alt=\"Location de bateau \u00e0 moteur Maxum 2700 SE \u00e0 Tenerife\" srcset=\"https:\/\/rentboattenerife.com\/wp-content\/uploads\/2018\/10\/Motorboat-Maxum-2700-SE-hire-Tenerife.jpg 403w, https:\/\/rentboattenerife.com\/wp-content\/uploads\/2018\/10\/Motorboat-Maxum-2700-SE-hire-Tenerife-300x200.jpg 300w, https:\/\/rentboattenerife.com\/wp-content\/uploads\/2018\/10\/Motorboat-Maxum-2700-SE-hire-Tenerife-18x12.jpg 18w, https:\/\/rentboattenerife.com\/wp-content\/uploads\/2018\/10\/Motorboat-Maxum-2700-SE-hire-Tenerife-120x80.jpg 120w\" sizes=\"(max-width: 403px) 100vw, 403px\" \/>                \n\t\t\t\t\t\t\t\t\t\t\t<div class=\"item-media-price\">\n\t\t\t\t\t\t<span class=\"item-price\">\n\t\t\t\t\t\t\t<sub>depuis<\/sub> <sup>\u20ac<\/sup>133.00<sub>\/heure<\/sub>\n\t\t\t\t\t\t<\/span>\n\t\t\t\t\t\t<\/div>\n\t\t\t\t\t\t\t\t\t<\/a>\n\n                            <\/div>\n        <\/div>\n        <div class=\"media-body item-body clearfix\">\n\n            <div class=\"item-title-head\">\n                <div class=\"title-head-left\">\n                    <div class=\"title\"><a href=\"https:\/\/rentboattenerife.com\/fr\/tenerife\/motorboat-armani\/\">\n                            Maxum 2700 SE | Bateau \u00e0 moteur<\/a><\/div>\n\n                    <address class=\"item-address\">Costa Adeje, Puerto Col\u00f3n, T\u00e9n\u00e9rife<\/address>        \n                <\/div>\n            <\/div>\n\n                        <ul class=\"item-amenities\">\n\n                                <li>\n                    <i class=\"fa fa-sort\"><\/i> \n                    <span class=\"total-beds\">8,6<\/span> <span class=\"item-label\">m<\/span>\n                <\/li>\n                \n                                <li>\n                    <i class=\"fa fa-clock-o\"><\/i> \n                    <span class=\"total-baths\">3 heures<\/span> <span class=\"item-label\">min.<\/span>\n                <\/li>\n                \n                                <li>\n                    <i class=\"fa fa-user\"><\/i> \n                    <span class=\"total-guests\">6<\/span> <span class=\"item-label\">Invit\u00e9s<\/span>\n                <\/li>\n                \n                                <li class=\"item-type\">Location de bateaux \u00e0 moteur, Location de yachts<\/li>\n                            <\/ul>\n            \n            \n            <div class=\"item-footer\">\n\n                \n                            <\/div>\n        <\/div>\n    <\/div>\n<\/div><!-- .item-wrap --><\/div><div class=\"col-sm-4\">\n<div class=\"item-wrap item-grid-view infobox_trigger homey-matchHeight\" data-dir=\"listing-item\" data-id=\"250\">\n    <div class=\"media property-item\">\n        <div class=\"media-left\">\n            <div class=\"item-media item-media-thumb\">\n\n                <span class=\"label-wrap top-left\">\r\n                    <span class=\"label label-featured\">Avec capitaine (inclus)<\/span>\r\n                <\/span>\n                <a class=\"hover-effect\" href=\"https:\/\/rentboattenerife.com\/fr\/tenerife\/catamaran-blue-ocean\/\">\n                    <img loading=\"lazy\" decoding=\"async\" width=\"450\" height=\"300\" src=\"https:\/\/rentboattenerife.com\/wp-content\/uploads\/2018\/10\/3-17-450x300.jpg\" class=\"img-responsive wp-post-image\" alt=\"\" srcset=\"https:\/\/rentboattenerife.com\/wp-content\/uploads\/2018\/10\/3-17-450x300.jpg 450w, https:\/\/rentboattenerife.com\/wp-content\/uploads\/2018\/10\/3-17-300x200.jpg 300w, https:\/\/rentboattenerife.com\/wp-content\/uploads\/2018\/10\/3-17-1024x682.jpg 1024w, https:\/\/rentboattenerife.com\/wp-content\/uploads\/2018\/10\/3-17-768x512.jpg 768w, https:\/\/rentboattenerife.com\/wp-content\/uploads\/2018\/10\/3-17-1140x760.jpg 1140w, https:\/\/rentboattenerife.com\/wp-content\/uploads\/2018\/10\/3-17-120x80.jpg 120w, https:\/\/rentboattenerife.com\/wp-content\/uploads\/2018\/10\/3-17-750x500.jpg 750w, https:\/\/rentboattenerife.com\/wp-content\/uploads\/2018\/10\/3-17.jpg 1280w\" sizes=\"(max-width: 450px) 100vw, 450px\" \/>                \n\t\t\t\t\t\t\t\t\t\t\t<div class=\"item-media-price\">\n\t\t\t\t\t\t<span class=\"item-price\">\n\t\t\t\t\t\t\t<sub>depuis<\/sub> <sup>\u20ac<\/sup>225.00<sub>\/heure<\/sub>\n\t\t\t\t\t\t<\/span>\n\t\t\t\t\t\t<\/div>\n\t\t\t\t\t\t\t\t\t<\/a>\n\n                            <\/div>\n        <\/div>\n        <div class=\"media-body item-body clearfix\">\n\n            <div class=\"item-title-head\">\n                <div class=\"title-head-left\">\n                    <div class=\"title\"><a href=\"https:\/\/rentboattenerife.com\/fr\/tenerife\/catamaran-blue-ocean\/\">\n                            Lagoon 450 | Catamaran<\/a><\/div>\n\n                    <address class=\"item-address\">Las Galletas, T\u00e9n\u00e9rife<\/address>        \n                <\/div>\n            <\/div>\n\n                        <ul class=\"item-amenities\">\n\n                                <li>\n                    <i class=\"fa fa-sort\"><\/i> \n                    <span class=\"total-beds\">14<\/span> <span class=\"item-label\">m<\/span>\n                <\/li>\n                \n                                <li>\n                    <i class=\"fa fa-clock-o\"><\/i> \n                    <span class=\"total-baths\">3 heures<\/span> <span class=\"item-label\">min.<\/span>\n                <\/li>\n                \n                                <li>\n                    <i class=\"fa fa-user\"><\/i> \n                    <span class=\"total-guests\">12<\/span> <span class=\"item-label\">Invit\u00e9s<\/span>\n                <\/li>\n                \n                                <li class=\"item-type\">Location de Catamaran, Location de Yacht de Luxe<\/li>\n                            <\/ul>\n            \n            \n            <div class=\"item-footer\">\n\n                \n                            <\/div>\n        <\/div>\n    <\/div>\n<\/div><!-- .item-wrap --><\/div><div class=\"col-sm-4\">\n<div class=\"item-wrap item-grid-view infobox_trigger homey-matchHeight\" data-dir=\"listing-item\" data-id=\"288\">\n    <div class=\"media property-item\">\n        <div class=\"media-left\">\n            <div class=\"item-media item-media-thumb\">\n\n                <span class=\"label-wrap top-left\">\r\n                    <span class=\"label label-featured\">Avec capitaine (inclus)<\/span>\r\n                <\/span>\n                <a class=\"hover-effect\" href=\"https:\/\/rentboattenerife.com\/fr\/tenerife\/motorboat-white-heaven\/\">\n                    <img loading=\"lazy\" decoding=\"async\" width=\"360\" height=\"240\" src=\"https:\/\/rentboattenerife.com\/wp-content\/uploads\/2018\/10\/white-heaven-tenerife.jpg\" class=\"img-responsive wp-post-image\" alt=\"paradis blanc Tenerife\" srcset=\"https:\/\/rentboattenerife.com\/wp-content\/uploads\/2018\/10\/white-heaven-tenerife.jpg 360w, https:\/\/rentboattenerife.com\/wp-content\/uploads\/2018\/10\/white-heaven-tenerife-300x200.jpg 300w, https:\/\/rentboattenerife.com\/wp-content\/uploads\/2018\/10\/white-heaven-tenerife-18x12.jpg 18w, https:\/\/rentboattenerife.com\/wp-content\/uploads\/2018\/10\/white-heaven-tenerife-120x80.jpg 120w\" sizes=\"(max-width: 360px) 100vw, 360px\" \/>                \n\t\t\t\t\t\t\t\t\t\t\t<div class=\"item-media-price\">\n\t\t\t\t\t\t<span class=\"item-price\">\n\t\t\t\t\t\t\t<sub>depuis<\/sub> <sup>\u20ac<\/sup>200.00<sub>\/heure<\/sub>\n\t\t\t\t\t\t<\/span>\n\t\t\t\t\t\t<\/div>\n\t\t\t\t\t\t\t\t\t<\/a>\n\n                            <\/div>\n        <\/div>\n        <div class=\"media-body item-body clearfix\">\n\n            <div class=\"item-title-head\">\n                <div class=\"title-head-left\">\n                    <div class=\"title\"><a href=\"https:\/\/rentboattenerife.com\/fr\/tenerife\/motorboat-white-heaven\/\">\n                            Fjord 36 Xpress | Bateau \u00e0 moteur<\/a><\/div>\n\n                    <address class=\"item-address\">Costa Adeje, Puerto Col\u00f3n, T\u00e9n\u00e9rife<\/address>        \n                <\/div>\n            <\/div>\n\n                        <ul class=\"item-amenities\">\n\n                                <li>\n                    <i class=\"fa fa-sort\"><\/i> \n                    <span class=\"total-beds\">11<\/span> <span class=\"item-label\">m<\/span>\n                <\/li>\n                \n                                <li>\n                    <i class=\"fa fa-clock-o\"><\/i> \n                    <span class=\"total-baths\">3 heures<\/span> <span class=\"item-label\">min.<\/span>\n                <\/li>\n                \n                                <li>\n                    <i class=\"fa fa-user\"><\/i> \n                    <span class=\"total-guests\">11<\/span> <span class=\"item-label\">Invit\u00e9s<\/span>\n                <\/li>\n                \n                                <li class=\"item-type\">Location de yachts de luxe, Location de bateaux \u00e0 moteur<\/li>\n                            <\/ul>\n            \n            \n            <div class=\"item-footer\">\n\n                \n                            <\/div>\n        <\/div>\n    <\/div>\n<\/div><!-- .item-wrap --><\/div>            <\/div><!-- grid-listing-page -->\n        <\/div>\n\n        \t\t\t\t<\/div>\n\t\t\t\t<\/div>\n\t\t\t\t<div class=\"elementor-element elementor-element-84bd0c2 elementor-align-center elementor-widget elementor-widget-button\" data-id=\"84bd0c2\" data-element_type=\"widget\" data-e-type=\"widget\" data-widget_type=\"button.default\">\n\t\t\t\t<div class=\"elementor-widget-container\">\n\t\t\t\t\t\t\t\t\t<div class=\"elementor-button-wrapper\">\n\t\t\t\t\t<a class=\"elementor-button elementor-button-link elementor-size-sm\" href=\"https:\/\/rentboattenerife.com\/fr\/location-de-yacht\/\">\n\t\t\t\t\t\t<span class=\"elementor-button-content-wrapper\">\n\t\t\t\t\t\t\t\t\t<span class=\"elementor-button-text\">Voir tous les bateaux<\/span>\n\t\t\t\t\t<\/span>\n\t\t\t\t\t<\/a>\n\t\t\t\t<\/div>\n\t\t\t\t\t\t\t\t<\/div>\n\t\t\t\t<\/div>\n\t\t\t\t<div class=\"elementor-element elementor-element-108e2e1 elementor-widget elementor-widget-spacer\" data-id=\"108e2e1\" data-element_type=\"widget\" data-e-type=\"widget\" data-widget_type=\"spacer.default\">\n\t\t\t\t<div class=\"elementor-widget-container\">\n\t\t\t\t\t\t\t<div class=\"elementor-spacer\">\n\t\t\t<div class=\"elementor-spacer-inner\"><\/div>\n\t\t<\/div>\n\t\t\t\t\t\t<\/div>\n\t\t\t\t<\/div>\n\t\t\t\t\t<\/div>\n\t\t<\/div>\n\t\t\t\t\t<\/div>\n\t\t<\/section>\n\t\t\t\t<section class=\"elementor-section elementor-top-section elementor-element elementor-element-699032c6 elementor-section-stretched elementor-section-boxed elementor-section-height-default elementor-section-height-default elementor-invisible\" data-id=\"699032c6\" data-element_type=\"section\" data-e-type=\"section\" data-settings=\"{&quot;stretch_section&quot;:&quot;section-stretched&quot;,&quot;background_background&quot;:&quot;classic&quot;,&quot;animation&quot;:&quot;fadeIn&quot;}\">\n\t\t\t\t\t\t<div class=\"elementor-container elementor-column-gap-default\">\n\t\t\t\t\t<div class=\"elementor-column elementor-col-100 elementor-top-column elementor-element elementor-element-74e6f961\" data-id=\"74e6f961\" data-element_type=\"column\" data-e-type=\"column\">\n\t\t\t<div class=\"elementor-widget-wrap elementor-element-populated\">\n\t\t\t\t\t\t<div class=\"elementor-element elementor-element-03bad0e elementor-widget elementor-widget-spacer\" data-id=\"03bad0e\" data-element_type=\"widget\" data-e-type=\"widget\" data-widget_type=\"spacer.default\">\n\t\t\t\t<div class=\"elementor-widget-container\">\n\t\t\t\t\t\t\t<div class=\"elementor-spacer\">\n\t\t\t<div class=\"elementor-spacer-inner\"><\/div>\n\t\t<\/div>\n\t\t\t\t\t\t<\/div>\n\t\t\t\t<\/div>\n\t\t\t\t<div class=\"elementor-element elementor-element-6ec5effe elementor-widget elementor-widget-homey_elementor_section_title\" data-id=\"6ec5effe\" data-element_type=\"widget\" data-e-type=\"widget\" data-widget_type=\"homey_elementor_section_title.default\">\n\t\t\t\t<div class=\"elementor-widget-container\">\n\t\t\t\t\t            <div class=\"homey_section_title_wrap_elementor homey-module module-title section-title-module\">\n                                    <h2 class=\"homey_section_title\">Tours partag\u00e9s d&#039;observation des baleines \u00e0 Tenerife<\/h2>\n                \n                                    <p class=\"homey_section_subtitle sub-heading\">En plus de la location de bateaux priv\u00e9s, nous proposons \u00e9galement des excursions en bateau en groupe \u00e0 Tenerife pour observer les baleines et les dauphins, \u00e0 partir de 32 \u20ac pour les adultes et de 19 \u20ac pour les enfants. Vous pourrez profiter de ces excursions en mer sur un catamaran, un voilier, un bateau \u00e0 moteur ou un yacht. Nous trouverons l&#039;option optimale pour chaque famille avec enfants, personnes \u00e2g\u00e9es ou jeunes.<\/p>\n                            <\/div>\n            \t\t\t\t<\/div>\n\t\t\t\t<\/div>\n\t\t\t\t<div class=\"elementor-element elementor-element-e0f22cb elementor-widget elementor-widget-spacer\" data-id=\"e0f22cb\" data-element_type=\"widget\" data-e-type=\"widget\" data-widget_type=\"spacer.default\">\n\t\t\t\t<div class=\"elementor-widget-container\">\n\t\t\t\t\t\t\t<div class=\"elementor-spacer\">\n\t\t\t<div class=\"elementor-spacer-inner\"><\/div>\n\t\t<\/div>\n\t\t\t\t\t\t<\/div>\n\t\t\t\t<\/div>\n\t\t\t\t<div class=\"elementor-element elementor-element-ad65ccc elementor-widget elementor-widget-html\" data-id=\"ad65ccc\" data-element_type=\"widget\" data-e-type=\"widget\" data-widget_type=\"html.default\">\n\t\t\t\t<div class=\"elementor-widget-container\">\n\t\t\t\t\t<div class=\"image-gallery\">\r\n  <div class=\"image-container\">\r\n    <a href=\"https:\/\/rentboattenerife.com\/fr\/boat-trips\/whale-watching-tenerife\/\">\r\n      <img decoding=\"async\" src=\"https:\/\/rentboattenerife.com\/wp-content\/uploads\/2024\/03\/Whale-Watching-Tenerife.png\" alt=\"Observation des baleines \u00e0 T\u00e9n\u00e9rife\">\r\n      <div class=\"gradient-overlay\"><\/div>\r\n      <div class=\"caption\"><strong>Observation des baleines \u00e0 T\u00e9n\u00e9rife<\/strong><\/div>\r\n    <\/a>\r\n  <\/div>\r\n\r\n  <div class=\"image-container\">\r\n    <a href=\"https:\/\/rentboattenerife.com\/fr\/excursion-en-bateau-a-tenerife\/\">\r\n      <img decoding=\"async\" src=\"https:\/\/rentboattenerife.com\/wp-content\/uploads\/2024\/03\/Boat-Trip-Tenerife.png\" alt=\"Excursion en bateau \u00e0 T\u00e9n\u00e9rife\">\r\n      <div class=\"gradient-overlay\"><\/div>\r\n      <div class=\"caption\"><strong>Excursion en bateau \u00e0 T\u00e9n\u00e9rife<\/strong><\/div>\r\n    <\/a>\r\n  <\/div>\r\n<\/div>\t\t\t\t<\/div>\n\t\t\t\t<\/div>\n\t\t\t\t<div class=\"elementor-element elementor-element-b92ff1d elementor-widget elementor-widget-spacer\" data-id=\"b92ff1d\" data-element_type=\"widget\" data-e-type=\"widget\" data-widget_type=\"spacer.default\">\n\t\t\t\t<div class=\"elementor-widget-container\">\n\t\t\t\t\t\t\t<div class=\"elementor-spacer\">\n\t\t\t<div class=\"elementor-spacer-inner\"><\/div>\n\t\t<\/div>\n\t\t\t\t\t\t<\/div>\n\t\t\t\t<\/div>\n\t\t\t\t\t<\/div>\n\t\t<\/div>\n\t\t\t\t\t<\/div>\n\t\t<\/section>\n\t\t\t\t<section class=\"elementor-section elementor-top-section elementor-element elementor-element-0c80397 elementor-section-stretched elementor-section-boxed elementor-section-height-default elementor-section-height-default elementor-invisible\" data-id=\"0c80397\" data-element_type=\"section\" data-e-type=\"section\" data-settings=\"{&quot;stretch_section&quot;:&quot;section-stretched&quot;,&quot;background_background&quot;:&quot;classic&quot;,&quot;animation&quot;:&quot;fadeIn&quot;}\">\n\t\t\t\t\t\t<div class=\"elementor-container elementor-column-gap-default\">\n\t\t\t\t\t<div class=\"elementor-column elementor-col-100 elementor-top-column elementor-element elementor-element-766993f\" data-id=\"766993f\" data-element_type=\"column\" data-e-type=\"column\">\n\t\t\t<div class=\"elementor-widget-wrap elementor-element-populated\">\n\t\t\t\t\t\t<div class=\"elementor-element elementor-element-d4cdccb elementor-widget elementor-widget-spacer\" data-id=\"d4cdccb\" data-element_type=\"widget\" data-e-type=\"widget\" data-widget_type=\"spacer.default\">\n\t\t\t\t<div class=\"elementor-widget-container\">\n\t\t\t\t\t\t\t<div class=\"elementor-spacer\">\n\t\t\t<div class=\"elementor-spacer-inner\"><\/div>\n\t\t<\/div>\n\t\t\t\t\t\t<\/div>\n\t\t\t\t<\/div>\n\t\t\t\t<div class=\"elementor-element elementor-element-7a874cd elementor-widget elementor-widget-homey_elementor_section_title\" data-id=\"7a874cd\" data-element_type=\"widget\" data-e-type=\"widget\" data-widget_type=\"homey_elementor_section_title.default\">\n\t\t\t\t<div class=\"elementor-widget-container\">\n\t\t\t\t\t            <div class=\"homey_section_title_wrap_elementor homey-module module-title section-title-module\">\n                                    <h2 class=\"homey_section_title\">Emplacement tendance<\/h2>\n                \n                                    <p class=\"homey_section_subtitle sub-heading\">D\u00e9couvrez tous les bateaux disponibles dans une s\u00e9lection de nos emplacements<\/p>\n                            <\/div>\n            \t\t\t\t<\/div>\n\t\t\t\t<\/div>\n\t\t\t\t<div class=\"elementor-element elementor-element-5d2fe9e elementor-widget elementor-widget-homey_elementor_space\" data-id=\"5d2fe9e\" data-element_type=\"widget\" data-e-type=\"widget\" data-widget_type=\"homey_elementor_space.default\">\n\t\t\t\t<div class=\"elementor-widget-container\">\n\t\t\t\t\t<div style=\"clear:both; width:100%; height:30px\"><\/div>\t\t\t\t<\/div>\n\t\t\t\t<\/div>\n\t\t\t\t<div class=\"elementor-element elementor-element-2a16b81 elementor-widget elementor-widget-homey_elementor_grids\" data-id=\"2a16b81\" data-element_type=\"widget\" data-e-type=\"widget\" data-widget_type=\"homey_elementor_grids.default\">\n\t\t\t\t<div class=\"elementor-widget-container\">\n\t\t\t\t\t\r\n\t\t<div class=\"module-wrap taxonomy-grid taxonomy-grid-1\">\r\n\t\t\t<div class=\"row\">\r\n\t\t\t\t\r\n\t\t\t\t\t<div class=\"col-lg-6 col-md-6 col-sm-6 col-xs-12\">\r\n\t\t\t\t\t\t<div class=\"taxonomy-item taxonomy-card\">\r\n\t\t\t\t\t\t\t<a class=\"taxonomy-link hover-effect\" href=\"https:\/\/rentboattenerife.com\/fr\/location\/costa-adeje\/\">\r\n\t\t\t\t\t\t\t\t<div class=\"taxonomy-title\">Costa Ad\u00e8je<\/div>\r\n\t\t\t\t\t\t\t\t<img loading=\"lazy\" decoding=\"async\" class=\"img-responsive\" src=\"https:\/\/rentboattenerife.com\/wp-content\/uploads\/2023\/12\/Costa-Adeje-Puerto-Colon-Tenerife.webp\" width=\"546\" height=\"355\" alt=\"listing_city\">\r\n\t\t\t\t\t\t\t<\/a>\r\n\t\t\t\t\t\t<\/div>\r\n\t\t\t\t\t<\/div>\r\n\r\n\t\t\t\t\t\r\n\t\t\t\t\t<div class=\"col-lg-6 col-md-6 col-sm-6 col-xs-12\">\r\n\t\t\t\t\t\t<div class=\"taxonomy-item taxonomy-card\">\r\n\t\t\t\t\t\t\t<a class=\"taxonomy-link hover-effect\" href=\"https:\/\/rentboattenerife.com\/fr\/location\/golf-del-sur\/\">\r\n\t\t\t\t\t\t\t\t<div class=\"taxonomy-title\">Golf du Sud (Amarilla Golf)<\/div>\r\n\t\t\t\t\t\t\t\t<img loading=\"lazy\" decoding=\"async\" class=\"img-responsive\" src=\"https:\/\/rentboattenerife.com\/wp-content\/uploads\/2023\/12\/Marina-San-Miguel.webp\" width=\"545\" height=\"355\" alt=\"listing_city\">\r\n\t\t\t\t\t\t\t<\/a>\r\n\t\t\t\t\t\t<\/div>\r\n\t\t\t\t\t<\/div>\r\n\r\n\t\t\t\t\t\r\n\t\t\t\t\t<div class=\"col-lg-6 col-md-6 col-sm-6 col-xs-12\">\r\n\t\t\t\t\t\t<div class=\"taxonomy-item taxonomy-card\">\r\n\t\t\t\t\t\t\t<a class=\"taxonomy-link hover-effect\" href=\"https:\/\/rentboattenerife.com\/fr\/location\/las-galletas\/\">\r\n\t\t\t\t\t\t\t\t<div class=\"taxonomy-title\">Las Galletas<\/div>\r\n\t\t\t\t\t\t\t\t<img loading=\"lazy\" decoding=\"async\" class=\"img-responsive\" src=\"https:\/\/rentboattenerife.com\/wp-content\/uploads\/2023\/12\/Marina-del-Sur-Tenerife.webp\" width=\"546\" height=\"355\" alt=\"listing_city\">\r\n\t\t\t\t\t\t\t<\/a>\r\n\t\t\t\t\t\t<\/div>\r\n\t\t\t\t\t<\/div>\r\n\r\n\t\t\t\t\t\r\n\t\t\t\t\t<div class=\"col-lg-6 col-md-6 col-sm-6 col-xs-12\">\r\n\t\t\t\t\t\t<div class=\"taxonomy-item taxonomy-card\">\r\n\t\t\t\t\t\t\t<a class=\"taxonomy-link hover-effect\" href=\"https:\/\/rentboattenerife.com\/fr\/location\/playa-de-las-americas\/\">\r\n\t\t\t\t\t\t\t\t<div class=\"taxonomy-title\">Los Cristianos (Playa de las Americas)<\/div>\r\n\t\t\t\t\t\t\t\t<img loading=\"lazy\" decoding=\"async\" class=\"img-responsive\" src=\"https:\/\/rentboattenerife.com\/wp-content\/uploads\/2023\/12\/Puerto-Los-Cristianos-Tenerife.webp\" width=\"546\" height=\"355\" alt=\"listing_city\">\r\n\t\t\t\t\t\t\t<\/a>\r\n\t\t\t\t\t\t<\/div>\r\n\t\t\t\t\t<\/div>\r\n\r\n\t\t\t\t\t\r\n\t\t\t\t\t<div class=\"col-lg-6 col-md-6 col-sm-6 col-xs-12\">\r\n\t\t\t\t\t\t<div class=\"taxonomy-item taxonomy-card\">\r\n\t\t\t\t\t\t\t<a class=\"taxonomy-link hover-effect\" href=\"https:\/\/rentboattenerife.com\/fr\/location\/los-gigantes\/\">\r\n\t\t\t\t\t\t\t\t<div class=\"taxonomy-title\">Los Gigantes<\/div>\r\n\t\t\t\t\t\t\t\t<img loading=\"lazy\" decoding=\"async\" class=\"img-responsive\" src=\"https:\/\/rentboattenerife.com\/wp-content\/uploads\/2023\/12\/los-gigantes-tenerife.webp\" width=\"546\" height=\"355\" alt=\"listing_city\">\r\n\t\t\t\t\t\t\t<\/a>\r\n\t\t\t\t\t\t<\/div>\r\n\t\t\t\t\t<\/div>\r\n\r\n\t\t\t\t\t\r\n\t\t\t\t\t<div class=\"col-lg-6 col-md-6 col-sm-6 col-xs-12\">\r\n\t\t\t\t\t\t<div class=\"taxonomy-item taxonomy-card\">\r\n\t\t\t\t\t\t\t<a class=\"taxonomy-link hover-effect\" href=\"https:\/\/rentboattenerife.com\/fr\/location\/radazul\/\">\r\n\t\t\t\t\t\t\t\t<div class=\"taxonomy-title\">Radazul<\/div>\r\n\t\t\t\t\t\t\t\t<img loading=\"lazy\" decoding=\"async\" class=\"img-responsive\" src=\"https:\/\/rentboattenerife.com\/wp-content\/uploads\/2023\/12\/radazul.webp\" width=\"546\" height=\"355\" alt=\"listing_city\">\r\n\t\t\t\t\t\t\t<\/a>\r\n\t\t\t\t\t\t<\/div>\r\n\t\t\t\t\t<\/div>\r\n\r\n\t\t\t\t\t\r\n\t\t\t\t\t<div class=\"col-lg-6 col-md-6 col-sm-6 col-xs-12\">\r\n\t\t\t\t\t\t<div class=\"taxonomy-item taxonomy-card\">\r\n\t\t\t\t\t\t\t<a class=\"taxonomy-link hover-effect\" href=\"https:\/\/rentboattenerife.com\/fr\/location\/santa-cruz-de-tenerife\/\">\r\n\t\t\t\t\t\t\t\t<div class=\"taxonomy-title\">Santa Cruz de Tenerife<\/div>\r\n\t\t\t\t\t\t\t\t<img loading=\"lazy\" decoding=\"async\" class=\"img-responsive\" src=\"https:\/\/rentboattenerife.com\/wp-content\/uploads\/2025\/11\/boat-charter-in-Santa-Cruz-de-Tenerife-555x360.jpg\" width=\"555\" height=\"360\" alt=\"listing_city\">\r\n\t\t\t\t\t\t\t<\/a>\r\n\t\t\t\t\t\t<\/div>\r\n\t\t\t\t\t<\/div>\r\n\r\n\t\t\t\t\t\t\t\t\t\r\n\t\t\t<\/div>\r\n\t\t<\/div>\r\n\t\t\r\n\t\t\t\t\t\t<\/div>\n\t\t\t\t<\/div>\n\t\t\t\t<div class=\"elementor-element elementor-element-9e1117d elementor-align-center elementor-widget elementor-widget-button\" data-id=\"9e1117d\" data-element_type=\"widget\" data-e-type=\"widget\" data-widget_type=\"button.default\">\n\t\t\t\t<div class=\"elementor-widget-container\">\n\t\t\t\t\t\t\t\t\t<div class=\"elementor-button-wrapper\">\n\t\t\t\t\t<a class=\"elementor-button elementor-button-link elementor-size-sm\" href=\"https:\/\/rentboattenerife.com\/fr\/emplacements\/\">\n\t\t\t\t\t\t<span class=\"elementor-button-content-wrapper\">\n\t\t\t\t\t\t\t\t\t<span class=\"elementor-button-text\">Trouver plus d&#039;emplacements de location<\/span>\n\t\t\t\t\t<\/span>\n\t\t\t\t\t<\/a>\n\t\t\t\t<\/div>\n\t\t\t\t\t\t\t\t<\/div>\n\t\t\t\t<\/div>\n\t\t\t\t<div class=\"elementor-element elementor-element-3ea41f1 elementor-widget elementor-widget-spacer\" data-id=\"3ea41f1\" data-element_type=\"widget\" data-e-type=\"widget\" data-widget_type=\"spacer.default\">\n\t\t\t\t<div class=\"elementor-widget-container\">\n\t\t\t\t\t\t\t<div class=\"elementor-spacer\">\n\t\t\t<div class=\"elementor-spacer-inner\"><\/div>\n\t\t<\/div>\n\t\t\t\t\t\t<\/div>\n\t\t\t\t<\/div>\n\t\t\t\t\t<\/div>\n\t\t<\/div>\n\t\t\t\t\t<\/div>\n\t\t<\/section>\n\t\t\t\t<section class=\"elementor-section elementor-top-section elementor-element elementor-element-c0d4f5e elementor-section-stretched elementor-section-boxed elementor-section-height-default elementor-section-height-default elementor-invisible\" data-id=\"c0d4f5e\" data-element_type=\"section\" data-e-type=\"section\" data-settings=\"{&quot;stretch_section&quot;:&quot;section-stretched&quot;,&quot;background_background&quot;:&quot;classic&quot;,&quot;animation&quot;:&quot;fadeIn&quot;}\">\n\t\t\t\t\t\t<div class=\"elementor-container elementor-column-gap-default\">\n\t\t\t\t\t<div class=\"elementor-column elementor-col-100 elementor-top-column elementor-element elementor-element-117cb36\" data-id=\"117cb36\" data-element_type=\"column\" data-e-type=\"column\">\n\t\t\t<div class=\"elementor-widget-wrap elementor-element-populated\">\n\t\t\t\t\t\t<div class=\"elementor-element elementor-element-5731bf0 elementor-widget elementor-widget-spacer\" data-id=\"5731bf0\" data-element_type=\"widget\" data-e-type=\"widget\" data-widget_type=\"spacer.default\">\n\t\t\t\t<div class=\"elementor-widget-container\">\n\t\t\t\t\t\t\t<div class=\"elementor-spacer\">\n\t\t\t<div class=\"elementor-spacer-inner\"><\/div>\n\t\t<\/div>\n\t\t\t\t\t\t<\/div>\n\t\t\t\t<\/div>\n\t\t\t\t<div class=\"elementor-element elementor-element-19ee78b elementor-widget elementor-widget-homey_elementor_section_title\" data-id=\"19ee78b\" data-element_type=\"widget\" data-e-type=\"widget\" data-widget_type=\"homey_elementor_section_title.default\">\n\t\t\t\t<div class=\"elementor-widget-container\">\n\t\t\t\t\t            <div class=\"homey_section_title_wrap_elementor homey-module module-title section-title-module\">\n                                    <h2 class=\"homey_section_title\">Location de bateau \u00e0 la semaine \u00e0 Tenerife<\/h2>\n                \n                                    <p class=\"homey_section_subtitle sub-heading\">D\u00e9couvrez la beaut\u00e9 de Tenerife depuis l&#039;oc\u00e9an avec notre location de bateau hebdomadaire, vous permettant d&#039;explorer toute l&#039;\u00eele avec des escales exclusives le long de la c\u00f4te ou de vous lancer dans un voyage vers les \u00eeles Canaries voisines pour une aventure inoubliable.<\/p>\n                            <\/div>\n            \t\t\t\t<\/div>\n\t\t\t\t<\/div>\n\t\t\t\t<div class=\"elementor-element elementor-element-fbb1085 elementor-widget elementor-widget-homey_elementor_property_by_ids\" data-id=\"fbb1085\" data-element_type=\"widget\" data-e-type=\"widget\" data-widget_type=\"homey_elementor_property_by_ids.default\">\n\t\t\t\t<div class=\"elementor-widget-container\">\n\t\t\t\t\t\n        <div class=\"module-wrap property-module-by-id property-module-by-id-3cols\">\n            <div class=\"listing-wrap which-layout-grid  item-grid-view\">\n                    <div class=\"col-sm-4\">\n<div class=\"item-wrap item-grid-view infobox_trigger homey-matchHeight\" data-dir=\"listing-item\" data-id=\"8029\">\n    <div class=\"media property-item\">\n        <div class=\"media-left\">\n            <div class=\"item-media item-media-thumb\">\n\n                <span class=\"label-wrap top-left\">\r\n                    <span class=\"label label-featured\">Avec capitaine (inclus)<\/span>\r\n                <\/span>\n                <a class=\"hover-effect\" href=\"https:\/\/rentboattenerife.com\/fr\/tenerife\/bavaria-37-sailboat-weekly-charter\/\">\n                    <img loading=\"lazy\" decoding=\"async\" width=\"360\" height=\"240\" src=\"https:\/\/rentboattenerife.com\/wp-content\/uploads\/2023\/09\/aphrodita-tenerife-1.jpg\" class=\"img-responsive wp-post-image\" alt=\"aphrodita t\u00e9n\u00e9rife\" srcset=\"https:\/\/rentboattenerife.com\/wp-content\/uploads\/2023\/09\/aphrodita-tenerife-1.jpg 360w, https:\/\/rentboattenerife.com\/wp-content\/uploads\/2023\/09\/aphrodita-tenerife-1-300x200.jpg 300w, https:\/\/rentboattenerife.com\/wp-content\/uploads\/2023\/09\/aphrodita-tenerife-1-18x12.jpg 18w, https:\/\/rentboattenerife.com\/wp-content\/uploads\/2023\/09\/aphrodita-tenerife-1-120x80.jpg 120w\" sizes=\"(max-width: 360px) 100vw, 360px\" \/>                \n\t\t\t\t\t\t\t\t\t\t\t<div class=\"item-media-price\">\n\t\t\t\t\t\t<span class=\"item-price\">\n\t\t\t\t\t\t\t<sub>depuis<\/sub> <sup>\u20ac<\/sup>3,000.00<sub>\/Semaine<\/sub>\n\t\t\t\t\t\t<\/span>\n\t\t\t\t\t\t<\/div>\n\t\t\t\t\t\t\t\t\t<\/a>\n\n                            <\/div>\n        <\/div>\n        <div class=\"media-body item-body clearfix\">\n\n            <div class=\"item-title-head\">\n                <div class=\"title-head-left\">\n                    <div class=\"title\"><a href=\"https:\/\/rentboattenerife.com\/fr\/tenerife\/bavaria-37-sailboat-weekly-charter\/\">\n                            Bavaria 37 | Voilier | Charte hebdomadaire<\/a><\/div>\n\n                    <address class=\"item-address\">Marina San Miguel, T\u00e9n\u00e9rife<\/address>        \n                <\/div>\n            <\/div>\n\n                        <ul class=\"item-amenities\">\n\n                                <li>\n                    <i class=\"fa fa-sort\"><\/i> \n                    <span class=\"total-beds\">12<\/span> <span class=\"item-label\">m<\/span>\n                <\/li>\n                \n                                <li>\n                    <i class=\"fa fa-clock-o\"><\/i> \n                    <span class=\"total-baths\">1 semaine<\/span> <span class=\"item-label\">min.<\/span>\n                <\/li>\n                \n                                <li>\n                    <i class=\"fa fa-user\"><\/i> \n                    <span class=\"total-guests\">4<\/span> <span class=\"item-label\">Invit\u00e9s<\/span>\n                <\/li>\n                \n                                <li class=\"item-type\">Location de voilier<\/li>\n                            <\/ul>\n            \n            \n            <div class=\"item-footer\">\n\n                \n                            <\/div>\n        <\/div>\n    <\/div>\n<\/div><!-- .item-wrap --><\/div><div class=\"col-sm-4\">\n<div class=\"item-wrap item-grid-view infobox_trigger homey-matchHeight\" data-dir=\"listing-item\" data-id=\"8040\">\n    <div class=\"media property-item\">\n        <div class=\"media-left\">\n            <div class=\"item-media item-media-thumb\">\n\n                <span class=\"label-wrap top-left\">\r\n                    <span class=\"label label-featured\">Avec capitaine (inclus)<\/span>\r\n                <\/span>\n                <a class=\"hover-effect\" href=\"https:\/\/rentboattenerife.com\/fr\/tenerife\/bali-catspace-catamaran-weekly-charter\/\">\n                    <img loading=\"lazy\" decoding=\"async\" width=\"360\" height=\"240\" src=\"https:\/\/rentboattenerife.com\/wp-content\/uploads\/2023\/11\/makani-tenerife.jpg\" class=\"img-responsive wp-post-image\" alt=\"Makani T\u00e9n\u00e9rife\" srcset=\"https:\/\/rentboattenerife.com\/wp-content\/uploads\/2023\/11\/makani-tenerife.jpg 360w, https:\/\/rentboattenerife.com\/wp-content\/uploads\/2023\/11\/makani-tenerife-300x200.jpg 300w, https:\/\/rentboattenerife.com\/wp-content\/uploads\/2023\/11\/makani-tenerife-18x12.jpg 18w, https:\/\/rentboattenerife.com\/wp-content\/uploads\/2023\/11\/makani-tenerife-120x80.jpg 120w\" sizes=\"(max-width: 360px) 100vw, 360px\" \/>                \n\t\t\t\t\t\t\t\t\t\t\t<div class=\"item-media-price\">\n\t\t\t\t\t\t<span class=\"item-price\">\n\t\t\t\t\t\t\t<sub>depuis<\/sub> <sup>\u20ac<\/sup>6,000.00<sub>\/Semaine<\/sub>\n\t\t\t\t\t\t<\/span>\n\t\t\t\t\t\t<\/div>\n\t\t\t\t\t\t\t\t\t<\/a>\n\n                            <\/div>\n        <\/div>\n        <div class=\"media-body item-body clearfix\">\n\n            <div class=\"item-title-head\">\n                <div class=\"title-head-left\">\n                    <div class=\"title\"><a href=\"https:\/\/rentboattenerife.com\/fr\/tenerife\/bali-catspace-catamaran-weekly-charter\/\">\n                            BALI | Catamarans | Charte hebdomadaire<\/a><\/div>\n\n                    <address class=\"item-address\">Las Galletas, T\u00e9n\u00e9rife<\/address>        \n                <\/div>\n            <\/div>\n\n                        <ul class=\"item-amenities\">\n\n                                <li>\n                    <i class=\"fa fa-sort\"><\/i> \n                    <span class=\"total-beds\">12.3<\/span> <span class=\"item-label\">m<\/span>\n                <\/li>\n                \n                                <li>\n                    <i class=\"fa fa-clock-o\"><\/i> \n                    <span class=\"total-baths\">1 semaine<\/span> <span class=\"item-label\">min.<\/span>\n                <\/li>\n                \n                                <li>\n                    <i class=\"fa fa-user\"><\/i> \n                    <span class=\"total-guests\">8<\/span> <span class=\"item-label\">Invit\u00e9s<\/span>\n                <\/li>\n                \n                                <li class=\"item-type\">Location Catamaran<\/li>\n                            <\/ul>\n            \n            \n            <div class=\"item-footer\">\n\n                \n                            <\/div>\n        <\/div>\n    <\/div>\n<\/div><!-- .item-wrap --><\/div><div class=\"col-sm-4\">\n<div class=\"item-wrap item-grid-view infobox_trigger homey-matchHeight\" data-dir=\"listing-item\" data-id=\"8037\">\n    <div class=\"media property-item\">\n        <div class=\"media-left\">\n            <div class=\"item-media item-media-thumb\">\n\n                <span class=\"label-wrap top-left\">\r\n                    <span class=\"label label-featured\">Avec capitaine (inclus)<\/span>\r\n                <\/span>\n                <a class=\"hover-effect\" href=\"https:\/\/rentboattenerife.com\/fr\/tenerife\/bavaria-55-sailboat-weekly-charter\/\">\n                    <img loading=\"lazy\" decoding=\"async\" width=\"360\" height=\"241\" src=\"https:\/\/rentboattenerife.com\/wp-content\/uploads\/2024\/04\/Bavaria-55-rental-tenerife.jpg\" class=\"img-responsive wp-post-image\" alt=\"Location Bavaria 55 T\u00e9n\u00e9rife\" srcset=\"https:\/\/rentboattenerife.com\/wp-content\/uploads\/2024\/04\/Bavaria-55-rental-tenerife.jpg 360w, https:\/\/rentboattenerife.com\/wp-content\/uploads\/2024\/04\/Bavaria-55-rental-tenerife-300x201.jpg 300w, https:\/\/rentboattenerife.com\/wp-content\/uploads\/2024\/04\/Bavaria-55-rental-tenerife-18x12.jpg 18w, https:\/\/rentboattenerife.com\/wp-content\/uploads\/2024\/04\/Bavaria-55-rental-tenerife-120x80.jpg 120w\" sizes=\"(max-width: 360px) 100vw, 360px\" \/>                \n\t\t\t\t\t\t\t\t\t\t\t<div class=\"item-media-price\">\n\t\t\t\t\t\t<span class=\"item-price\">\n\t\t\t\t\t\t\t<sub>depuis<\/sub> <sup>\u20ac<\/sup>5,400.00<sub>\/Semaine<\/sub>\n\t\t\t\t\t\t<\/span>\n\t\t\t\t\t\t<\/div>\n\t\t\t\t\t\t\t\t\t<\/a>\n\n                            <\/div>\n        <\/div>\n        <div class=\"media-body item-body clearfix\">\n\n            <div class=\"item-title-head\">\n                <div class=\"title-head-left\">\n                    <div class=\"title\"><a href=\"https:\/\/rentboattenerife.com\/fr\/tenerife\/bavaria-55-sailboat-weekly-charter\/\">\n                            Bavaria 55 | Voilier | Charte hebdomadaire<\/a><\/div>\n\n                    <address class=\"item-address\">Marina San Miguel, T\u00e9n\u00e9rife<\/address>        \n                <\/div>\n            <\/div>\n\n                        <ul class=\"item-amenities\">\n\n                                <li>\n                    <i class=\"fa fa-sort\"><\/i> \n                    <span class=\"total-beds\">17<\/span> <span class=\"item-label\">m<\/span>\n                <\/li>\n                \n                                <li>\n                    <i class=\"fa fa-clock-o\"><\/i> \n                    <span class=\"total-baths\">1 semaine<\/span> <span class=\"item-label\">min.<\/span>\n                <\/li>\n                \n                                <li>\n                    <i class=\"fa fa-user\"><\/i> \n                    <span class=\"total-guests\">6<\/span> <span class=\"item-label\">Invit\u00e9s<\/span>\n                <\/li>\n                \n                                <li class=\"item-type\">Location de voilier<\/li>\n                            <\/ul>\n            \n            \n            <div class=\"item-footer\">\n\n                \n                            <\/div>\n        <\/div>\n    <\/div>\n<\/div><!-- .item-wrap --><\/div>            <\/div><!-- grid-listing-page -->\n        <\/div>\n\n        \t\t\t\t<\/div>\n\t\t\t\t<\/div>\n\t\t\t\t<div class=\"elementor-element elementor-element-ce6598f elementor-align-center elementor-widget elementor-widget-button\" data-id=\"ce6598f\" data-element_type=\"widget\" data-e-type=\"widget\" data-widget_type=\"button.default\">\n\t\t\t\t<div class=\"elementor-widget-container\">\n\t\t\t\t\t\t\t\t\t<div class=\"elementor-button-wrapper\">\n\t\t\t\t\t<a class=\"elementor-button elementor-button-link elementor-size-sm\" href=\"https:\/\/rentboattenerife.com\/fr\/boat\/weekly-charter\/\">\n\t\t\t\t\t\t<span class=\"elementor-button-content-wrapper\">\n\t\t\t\t\t\t\t\t\t<span class=\"elementor-button-text\">Voir tous les bateaux en location \u00e0 la semaine<\/span>\n\t\t\t\t\t<\/span>\n\t\t\t\t\t<\/a>\n\t\t\t\t<\/div>\n\t\t\t\t\t\t\t\t<\/div>\n\t\t\t\t<\/div>\n\t\t\t\t<div class=\"elementor-element elementor-element-cf1aec7 elementor-widget elementor-widget-spacer\" data-id=\"cf1aec7\" data-element_type=\"widget\" data-e-type=\"widget\" data-widget_type=\"spacer.default\">\n\t\t\t\t<div class=\"elementor-widget-container\">\n\t\t\t\t\t\t\t<div class=\"elementor-spacer\">\n\t\t\t<div class=\"elementor-spacer-inner\"><\/div>\n\t\t<\/div>\n\t\t\t\t\t\t<\/div>\n\t\t\t\t<\/div>\n\t\t\t\t\t<\/div>\n\t\t<\/div>\n\t\t\t\t\t<\/div>\n\t\t<\/section>\n\t\t\t\t<section class=\"elementor-section elementor-top-section elementor-element elementor-element-60c286b3 elementor-section-height-min-height elementor-section-stretched elementor-section-boxed elementor-section-height-default elementor-section-items-middle elementor-invisible\" data-id=\"60c286b3\" data-element_type=\"section\" data-e-type=\"section\" data-settings=\"{&quot;background_background&quot;:&quot;classic&quot;,&quot;stretch_section&quot;:&quot;section-stretched&quot;,&quot;animation&quot;:&quot;fadeIn&quot;}\">\n\t\t\t\t\t\t<div class=\"elementor-container elementor-column-gap-default\">\n\t\t\t\t\t<div class=\"elementor-column elementor-col-100 elementor-top-column elementor-element elementor-element-76899f10\" data-id=\"76899f10\" data-element_type=\"column\" data-e-type=\"column\">\n\t\t\t<div class=\"elementor-widget-wrap elementor-element-populated\">\n\t\t\t\t\t\t<section class=\"elementor-section elementor-inner-section elementor-element elementor-element-51d8144e elementor-section-boxed elementor-section-height-default elementor-section-height-default\" data-id=\"51d8144e\" data-element_type=\"section\" data-e-type=\"section\" data-settings=\"{&quot;background_background&quot;:&quot;classic&quot;}\">\n\t\t\t\t\t\t<div class=\"elementor-container elementor-column-gap-default\">\n\t\t\t\t\t<div class=\"elementor-column elementor-col-100 elementor-inner-column elementor-element elementor-element-15552bd3\" data-id=\"15552bd3\" data-element_type=\"column\" data-e-type=\"column\">\n\t\t\t<div class=\"elementor-widget-wrap elementor-element-populated\">\n\t\t\t\t\t\t<div class=\"elementor-element elementor-element-10be37dc elementor-widget elementor-widget-homey_elementor_section_title\" data-id=\"10be37dc\" data-element_type=\"widget\" data-e-type=\"widget\" data-widget_type=\"homey_elementor_section_title.default\">\n\t\t\t\t<div class=\"elementor-widget-container\">\n\t\t\t\t\t            <div class=\"homey_section_title_wrap_elementor homey-module module-title section-title-module\">\n                                    <h2 class=\"homey_section_title\">Louez les meilleurs bateaux \u00e0 Tenerife<\/h2>\n                \n                                    <p class=\"homey_section_subtitle sub-heading\">\u00e0 partir de 89\u20ac de l&#039;heure<\/p>\n                            <\/div>\n            \t\t\t\t<\/div>\n\t\t\t\t<\/div>\n\t\t\t\t<div class=\"elementor-element elementor-element-37d066d6 elementor-widget elementor-widget-text-editor\" data-id=\"37d066d6\" data-element_type=\"widget\" data-e-type=\"widget\" data-widget_type=\"text-editor.default\">\n\t\t\t\t<div class=\"elementor-widget-container\">\n\t\t\t\t\t\t\t\t\t<p>Vous cherchez le bon bateau pour vos vacances \u00e0 Tenerife ? Nous vous aiderons \u00e0 trouver et \u00e0 commander un bateau. Demandez plus d&#039;informations maintenant.<\/p>\t\t\t\t\t\t\t\t<\/div>\n\t\t\t\t<\/div>\n\t\t\t\t<div class=\"elementor-element elementor-element-2cefc05f elementor-widget elementor-widget-button\" data-id=\"2cefc05f\" data-element_type=\"widget\" data-e-type=\"widget\" data-widget_type=\"button.default\">\n\t\t\t\t<div class=\"elementor-widget-container\">\n\t\t\t\t\t\t\t\t\t<div class=\"elementor-button-wrapper\">\n\t\t\t\t\t<a class=\"elementor-button elementor-button-link elementor-size-md\" href=\"https:\/\/rentboattenerife.com\/fr\/contactez-nous\/\">\n\t\t\t\t\t\t<span class=\"elementor-button-content-wrapper\">\n\t\t\t\t\t\t\t\t\t<span class=\"elementor-button-text\">Renseignez-vous maintenant<\/span>\n\t\t\t\t\t<\/span>\n\t\t\t\t\t<\/a>\n\t\t\t\t<\/div>\n\t\t\t\t\t\t\t\t<\/div>\n\t\t\t\t<\/div>\n\t\t\t\t\t<\/div>\n\t\t<\/div>\n\t\t\t\t\t<\/div>\n\t\t<\/section>\n\t\t\t\t\t<\/div>\n\t\t<\/div>\n\t\t\t\t\t<\/div>\n\t\t<\/section>\n\t\t\t\t<section class=\"elementor-section elementor-top-section elementor-element elementor-element-f20c963 elementor-section-stretched elementor-section-boxed elementor-section-height-default elementor-section-height-default elementor-invisible\" data-id=\"f20c963\" data-element_type=\"section\" data-e-type=\"section\" data-settings=\"{&quot;stretch_section&quot;:&quot;section-stretched&quot;,&quot;background_background&quot;:&quot;classic&quot;,&quot;animation&quot;:&quot;fadeIn&quot;}\">\n\t\t\t\t\t\t<div class=\"elementor-container elementor-column-gap-default\">\n\t\t\t\t\t<div class=\"elementor-column elementor-col-100 elementor-top-column elementor-element elementor-element-2d6a83d\" data-id=\"2d6a83d\" data-element_type=\"column\" data-e-type=\"column\">\n\t\t\t<div class=\"elementor-widget-wrap elementor-element-populated\">\n\t\t\t\t\t\t<div class=\"elementor-element elementor-element-23f38e2f elementor-widget elementor-widget-homey_elementor_space\" data-id=\"23f38e2f\" data-element_type=\"widget\" data-e-type=\"widget\" data-widget_type=\"homey_elementor_space.default\">\n\t\t\t\t<div class=\"elementor-widget-container\">\n\t\t\t\t\t<div style=\"clear:both; width:100%; height:50px\"><\/div>\t\t\t\t<\/div>\n\t\t\t\t<\/div>\n\t\t\t\t<div class=\"elementor-element elementor-element-6b10cdaa elementor-widget elementor-widget-homey_elementor_section_title\" data-id=\"6b10cdaa\" data-element_type=\"widget\" data-e-type=\"widget\" data-widget_type=\"homey_elementor_section_title.default\">\n\t\t\t\t<div class=\"elementor-widget-container\">\n\t\t\t\t\t            <div class=\"homey_section_title_wrap_elementor homey-module module-title section-title-module\">\n                                    <h2 class=\"homey_section_title\">Quel que soit le type de bateau que vous recherchez, nous l&#039;avons<\/h2>\n                \n                            <\/div>\n            \t\t\t\t<\/div>\n\t\t\t\t<\/div>\n\t\t\t\t<div class=\"elementor-element elementor-element-704516fb elementor-widget elementor-widget-homey_elementor_grids\" data-id=\"704516fb\" data-element_type=\"widget\" data-e-type=\"widget\" data-widget_type=\"homey_elementor_grids.default\">\n\t\t\t\t<div class=\"elementor-widget-container\">\n\t\t\t\t\t\r\n\t\t<div class=\"module-wrap taxonomy-grid taxonomy-grid-4\">\r\n\t\t\t<div class=\"row\">\r\n\t\t\t\t\r\n\t\t\t\t\t<div class=\"col-sm-3 col-xs-6\">\r\n\t\t\t\t\t\t<div class=\"taxonomy-item taxonomy-card\">\r\n\t\t\t\t\t\t\t<a class=\"taxonomy-link hover-effect\" href=\"https:\/\/rentboattenerife.com\/fr\/rental\/catamaran-tenerife\/\">\r\n\t\t\t\t\t\t\t\t<div class=\"taxonomy-title\">Location Catamaran<\/div>\r\n\t\t\t\t\t\t\t\t<img loading=\"lazy\" decoding=\"async\" class=\"img-responsive\" src=\"https:\/\/rentboattenerife.com\/wp-content\/uploads\/2022\/11\/catamaran-tenerife-360x360.jpg\" width=\"360\" height=\"360\" alt=\"type_d&#039;annonce\">\r\n\t\t\t\t\t\t\t<\/a>\r\n\t\t\t\t\t\t<\/div>\r\n\t\t\t\t\t<\/div>\r\n\r\n\t\t\t\t\t\r\n\t\t\t\t\t<div class=\"col-sm-3 col-xs-6\">\r\n\t\t\t\t\t\t<div class=\"taxonomy-item taxonomy-card\">\r\n\t\t\t\t\t\t\t<a class=\"taxonomy-link hover-effect\" href=\"https:\/\/rentboattenerife.com\/fr\/rental\/peche-a-tenerife\/\">\r\n\t\t\t\t\t\t\t\t<div class=\"taxonomy-title\">P\u00eache T\u00e9n\u00e9rife<\/div>\r\n\t\t\t\t\t\t\t\t<img loading=\"lazy\" decoding=\"async\" class=\"img-responsive\" src=\"https:\/\/rentboattenerife.com\/wp-content\/uploads\/2024\/02\/Fishing-Tenerife.jpg\" width=\"258\" height=\"257\" alt=\"type_d&#039;annonce\">\r\n\t\t\t\t\t\t\t<\/a>\r\n\t\t\t\t\t\t<\/div>\r\n\t\t\t\t\t<\/div>\r\n\r\n\t\t\t\t\t\r\n\t\t\t\t\t<div class=\"col-sm-3 col-xs-6\">\r\n\t\t\t\t\t\t<div class=\"taxonomy-item taxonomy-card\">\r\n\t\t\t\t\t\t\t<a class=\"taxonomy-link hover-effect\" href=\"https:\/\/rentboattenerife.com\/fr\/rental\/jet-ski-tenerife\/\">\r\n\t\t\t\t\t\t\t\t<div class=\"taxonomy-title\">Location de Jet Ski<\/div>\r\n\t\t\t\t\t\t\t\t<img loading=\"lazy\" decoding=\"async\" class=\"img-responsive\" src=\"https:\/\/rentboattenerife.com\/wp-content\/uploads\/2022\/11\/jet-ski-tenerife-360x360.jpg\" width=\"360\" height=\"360\" alt=\"type_d&#039;annonce\">\r\n\t\t\t\t\t\t\t<\/a>\r\n\t\t\t\t\t\t<\/div>\r\n\t\t\t\t\t<\/div>\r\n\r\n\t\t\t\t\t\r\n\t\t\t\t\t<div class=\"col-sm-3 col-xs-6\">\r\n\t\t\t\t\t\t<div class=\"taxonomy-item taxonomy-card\">\r\n\t\t\t\t\t\t\t<a class=\"taxonomy-link hover-effect\" href=\"https:\/\/rentboattenerife.com\/fr\/rental\/yacht-de-luxe-tenerife\/\">\r\n\t\t\t\t\t\t\t\t<div class=\"taxonomy-title\">Location de yacht de luxe<\/div>\r\n\t\t\t\t\t\t\t\t<img loading=\"lazy\" decoding=\"async\" class=\"img-responsive\" src=\"https:\/\/rentboattenerife.com\/wp-content\/uploads\/2022\/11\/luxury-yacht-tenerife-360x360.jpg\" width=\"360\" height=\"360\" alt=\"type_d&#039;annonce\">\r\n\t\t\t\t\t\t\t<\/a>\r\n\t\t\t\t\t\t<\/div>\r\n\t\t\t\t\t<\/div>\r\n\r\n\t\t\t\t\t\r\n\t\t\t\t\t<div class=\"col-sm-3 col-xs-6\">\r\n\t\t\t\t\t\t<div class=\"taxonomy-item taxonomy-card\">\r\n\t\t\t\t\t\t\t<a class=\"taxonomy-link hover-effect\" href=\"https:\/\/rentboattenerife.com\/fr\/rental\/bateau-a-moteur-tenerife\/\">\r\n\t\t\t\t\t\t\t\t<div class=\"taxonomy-title\">Location de bateaux \u00e0 moteur<\/div>\r\n\t\t\t\t\t\t\t\t<img loading=\"lazy\" decoding=\"async\" class=\"img-responsive\" src=\"https:\/\/rentboattenerife.com\/wp-content\/uploads\/2022\/11\/motor-boat-tenerife-360x360.jpg\" width=\"360\" height=\"360\" alt=\"type_d&#039;annonce\">\r\n\t\t\t\t\t\t\t<\/a>\r\n\t\t\t\t\t\t<\/div>\r\n\t\t\t\t\t<\/div>\r\n\r\n\t\t\t\t\t\r\n\t\t\t\t\t<div class=\"col-sm-3 col-xs-6\">\r\n\t\t\t\t\t\t<div class=\"taxonomy-item taxonomy-card\">\r\n\t\t\t\t\t\t\t<a class=\"taxonomy-link hover-effect\" href=\"https:\/\/rentboattenerife.com\/fr\/rental\/voilier-tenerife\/\">\r\n\t\t\t\t\t\t\t\t<div class=\"taxonomy-title\">Location de voilier<\/div>\r\n\t\t\t\t\t\t\t\t<img loading=\"lazy\" decoding=\"async\" class=\"img-responsive\" src=\"https:\/\/rentboattenerife.com\/wp-content\/uploads\/2023\/07\/sailboattenerife-360x360.jpg\" width=\"360\" height=\"360\" alt=\"type_d&#039;annonce\">\r\n\t\t\t\t\t\t\t<\/a>\r\n\t\t\t\t\t\t<\/div>\r\n\t\t\t\t\t<\/div>\r\n\r\n\t\t\t\t\t\r\n\t\t\t\t\t<div class=\"col-sm-3 col-xs-6\">\r\n\t\t\t\t\t\t<div class=\"taxonomy-item taxonomy-card\">\r\n\t\t\t\t\t\t\t<a class=\"taxonomy-link hover-effect\" href=\"https:\/\/rentboattenerife.com\/fr\/rental\/location-de-bateaux-sans-chauffeur\/\">\r\n\t\t\t\t\t\t\t\t<div class=\"taxonomy-title\">Location de bateaux sans chauffeur<\/div>\r\n\t\t\t\t\t\t\t\t<img loading=\"lazy\" decoding=\"async\" class=\"img-responsive\" src=\"https:\/\/rentboattenerife.com\/wp-content\/uploads\/2023\/07\/motorboat-Atlanca-without-a-license-360x360.jpg\" width=\"360\" height=\"360\" alt=\"type_d&#039;annonce\">\r\n\t\t\t\t\t\t\t<\/a>\r\n\t\t\t\t\t\t<\/div>\r\n\t\t\t\t\t<\/div>\r\n\r\n\t\t\t\t\t\r\n\t\t\t\t\t<div class=\"col-sm-3 col-xs-6\">\r\n\t\t\t\t\t\t<div class=\"taxonomy-item taxonomy-card\">\r\n\t\t\t\t\t\t\t<a class=\"taxonomy-link hover-effect\" href=\"https:\/\/rentboattenerife.com\/fr\/rental\/yacht-tenerife\/\">\r\n\t\t\t\t\t\t\t\t<div class=\"taxonomy-title\">Location de yachts<\/div>\r\n\t\t\t\t\t\t\t\t<img loading=\"lazy\" decoding=\"async\" class=\"img-responsive\" src=\"https:\/\/rentboattenerife.com\/wp-content\/uploads\/2022\/11\/motor-yacht-tenerife-360x360.jpg\" width=\"360\" height=\"360\" alt=\"type_d&#039;annonce\">\r\n\t\t\t\t\t\t\t<\/a>\r\n\t\t\t\t\t\t<\/div>\r\n\t\t\t\t\t<\/div>\r\n\r\n\t\t\t\t\t\t\t\t\t\r\n\t\t\t<\/div>\r\n\t\t<\/div>\r\n\t\t\r\n\t\t\t\t\t\t<\/div>\n\t\t\t\t<\/div>\n\t\t\t\t<div class=\"elementor-element elementor-element-57d3417f elementor-align-center elementor-widget elementor-widget-button\" data-id=\"57d3417f\" data-element_type=\"widget\" data-e-type=\"widget\" data-widget_type=\"button.default\">\n\t\t\t\t<div class=\"elementor-widget-container\">\n\t\t\t\t\t\t\t\t\t<div class=\"elementor-button-wrapper\">\n\t\t\t\t\t<a class=\"elementor-button elementor-button-link elementor-size-sm\" href=\"https:\/\/rentboattenerife.com\/fr\/location-de-yacht\/\">\n\t\t\t\t\t\t<span class=\"elementor-button-content-wrapper\">\n\t\t\t\t\t\t\t\t\t<span class=\"elementor-button-text\">Voir tous les bateaux<\/span>\n\t\t\t\t\t<\/span>\n\t\t\t\t\t<\/a>\n\t\t\t\t<\/div>\n\t\t\t\t\t\t\t\t<\/div>\n\t\t\t\t<\/div>\n\t\t\t\t<div class=\"elementor-element elementor-element-2fae924a elementor-widget elementor-widget-spacer\" data-id=\"2fae924a\" data-element_type=\"widget\" data-e-type=\"widget\" data-widget_type=\"spacer.default\">\n\t\t\t\t<div class=\"elementor-widget-container\">\n\t\t\t\t\t\t\t<div class=\"elementor-spacer\">\n\t\t\t<div class=\"elementor-spacer-inner\"><\/div>\n\t\t<\/div>\n\t\t\t\t\t\t<\/div>\n\t\t\t\t<\/div>\n\t\t\t\t\t<\/div>\n\t\t<\/div>\n\t\t\t\t\t<\/div>\n\t\t<\/section>\n\t\t\t\t<section class=\"elementor-section elementor-top-section elementor-element elementor-element-7b70de15 elementor-section-stretched elementor-section-boxed elementor-section-height-default elementor-section-height-default elementor-invisible\" data-id=\"7b70de15\" data-element_type=\"section\" data-e-type=\"section\" data-settings=\"{&quot;stretch_section&quot;:&quot;section-stretched&quot;,&quot;background_background&quot;:&quot;classic&quot;,&quot;animation&quot;:&quot;fadeIn&quot;}\">\n\t\t\t\t\t\t<div class=\"elementor-container elementor-column-gap-default\">\n\t\t\t\t\t<div class=\"elementor-column elementor-col-100 elementor-top-column elementor-element elementor-element-868961b\" data-id=\"868961b\" data-element_type=\"column\" data-e-type=\"column\">\n\t\t\t<div class=\"elementor-widget-wrap elementor-element-populated\">\n\t\t\t\t\t\t<div class=\"elementor-element elementor-element-75d6f985 elementor-widget elementor-widget-spacer\" data-id=\"75d6f985\" data-element_type=\"widget\" data-e-type=\"widget\" data-widget_type=\"spacer.default\">\n\t\t\t\t<div class=\"elementor-widget-container\">\n\t\t\t\t\t\t\t<div class=\"elementor-spacer\">\n\t\t\t<div class=\"elementor-spacer-inner\"><\/div>\n\t\t<\/div>\n\t\t\t\t\t\t<\/div>\n\t\t\t\t<\/div>\n\t\t\t\t<div class=\"elementor-element elementor-element-38cf98ce elementor-widget elementor-widget-homey_elementor_section_title\" data-id=\"38cf98ce\" data-element_type=\"widget\" data-e-type=\"widget\" data-widget_type=\"homey_elementor_section_title.default\">\n\t\t\t\t<div class=\"elementor-widget-container\">\n\t\t\t\t\t            <div class=\"homey_section_title_wrap_elementor homey-module module-title section-title-module\">\n                                    <h2 class=\"homey_section_title\">Avis de nos clients sur la location de bateaux \u00e0 Tenerife<\/h2>\n                \n                                    <p class=\"homey_section_subtitle sub-heading\">La plus grande r\u00e9compense est de satisfaire nos clients et de partager leur exp\u00e9rience avec nous<\/p>\n                            <\/div>\n            \t\t\t\t<\/div>\n\t\t\t\t<\/div>\n\t\t\t\t<div class=\"elementor-element elementor-element-135c8c53 elementor-widget elementor-widget-homey_elementor_testimonials\" data-id=\"135c8c53\" data-element_type=\"widget\" data-e-type=\"widget\" data-widget_type=\"homey_elementor_testimonials.default\">\n\t\t\t\t<div class=\"elementor-widget-container\">\n\t\t\t\t\t\n        <!--start testimonials module-->\n        \n            <div class=\"module-wrap testimonials-module\">\n                <div class=\"row\">\n                    \n                    <div class=\"col-xs-12 col-sm-6 col-md-3\"><div class=\"testimonial-item text-center\"><p class=\"description\">Nous avons pass\u00e9 un moment merveilleux sur le bateau, c\u00e9l\u00e9brant le 18 e anniversaire de mon fils. <\/p><div class=\"testimonial-thumb\"><img loading=\"lazy\" decoding=\"async\" width=\"50\" height=\"50\" src=\"https:\/\/rentboattenerife.com\/wp-content\/uploads\/2018\/10\/tonya.jpg\" class=\"img-circle img-responsive\" alt=\"Tonya\" srcset=\"https:\/\/rentboattenerife.com\/wp-content\/uploads\/2018\/10\/tonya.jpg 50w, https:\/\/rentboattenerife.com\/wp-content\/uploads\/2018\/10\/tonya-12x12.jpg 12w\" sizes=\"(max-width: 50px) 100vw, 50px\" \/><\/div><p class=\"auther-info\"><strong>Tonya<\/strong><br><em>octobre 2022<\/em><\/p><\/div><\/div><div class=\"col-xs-12 col-sm-6 col-md-3\"><div class=\"testimonial-item text-center\"><p class=\"description\">Super exp\u00e9rience, je le recommanderais sans h\u00e9siter \u00e0 mes amis.<\/p><div class=\"testimonial-thumb\"><img loading=\"lazy\" decoding=\"async\" width=\"50\" height=\"50\" src=\"https:\/\/rentboattenerife.com\/wp-content\/uploads\/2018\/10\/peter.jpg\" class=\"img-circle img-responsive\" alt=\"Pierre\" srcset=\"https:\/\/rentboattenerife.com\/wp-content\/uploads\/2018\/10\/peter.jpg 50w, https:\/\/rentboattenerife.com\/wp-content\/uploads\/2018\/10\/peter-12x12.jpg 12w\" sizes=\"(max-width: 50px) 100vw, 50px\" \/><\/div><p class=\"auther-info\"><strong>Pierre<\/strong><br><em>novembre 2022<\/em><\/p><\/div><\/div><div class=\"col-xs-12 col-sm-6 col-md-3\"><div class=\"testimonial-item text-center\"><p class=\"description\">Un moyen super amusant et facile de se sentir comme un propri\u00e9taire de bateau sans toutes les obligations et d\u00e9penses.<\/p><div class=\"testimonial-thumb\"><img loading=\"lazy\" decoding=\"async\" width=\"50\" height=\"50\" src=\"https:\/\/rentboattenerife.com\/wp-content\/uploads\/2018\/10\/alyza.jpg\" class=\"img-circle img-responsive\" alt=\"Alyza\" srcset=\"https:\/\/rentboattenerife.com\/wp-content\/uploads\/2018\/10\/alyza.jpg 50w, https:\/\/rentboattenerife.com\/wp-content\/uploads\/2018\/10\/alyza-12x12.jpg 12w\" sizes=\"(max-width: 50px) 100vw, 50px\" \/><\/div><p class=\"auther-info\"><strong>Alyza<\/strong><br><em>novembre 2022<\/em><\/p><\/div><\/div><div class=\"col-xs-12 col-sm-6 col-md-3\"><div class=\"testimonial-item text-center\"><p class=\"description\">Nous avons pass\u00e9 un bon moment lors de notre croisi\u00e8re en bateau avec le capitaine Max et son \u00e9quipage! <\/p><div class=\"testimonial-thumb\"><img loading=\"lazy\" decoding=\"async\" width=\"50\" height=\"50\" src=\"https:\/\/rentboattenerife.com\/wp-content\/uploads\/2018\/10\/will.jpg\" class=\"img-circle img-responsive\" alt=\"volont\u00e9\" srcset=\"https:\/\/rentboattenerife.com\/wp-content\/uploads\/2018\/10\/will.jpg 50w, https:\/\/rentboattenerife.com\/wp-content\/uploads\/2018\/10\/will-12x12.jpg 12w\" sizes=\"(max-width: 50px) 100vw, 50px\" \/><\/div><p class=\"auther-info\"><strong>Volont\u00e9<\/strong><br><em>novembre 2022<\/em><\/p><\/div><\/div>                    \n                <\/div>\n            <\/div>\n\n                <!--end post testimonials module-->\n\n\n        \t\t\t\t<\/div>\n\t\t\t\t<\/div>\n\t\t\t\t<div class=\"elementor-element elementor-element-5ee43980 elementor-widget elementor-widget-spacer\" data-id=\"5ee43980\" data-element_type=\"widget\" data-e-type=\"widget\" data-widget_type=\"spacer.default\">\n\t\t\t\t<div class=\"elementor-widget-container\">\n\t\t\t\t\t\t\t<div class=\"elementor-spacer\">\n\t\t\t<div class=\"elementor-spacer-inner\"><\/div>\n\t\t<\/div>\n\t\t\t\t\t\t<\/div>\n\t\t\t\t<\/div>\n\t\t\t\t\t<\/div>\n\t\t<\/div>\n\t\t\t\t\t<\/div>\n\t\t<\/section>\n\t\t\t\t<section class=\"elementor-section elementor-top-section elementor-element elementor-element-9bc47ae elementor-section-stretched elementor-section-boxed elementor-section-height-default elementor-section-height-default elementor-invisible\" data-id=\"9bc47ae\" data-element_type=\"section\" data-e-type=\"section\" data-settings=\"{&quot;stretch_section&quot;:&quot;section-stretched&quot;,&quot;background_background&quot;:&quot;classic&quot;,&quot;animation&quot;:&quot;fadeIn&quot;}\">\n\t\t\t\t\t\t<div class=\"elementor-container elementor-column-gap-default\">\n\t\t\t\t\t<div class=\"elementor-column elementor-col-100 elementor-top-column elementor-element elementor-element-de89d7a\" data-id=\"de89d7a\" data-element_type=\"column\" data-e-type=\"column\">\n\t\t\t<div class=\"elementor-widget-wrap elementor-element-populated\">\n\t\t\t\t\t\t<div class=\"elementor-element elementor-element-94199d0 elementor-widget elementor-widget-spacer\" data-id=\"94199d0\" data-element_type=\"widget\" data-e-type=\"widget\" data-widget_type=\"spacer.default\">\n\t\t\t\t<div class=\"elementor-widget-container\">\n\t\t\t\t\t\t\t<div class=\"elementor-spacer\">\n\t\t\t<div class=\"elementor-spacer-inner\"><\/div>\n\t\t<\/div>\n\t\t\t\t\t\t<\/div>\n\t\t\t\t<\/div>\n\t\t\t\t<div class=\"elementor-element elementor-element-dde620e elementor-widget elementor-widget-homey_elementor_section_title\" data-id=\"dde620e\" data-element_type=\"widget\" data-e-type=\"widget\" data-widget_type=\"homey_elementor_section_title.default\">\n\t\t\t\t<div class=\"elementor-widget-container\">\n\t\t\t\t\t            <div class=\"homey_section_title_wrap_elementor homey-module module-title section-title-module\">\n                                    <h2 class=\"homey_section_title\">Marques de bateaux \u00e0 louer<\/h2>\n                \n                                    <p class=\"homey_section_subtitle sub-heading\">Sur notre site Web, vous pouvez choisir un bateau \u00e0 louer parmi les meilleures marques de yachts au monde.<\/p>\n                            <\/div>\n            \t\t\t\t<\/div>\n\t\t\t\t<\/div>\n\t\t\t\t\t<\/div>\n\t\t<\/div>\n\t\t\t\t\t<\/div>\n\t\t<\/section>\n\t\t\t\t<section class=\"elementor-section elementor-top-section elementor-element elementor-element-273b195 elementor-section-boxed elementor-section-height-default elementor-section-height-default\" data-id=\"273b195\" data-element_type=\"section\" data-e-type=\"section\" data-settings=\"{&quot;background_background&quot;:&quot;classic&quot;}\">\n\t\t\t\t\t\t<div class=\"elementor-container elementor-column-gap-default\">\n\t\t\t\t\t<div class=\"elementor-column elementor-col-100 elementor-top-column elementor-element elementor-element-96e96fb\" data-id=\"96e96fb\" data-element_type=\"column\" data-e-type=\"column\">\n\t\t\t<div class=\"elementor-widget-wrap elementor-element-populated\">\n\t\t\t\t\t\t<div class=\"elementor-element elementor-element-105ca8b elementor-widget elementor-widget-homey_elementor_partners\" data-id=\"105ca8b\" data-element_type=\"widget\" data-e-type=\"widget\" data-widget_type=\"homey_elementor_partners.default\">\n\t\t\t\t<div class=\"elementor-widget-container\">\n\t\t\t\t\t        <script>\n            jQuery(document).ready(function ($) {\n\n                var sliderdiv = $('.partners-slider');\n\n                sliderdiv.slick({\n                    rtl: false,\n                    lazyLoad: 'ondemand',\n                    infinite: true,\n                    speed: 300,\n                    slidesToShow: 4,\n                    arrows: true,\n                    adaptiveHeight: true,\n                    dots: true,\n                    appendArrows: '.partners-module-slider',\n                    prevArrow: '<button type=\"button\" class=\"slick-prev\">Prev<\/button>',\n                    nextArrow: '<button type=\"button\" class=\"slick-next\">Next<\/button>',\n                    responsive: [\n                    {\n                        breakpoint: 992,\n                        settings: {\n                            slidesToShow: 3,\n                            slidesToScroll: 3\n                        }\n                    },\n                    {\n                        breakpoint: 769,\n                        settings: {\n                            slidesToShow: 2,\n                            slidesToScroll: 2\n                        }\n                    }]\n                });\n            });\n        <\/script>\n\n        <div class=\"module-wrap partners-module partners-module-slider\">\n            <div class=\"partners-slider-wrap\">\n                <div class=\"row\">\n                    <div class=\"partners-slider\">\n\n                                                    <div class=\"partner-item text-center\">\n                                <div class=\"partner-thumb\">\n                                        <img loading=\"lazy\" decoding=\"async\" width=\"285\" height=\"160\" src=\"https:\/\/rentboattenerife.com\/wp-content\/uploads\/2018\/10\/logo-lagoon-1.jpg\" class=\"img-responsive wp-post-image\" alt=\"\" \/>                                <\/div>\n                            <\/div>\n                                                    <div class=\"partner-item text-center\">\n                                <div class=\"partner-thumb\">\n                                        <img loading=\"lazy\" decoding=\"async\" width=\"285\" height=\"160\" src=\"https:\/\/rentboattenerife.com\/wp-content\/uploads\/2018\/10\/logo-azimut-2.jpg\" class=\"img-responsive wp-post-image\" alt=\"\" \/>                                <\/div>\n                            <\/div>\n                                                    <div class=\"partner-item text-center\">\n                                <div class=\"partner-thumb\">\n                                        <img loading=\"lazy\" decoding=\"async\" width=\"285\" height=\"160\" src=\"https:\/\/rentboattenerife.com\/wp-content\/uploads\/2018\/10\/beneteau-logo-3.jpg\" class=\"img-responsive wp-post-image\" alt=\"\" \/>                                <\/div>\n                            <\/div>\n                                                    <div class=\"partner-item text-center\">\n                                <div class=\"partner-thumb\">\n                                        <img loading=\"lazy\" decoding=\"async\" width=\"285\" height=\"160\" src=\"https:\/\/rentboattenerife.com\/wp-content\/uploads\/2018\/10\/dufour-logo-4.jpg\" class=\"img-responsive wp-post-image\" alt=\"\" \/>                                <\/div>\n                            <\/div>\n                                                    <div class=\"partner-item text-center\">\n                                <div class=\"partner-thumb\">\n                                        <img loading=\"lazy\" decoding=\"async\" width=\"285\" height=\"160\" src=\"https:\/\/rentboattenerife.com\/wp-content\/uploads\/2018\/10\/logo-sea-ray-5.jpg\" class=\"img-responsive wp-post-image\" alt=\"\" \/>                                <\/div>\n                            <\/div>\n                                                    <div class=\"partner-item text-center\">\n                                <div class=\"partner-thumb\">\n                                        <img loading=\"lazy\" decoding=\"async\" width=\"285\" height=\"160\" src=\"https:\/\/rentboattenerife.com\/wp-content\/uploads\/2018\/10\/logo-sunseeker-6.jpg\" class=\"img-responsive wp-post-image\" alt=\"\" \/>                                <\/div>\n                            <\/div>\n                                                \n                    <\/div>\n                <\/div>\n            <\/div>\n        <\/div>\n\n        \t\t\t\t<\/div>\n\t\t\t\t<\/div>\n\t\t\t\t<div class=\"elementor-element elementor-element-d7d59c9 elementor-widget elementor-widget-spacer\" data-id=\"d7d59c9\" data-element_type=\"widget\" data-e-type=\"widget\" data-widget_type=\"spacer.default\">\n\t\t\t\t<div class=\"elementor-widget-container\">\n\t\t\t\t\t\t\t<div class=\"elementor-spacer\">\n\t\t\t<div class=\"elementor-spacer-inner\"><\/div>\n\t\t<\/div>\n\t\t\t\t\t\t<\/div>\n\t\t\t\t<\/div>\n\t\t\t\t\t<\/div>\n\t\t<\/div>\n\t\t\t\t\t<\/div>\n\t\t<\/section>\n\t\t\t\t<section class=\"elementor-section elementor-top-section elementor-element elementor-element-0182b16 elementor-section-boxed elementor-section-height-default elementor-section-height-default\" data-id=\"0182b16\" data-element_type=\"section\" data-e-type=\"section\" data-settings=\"{&quot;background_background&quot;:&quot;classic&quot;}\">\n\t\t\t\t\t\t<div class=\"elementor-container elementor-column-gap-default\">\n\t\t\t\t\t<div class=\"elementor-column elementor-col-100 elementor-top-column elementor-element elementor-element-72bb3b0\" data-id=\"72bb3b0\" data-element_type=\"column\" data-e-type=\"column\">\n\t\t\t<div class=\"elementor-widget-wrap elementor-element-populated\">\n\t\t\t\t\t\t<div class=\"elementor-element elementor-element-43ac5cb elementor-widget elementor-widget-text-editor\" data-id=\"43ac5cb\" data-element_type=\"widget\" data-e-type=\"widget\" data-widget_type=\"text-editor.default\">\n\t\t\t\t<div class=\"elementor-widget-container\">\n\t\t\t\t\t\t\t\t\t<h2>Louer un bateau \u00e0 Tenerife<\/h2><p>Surnomm\u00e9es les &quot;\u00eeles de la Fortune&quot;, les \u00eeles Canaries sont des montagnes fantastiques, un paysage pittoresque de volcans, des for\u00eats denses et vertes, des zones d\u00e9sertiques, des ports int\u00e9ressants et des gens hospitaliers. La plus grande \u00eele de l&#039;archipel des Canaries - Tenerife - fascine par sa vari\u00e9t\u00e9 de faune et de flore. Le soleil brille ici plus de 300 jours par an et le vent est toujours favorable. Une location de yacht est un \u00e9v\u00e9nement sans lequel des vacances \u00e0 Tenerife ne seraient pas compl\u00e8tes. Il garantit une aventure inoubliable et des souvenirs inestimables.<\/p><p>Rent Boat Tenerife propose des services de location \u00e0 l&#039;heure pour des bateaux de 2 \u00e0 25 personnes et des yachts pour des groupes de 25 \u00e0 150 personnes. Vous pouvez louer un bateau avec un capitaine et\/ou un \u00e9quipage. La plupart des itin\u00e9raires sont des excursions en bateau le long de la c\u00f4te. La commande minimum est de 3 heures. Mais \u00e0 la demande du client, des promenades plus longues vers les \u00eeles voisines sont \u00e9galement possibles, qui sont command\u00e9es s\u00e9par\u00e9ment dans chaque cas.<\/p><h2>Lieux de location de bateaux populaires \u00e0 T\u00e9n\u00e9rife<\/h2><ol><li><strong>Costa Ad\u00e8je<\/strong> est une c\u00f4te qui s&#039;\u00e9tend de San Eugenio \u00e0 Playa Paraiso. Il se compose de nombreuses plages pittoresques. Une belle promenade s&#039;\u00e9tend le long de la majeure partie du littoral. C&#039;est au sud de Tenerife que se situe le port de Puerto Colon, pris\u00e9 des amateurs de sports nautiques. Ici, vous pouvez louer des bateaux pour la p\u00eache, l&#039;observation des baleines et l&#039;observation des dauphins.<\/li><li><strong>Los Gigantes<\/strong> est une c\u00e9l\u00e8bre station touristique compos\u00e9e de trois localit\u00e9s interconnect\u00e9es \u00e0 l&#039;ouest de Tenerife : Varadero, Playa de la Arena et Puerto Santiago. C&#039;est l&#039;un des plus beaux endroits de Tenerife. Les rochers majestueux, que l&#039;on peut voir depuis une baie petite mais confortable, sont \u00e0 couper le souffle.<\/li><li><strong>Las Galletas<\/strong> est une tr\u00e8s belle ville portuaire avec des plages de galets propres. Le matin, vous pouvez acheter du poisson fra\u00eechement p\u00each\u00e9 ici.<\/li><li><strong>Playa de las Americas<\/strong> est l&#039;endroit id\u00e9al pour louer un bateau \u00e0 Tenerife pour des promenades en soir\u00e9e et des d\u00eeners romantiques. La promenade Avenida de Las Americas est visible pendant la journ\u00e9e sous la forme d&#039;une s\u00e9rie de pubs color\u00e9s avec de la musique live, des palmiers, des illuminations charmantes et des fontaines. La nuit, il se transforme en un lieu id\u00e9al pour les carnavals et les f\u00eates dans un style boh\u00e8me exclusif.<\/li><li><strong>Port de Santiago<\/strong> est une zone unique nich\u00e9e entre les falaises sauvages de Los Gigantes. Son point culminant est l&#039;immense plage de Playa la Arena, recouverte de sable volcanique noir.<\/li><\/ol><h2>Prix et types de bateaux \u00e0 louer \u00e0 Tenerife<\/h2><p><strong>Catamarans \u00e0 louer \u00e0 Tenerife<\/strong><\/p><p>Les principaux avantages d&#039;un catamaran \u00e0 louer :<\/p><ul><li>beaucoup d&#039;espace \u00e0 l&#039;int\u00e9rieur et \u00e0 l&#039;ext\u00e9rieur;<\/li><li>il y a des cabines pour plus d&#039;intimit\u00e9 ;<\/li><li>stabilit\u00e9 sur l&#039;eau gr\u00e2ce \u00e0 un roulis minimal;<\/li><li>mouvement confortable et s\u00fbr sur le pont;<\/li><li>immersion minimale dans l&#039;eau.<\/li><\/ul><p>Vous pouvez louer de petits catamarans - jusqu&#039;\u00e0 11, moyens - jusqu&#039;\u00e0 23 et grands - de 50 \u00e0 150 personnes. Les prix de location varient de 110 \u00e0 1200 euros de l&#039;heure. Plus le catamaran est grand et r\u00e9cent, plus les services de location de bateaux seront chers.<\/p><p><strong>Yachts \u00e0 moteur \u00e0 louer \u00e0 Tenerife<\/strong><\/p><p>La r\u00e9servation d&#039;un bateau \u00e0 moteur est pr\u00e9f\u00e9r\u00e9e par ceux qui aiment la vitesse, l&#039;excitation, le luxe et le confort. Il vous permet de visiter de nombreux endroits en peu de temps. Leur faible tirant d&#039;eau permet d&#039;atteindre certaines zones inaccessibles aux autres types de bateaux.<\/p><p>Les bateaux \u00e0 moteur sont \u00e9quip\u00e9s des derniers syst\u00e8mes de communication et de navigation. Il y a beaucoup d&#039;espace \u00e0 bord, un flybridge spacieux sous le pont, un salon de cockpit confortable et des cabines confortables. La capacit\u00e9 de la plupart des yachts \u00e0 moteur est jusqu&#039;\u00e0 12 personnes. Prix de location de 165 \u00e0 670 euros de l&#039;heure.<\/p><p><strong>Voiliers \u00e0 louer \u00e0 Tenerife<\/strong><\/p><p>Les voiliers conviennent \u00e0 la famille, aux amis, aux vacances d&#039;entreprise, \u00e0 la navigation dynamique et sportive. Le moteur d&#039;un voilier est plus faible et est beaucoup moins utilis\u00e9 par rapport \u00e0 un bateau \u00e0 moteur. Cela r\u00e9duit les co\u00fbts d&#039;entretien et de carburant. Les yachts \u00e0 voile sont plus beaux sur les photos, ils conviennent donc aux s\u00e9ances photo, aux tournages vid\u00e9o et aux rendez-vous romantiques. La capacit\u00e9 de la plupart des yachts \u00e0 voile est jusqu&#039;\u00e0 11 personnes. Prix de location de 65 \u00e0 250 euros de l&#039;heure.<\/p><p><strong>Location de vedettes rapides \u00e0 Tenerife<\/strong><\/p><p>Le choix d&#039;un hors-bord vaut la peine si vous souhaitez voyager au grand air, avec une brise agr\u00e9able, et admirer les vues pittoresques. Sur un bateau lou\u00e9, vous pouvez organiser n&#039;importe quel \u00e9v\u00e9nement - d&#039;un anniversaire ou d&#039;une f\u00eate amicale bruyante \u00e0 une r\u00e9union d&#039;affaires. Louer un bateau \u00e0 Tenerife vous permet de choisir des options adapt\u00e9es \u00e0 tous les portefeuilles, des mod\u00e8les \u00e9conomiques aux mod\u00e8les de luxe. La capacit\u00e9 de la plupart des yachts est jusqu&#039;\u00e0 15 personnes. Prix de location de 90 \u00e0 300 euros de l&#039;heure.<\/p><h2>Location de bateaux et yachts priv\u00e9s \u00e0 Tenerife<\/h2><p>Une location de yacht \u00e0 Tenerife est le meilleur moyen d&#039;explorer cette r\u00e9gion \u00e0 n&#039;importe quel mois de l&#039;ann\u00e9e.<\/p><p>Les principaux avantages de cette formule vacances :<\/p><ul><li><strong>nombreuses options de location<\/strong> \u2014 des voiliers et bateaux pour la p\u00eache sportive et les activit\u00e9s nautiques, des catamarans aux yachts de luxe. Le choix d\u00e9pend du nombre de vos passagers, de vos besoins individuels, de vos souhaits et de votre budget ;<\/li><li><strong>approche individuelle<\/strong> aux souhaits de chaque client - le choix de la nourriture, des excursions et des divertissements\u00a0;<\/li><li><strong>\u00e9vitement des endroits bond\u00e9s. <\/strong>Pas de files d&#039;attente, pas d&#039;attente fastidieuse pour monter et descendre du navire\u00a0;<\/li><li><strong>possibilit\u00e9s illimit\u00e9es.<\/strong> O\u00f9 vous allez lorsque vous louez un bateau d\u00e9pend enti\u00e8rement de vous. Si vous voulez vous asseoir sur l&#039;eau pendant quelques heures et bronzer ou vous diriger vers l&#039;\u00eele voisine pour une escapade plus isol\u00e9e, faites un barbecue sur la plage ;<\/li><li><strong>animations sur l&#039;eau : <\/strong>ski nautique, jet-ski, plong\u00e9e sous-marine, flyboard, planche \u00e0 voile, p\u00eache ;<\/li><li><strong>flexibilit\u00e9 avec les horaires et les directions. <\/strong>Vous cr\u00e9ez votre horaire pendant la charte;<\/li><li><strong>vari\u00e9t\u00e9 de lieux \u00e0 visiter. <\/strong>Contrairement \u00e0 un bateau de croisi\u00e8re qui suit un itin\u00e9raire pr\u00e9-planifi\u00e9, un yacht charter vous donne la libert\u00e9 d&#039;explorer autant de destinations que vous le souhaitez ;<\/li><li>une location de yacht \u00e0 Tenerife est plus abordable que de poss\u00e9der un bateau. Pas besoin de d\u00e9penser beaucoup d&#039;argent pour garer le navire dans le port et le carburant. Ces frais sont inclus dans le prix de la location. L&#039;entretien et la r\u00e9paration du navire sont effectu\u00e9s par les membres de l&#039;\u00e9quipage.<\/li><\/ul><h2>Exp\u00e9riences et \u00e9v\u00e9nements de yacht populaires<\/h2><p>Vous pouvez louer un bateau \u00e0 Tenerife pour tout \u00e9v\u00e9nement priv\u00e9 :<\/p><ul><li>Excursions en bateau le long de la c\u00f4te de Tenerife<\/li><li>Un rendez-vous romantique<\/li><li>P\u00eache<\/li><li>Masterclass de gestion de yachts<\/li><li>Anniversaire ou anniversaire<\/li><li>Enterrement de vie de jeune fille ou de gar\u00e7on<\/li><li>Promenade de mariage<\/li><li>Rencontrer le coucher du soleil<\/li><li>Observation des baleines et des dauphins<\/li><li>Plong\u00e9e ou snorkeling<\/li><li>F\u00eate priv\u00e9e<\/li><\/ul><p>En plus du service de location de yachts, vous pouvez commander une restauration, et inviter un DJ, photographe, animateurs, etc.<\/p><h2>5 raisons pour lesquelles vous devriez louer un bateau de notre soci\u00e9t\u00e9<\/h2><p><strong>Notre entreprise est situ\u00e9e \u00e0 Tenerife<\/strong><\/p><p>Rent Boat Tenerife est une entreprise bas\u00e9e sur cette \u00eele. Nos employ\u00e9s ont personnellement communiqu\u00e9 avec tous les propri\u00e9taires des yachts propos\u00e9s, les capitaines et leurs \u00e9quipages, qui \u00e9taient \u00e0 bord de chaque navire. Par cons\u00e9quent, nous sommes pr\u00eats \u00e0 r\u00e9pondre \u00e0 toutes les questions relatives aux services de location de bateaux \u00e0 l&#039;heure.<\/p><p><strong>Le plus grand choix de bateaux \u00e0 louer \u00e0 Tenerife<\/strong><\/p><p>Nous offrons une vari\u00e9t\u00e9 d&#039;options de bateaux allant de 2 \u00e0 150 personnes. Que vous recherchiez un bateau pour la p\u00eache, la plong\u00e9e en apn\u00e9e ou la plong\u00e9e, un bateau pour une croisi\u00e8re au coucher du soleil ou une occasion sp\u00e9ciale. Nous vous proposerons l&#039;option la plus adapt\u00e9e.<\/p><p><strong>Les meilleurs prix pour une location de yacht \u00e0 Tenerife<\/strong><\/p><p>Nous avons n\u00e9goci\u00e9 les meilleurs tarifs pour nos clients avec la majorit\u00e9 des propri\u00e9taires de yachts de Tenerife. Mais il est conseill\u00e9 de r\u00e9server un bateau non pas en haute saison, mais \u00e0 l&#039;avance, car cela permet de choisir parmi un plus grand nombre de bateaux disponibles et au meilleur prix.<\/p><p><strong>C&#039;est 100% en s\u00e9curit\u00e9 avec nous<\/strong><\/p><p>Nous ne fournissons aux clients que des v\u00e9hicules techniquement en bon \u00e9tat de location, ce qui nous permet d&#039;exclure la survenance de circonstances de force majeure pendant le voyage. La s\u00e9curit\u00e9 absolue \u00e0 bord est assur\u00e9e par le travail d&#039;un capitaine dipl\u00f4m\u00e9 et de son \u00e9quipe, qui observe attentivement les mesures de s\u00e9curit\u00e9. Ils surveillent en permanence la zone d&#039;eau et surveillent les conditions m\u00e9t\u00e9orologiques et les \u00e9ventuels obstacles. Il y a un \u00e9quipement radio \u00e0 bord pour communiquer avec d&#039;autres navires ou contr\u00f4leurs \u00e0 terre. Avant et apr\u00e8s chaque \u00e9v\u00e9nement, tous les espaces des yachts sont nettoy\u00e9s et les surfaces sont trait\u00e9es avec des d\u00e9sinfectants. Des gilets de sauvetage sont fournis \u00e0 tous les passagers. Il y a une trousse de premiers soins \u00e0 bord. Des dispositifs de signalisation d&#039;urgence sont fournis, tels que des fus\u00e9es \u00e9clairantes et des fus\u00e9es \u00e9clairantes rouges, des bou\u00e9es lumineuses.<\/p><p><strong>Votre responsable contr\u00f4le la qualit\u00e9 des services fournis<\/strong><\/p><p>Le sp\u00e9cialiste aide \u00e0 choisir un yacht appropri\u00e9 et organise la fourniture de services suppl\u00e9mentaires - commandes de nourriture et de boissons, divertissements. Il est constamment en contact, r\u00e9pond rapidement aux questions et r\u00e9sout les probl\u00e8mes qui se sont pos\u00e9s.<\/p>\t\t\t\t\t\t\t\t<\/div>\n\t\t\t\t<\/div>\n\t\t\t\t\t<\/div>\n\t\t<\/div>\n\t\t\t\t\t<\/div>\n\t\t<\/section>\n\t\t\t\t<section class=\"elementor-section elementor-top-section elementor-element elementor-element-ef10551 elementor-section-boxed elementor-section-height-default elementor-section-height-default\" data-id=\"ef10551\" data-element_type=\"section\" data-e-type=\"section\" data-settings=\"{&quot;background_background&quot;:&quot;classic&quot;}\">\n\t\t\t\t\t\t<div class=\"elementor-container elementor-column-gap-default\">\n\t\t\t\t\t<div class=\"elementor-column elementor-col-100 elementor-top-column elementor-element elementor-element-49c956c\" data-id=\"49c956c\" data-element_type=\"column\" data-e-type=\"column\">\n\t\t\t<div class=\"elementor-widget-wrap elementor-element-populated\">\n\t\t\t\t\t\t<div class=\"elementor-element elementor-element-c71ebf5 elementor-widget elementor-widget-heading\" data-id=\"c71ebf5\" data-element_type=\"widget\" data-e-type=\"widget\" data-widget_type=\"heading.default\">\n\t\t\t\t<div class=\"elementor-widget-container\">\n\t\t\t\t\t<h2 class=\"elementor-heading-title elementor-size-default\">Combien co\u00fbte la location d&#039;un bateau \u00e0 T\u00e9n\u00e9rife ?<\/h2>\t\t\t\t<\/div>\n\t\t\t\t<\/div>\n\t\t\t\t\t<\/div>\n\t\t<\/div>\n\t\t\t\t\t<\/div>\n\t\t<\/section>\n\t\t\t\t<section class=\"elementor-section elementor-top-section elementor-element elementor-element-40477cd elementor-section-boxed elementor-section-height-default elementor-section-height-default\" data-id=\"40477cd\" data-element_type=\"section\" data-e-type=\"section\" data-settings=\"{&quot;background_background&quot;:&quot;classic&quot;}\">\n\t\t\t\t\t\t<div class=\"elementor-container elementor-column-gap-default\">\n\t\t\t\t\t<div class=\"elementor-column elementor-col-100 elementor-top-column elementor-element elementor-element-c604cca\" data-id=\"c604cca\" data-element_type=\"column\" data-e-type=\"column\">\n\t\t\t<div class=\"elementor-widget-wrap elementor-element-populated\">\n\t\t\t\t\t\t<div class=\"elementor-element elementor-element-5673f7e elementor-widget elementor-widget-spacer\" data-id=\"5673f7e\" data-element_type=\"widget\" data-e-type=\"widget\" data-widget_type=\"spacer.default\">\n\t\t\t\t<div class=\"elementor-widget-container\">\n\t\t\t\t\t\t\t<div class=\"elementor-spacer\">\n\t\t\t<div class=\"elementor-spacer-inner\"><\/div>\n\t\t<\/div>\n\t\t\t\t\t\t<\/div>\n\t\t\t\t<\/div>\n\t\t\t\t<div class=\"elementor-element elementor-element-f0ddb27 eael-table-align-center eael-dt-th-align-left elementor-widget elementor-widget-eael-data-table\" data-id=\"f0ddb27\" data-element_type=\"widget\" data-e-type=\"widget\" data-widget_type=\"eael-data-table.default\">\n\t\t\t\t<div class=\"elementor-widget-container\">\n\t\t\t\t\t\t\t<div class=\"eael-data-table-wrap\" data-table_id=\"f0ddb27\" id=\"eael-data-table-wrapper-f0ddb27\" data-custom_responsive=\"false\">\n\t\t\t<table class=\"tablesorter eael-data-table center\" id=\"eael-data-table-f0ddb27\">\n\t\t\t    <thead>\n\t\t\t        <tr class=\"table-header\">\n\t\t\t\t\t\t\t\t\t            <th class=\"\" id=\"\" colspan=\"\">\n\t\t\t\t\t\t\t\t\t\t\t\t\t\t<span class=\"data-table-header-text\">Type de bateau<\/span><\/th>\n\t\t\t        \t\t\t\t            <th class=\"\" id=\"\" colspan=\"\">\n\t\t\t\t\t\t\t\t\t\t\t\t\t\t<span class=\"data-table-header-text\">Prix<\/span><\/th>\n\t\t\t        \t\t\t\t            <th class=\"\" id=\"\" colspan=\"\">\n\t\t\t\t\t\t\t\t\t\t\t\t\t\t<span class=\"data-table-header-text\">Nom du bateau<\/span><\/th>\n\t\t\t        \t\t\t\t        <\/tr>\n\t\t\t    <\/thead>\n\t\t\t  \t<tbody>\n\t\t\t\t\t\t\t\t\t\t\t<tr>\n\t\t\t\t\t\t\t\t\t\t\t\t\t\t\t\t   \t\t\t\t\t\t\t\t\t\t\t<td colspan=\"\" rowspan=\"\" class=\"\" id=\"\">\n\t\t\t\t\t\t\t\t\t\t\t\t<div class=\"td-content-wrapper\"><div class=\"td-content\">\n\t\t\t\t\t\t\t\t\t\t\t\t\t<strong>Location de voilier<\/strong>\t\t\t\t\t\t\t\t\t\t\t\t<\/div><\/div>\n\t\t\t\t\t\t\t\t\t\t\t<\/td>\n\t\t\t\t\t\t\t\t\t\t\t\t\t\t\t\t\t\t\t\t\t\t\t\t\t\t\t\t\t   \t\t\t\t\t\t\t\t\t\t\t<td colspan=\"\" rowspan=\"\" class=\"\" id=\"\">\n\t\t\t\t\t\t\t\t\t\t\t\t<div class=\"td-content-wrapper\"><div class=\"td-content\">\n\t\t\t\t\t\t\t\t\t\t\t\t\tde 65 \u20ac \u00e0 215 \u20ac\/heure\t\t\t\t\t\t\t\t\t\t\t\t<\/div><\/div>\n\t\t\t\t\t\t\t\t\t\t\t<\/td>\n\t\t\t\t\t\t\t\t\t\t\t\t\t\t\t\t\t\t\t\t\t\t\t\t\t\t\t\t\t   \t\t\t\t\t\t\t\t\t\t\t<td colspan=\"\" rowspan=\"\" class=\"\" id=\"\">\n\t\t\t\t\t\t\t\t\t\t\t\t<div class=\"td-content-wrapper\"><div class=\"td-content\">\n\t\t\t\t\t\t\t\t\t\t\t\t\tAntares, Skyline 1, Gran Azor, Alexandre\t\t\t\t\t\t\t\t\t\t\t\t<\/div><\/div>\n\t\t\t\t\t\t\t\t\t\t\t<\/td>\n\t\t\t\t\t\t\t\t\t\t\t\t\t\t\t\t\t\t\t\t\t\t\t\t\t\t<\/tr>\n\t\t\t        \t\t\t\t\t\t<tr>\n\t\t\t\t\t\t\t\t\t\t\t\t\t\t\t\t   \t\t\t\t\t\t\t\t\t\t\t<td colspan=\"\" rowspan=\"\" class=\"\" id=\"\">\n\t\t\t\t\t\t\t\t\t\t\t\t<div class=\"td-content-wrapper\"><div class=\"td-content\">\n\t\t\t\t\t\t\t\t\t\t\t\t\t<strong>Location de catamarans<\/strong>\t\t\t\t\t\t\t\t\t\t\t\t<\/div><\/div>\n\t\t\t\t\t\t\t\t\t\t\t<\/td>\n\t\t\t\t\t\t\t\t\t\t\t\t\t\t\t\t\t\t\t\t\t\t\t\t\t\t\t\t\t   \t\t\t\t\t\t\t\t\t\t\t<td colspan=\"\" rowspan=\"\" class=\"\" id=\"\">\n\t\t\t\t\t\t\t\t\t\t\t\t<div class=\"td-content-wrapper\"><div class=\"td-content\">\n\t\t\t\t\t\t\t\t\t\t\t\t\tde 110 \u20ac \u00e0 415 \u20ac\/heure\t\t\t\t\t\t\t\t\t\t\t\t<\/div><\/div>\n\t\t\t\t\t\t\t\t\t\t\t<\/td>\n\t\t\t\t\t\t\t\t\t\t\t\t\t\t\t\t\t\t\t\t\t\t\t\t\t\t\t\t\t   \t\t\t\t\t\t\t\t\t\t\t<td colspan=\"\" rowspan=\"\" class=\"\" id=\"\">\n\t\t\t\t\t\t\t\t\t\t\t\t<div class=\"td-content-wrapper\"><div class=\"td-content\">\n\t\t\t\t\t\t\t\t\t\t\t\t\tKalima Kat, Eden, Oc\u00e9an Bleu, Abrazo\t\t\t\t\t\t\t\t\t\t\t\t<\/div><\/div>\n\t\t\t\t\t\t\t\t\t\t\t<\/td>\n\t\t\t\t\t\t\t\t\t\t\t\t\t\t\t\t\t\t\t\t\t\t\t\t\t\t<\/tr>\n\t\t\t        \t\t\t\t\t\t<tr>\n\t\t\t\t\t\t\t\t\t\t\t\t\t\t\t\t   \t\t\t\t\t\t\t\t\t\t\t<td colspan=\"\" rowspan=\"\" class=\"\" id=\"\">\n\t\t\t\t\t\t\t\t\t\t\t\t<div class=\"td-content-wrapper\"><div class=\"td-content\">\n\t\t\t\t\t\t\t\t\t\t\t\t\t<strong>Location de bateaux \u00e0 moteur<\/strong>\t\t\t\t\t\t\t\t\t\t\t\t<\/div><\/div>\n\t\t\t\t\t\t\t\t\t\t\t<\/td>\n\t\t\t\t\t\t\t\t\t\t\t\t\t\t\t\t\t\t\t\t\t\t\t\t\t\t\t\t\t   \t\t\t\t\t\t\t\t\t\t\t<td colspan=\"\" rowspan=\"\" class=\"\" id=\"\">\n\t\t\t\t\t\t\t\t\t\t\t\t<div class=\"td-content-wrapper\"><div class=\"td-content\">\n\t\t\t\t\t\t\t\t\t\t\t\t\tde 88\u20ac \u00e0 200\u20ac\/heure\t\t\t\t\t\t\t\t\t\t\t\t<\/div><\/div>\n\t\t\t\t\t\t\t\t\t\t\t<\/td>\n\t\t\t\t\t\t\t\t\t\t\t\t\t\t\t\t\t\t\t\t\t\t\t\t\t\t\t\t\t   \t\t\t\t\t\t\t\t\t\t\t<td colspan=\"\" rowspan=\"\" class=\"\" id=\"\">\n\t\t\t\t\t\t\t\t\t\t\t\t<div class=\"td-content-wrapper\"><div class=\"td-content\">\n\t\t\t\t\t\t\t\t\t\t\t\t\tThon rouge, Habana, Opera 33, White Heaven\t\t\t\t\t\t\t\t\t\t\t\t<\/div><\/div>\n\t\t\t\t\t\t\t\t\t\t\t<\/td>\n\t\t\t\t\t\t\t\t\t\t\t\t\t\t\t\t\t\t\t\t\t\t\t\t\t\t<\/tr>\n\t\t\t        \t\t\t\t\t\t<tr>\n\t\t\t\t\t\t\t\t\t\t\t\t\t\t\t\t   \t\t\t\t\t\t\t\t\t\t\t<td colspan=\"\" rowspan=\"\" class=\"\" id=\"\">\n\t\t\t\t\t\t\t\t\t\t\t\t<div class=\"td-content-wrapper\"><div class=\"td-content\">\n\t\t\t\t\t\t\t\t\t\t\t\t\t<strong>Location de yachts<\/strong>\t\t\t\t\t\t\t\t\t\t\t\t<\/div><\/div>\n\t\t\t\t\t\t\t\t\t\t\t<\/td>\n\t\t\t\t\t\t\t\t\t\t\t\t\t\t\t\t\t\t\t\t\t\t\t\t\t\t\t\t\t   \t\t\t\t\t\t\t\t\t\t\t<td colspan=\"\" rowspan=\"\" class=\"\" id=\"\">\n\t\t\t\t\t\t\t\t\t\t\t\t<div class=\"td-content-wrapper\"><div class=\"td-content\">\n\t\t\t\t\t\t\t\t\t\t\t\t\tde 140 \u20ac \u00e0 670 \u20ac\/heure\t\t\t\t\t\t\t\t\t\t\t\t<\/div><\/div>\n\t\t\t\t\t\t\t\t\t\t\t<\/td>\n\t\t\t\t\t\t\t\t\t\t\t\t\t\t\t\t\t\t\t\t\t\t\t\t\t\t\t\t\t   \t\t\t\t\t\t\t\t\t\t\t<td colspan=\"\" rowspan=\"\" class=\"\" id=\"\">\n\t\t\t\t\t\t\t\t\t\t\t\t<div class=\"td-content-wrapper\"><div class=\"td-content\">\n\t\t\t\t\t\t\t\t\t\t\t\t\tPas de soucis, Poker, Mayantigo, Tigresa\t\t\t\t\t\t\t\t\t\t\t\t<\/div><\/div>\n\t\t\t\t\t\t\t\t\t\t\t<\/td>\n\t\t\t\t\t\t\t\t\t\t\t\t\t\t\t\t\t\t\t\t\t\t\t\t\t\t<\/tr>\n\t\t\t        \t\t\t    <\/tbody>\n\t\t\t<\/table>\n\t\t<\/div>\n\t  \t\t\t\t\t<\/div>\n\t\t\t\t<\/div>\n\t\t\t\t\t<\/div>\n\t\t<\/div>\n\t\t\t\t\t<\/div>\n\t\t<\/section>\n\t\t\t\t<section class=\"elementor-section elementor-top-section elementor-element elementor-element-ca6c610 elementor-section-boxed elementor-section-height-default elementor-section-height-default\" data-id=\"ca6c610\" data-element_type=\"section\" data-e-type=\"section\" data-settings=\"{&quot;background_background&quot;:&quot;classic&quot;}\">\n\t\t\t\t\t\t<div class=\"elementor-container elementor-column-gap-default\">\n\t\t\t\t\t<div class=\"elementor-column elementor-col-100 elementor-top-column elementor-element elementor-element-79a0a84\" data-id=\"79a0a84\" data-element_type=\"column\" data-e-type=\"column\">\n\t\t\t<div class=\"elementor-widget-wrap elementor-element-populated\">\n\t\t\t\t\t\t<div class=\"elementor-element elementor-element-18b9977 elementor-widget elementor-widget-spacer\" data-id=\"18b9977\" data-element_type=\"widget\" data-e-type=\"widget\" data-widget_type=\"spacer.default\">\n\t\t\t\t<div class=\"elementor-widget-container\">\n\t\t\t\t\t\t\t<div class=\"elementor-spacer\">\n\t\t\t<div class=\"elementor-spacer-inner\"><\/div>\n\t\t<\/div>\n\t\t\t\t\t\t<\/div>\n\t\t\t\t<\/div>\n\t\t\t\t\t<\/div>\n\t\t<\/div>\n\t\t\t\t\t<\/div>\n\t\t<\/section>\n\t\t\t\t<\/div>","protected":false},"excerpt":{"rendered":"<p>Les bateaux les plus populaires \u00e0 louer \u00e0 Tenerife Nous proposons des locations horaires de diff\u00e9rents types de bateaux \u00e0 Tenerife pour des groupes allant de 2 \u00e0 150 personnes, notamment des catamarans, des voiliers, des yachts, des bateaux de p\u00eache et des bateaux \u00e0 moteur \u00e0 moteur \u00e0 Costa Adeje, Las Galletas, Los Gigantes, Los Cristianos et Golf del Sur. Nous avons \u00e9galement une large s\u00e9lection [\u2026]<\/p>","protected":false},"author":1,"featured_media":0,"parent":0,"menu_order":0,"comment_status":"closed","ping_status":"closed","template":"elementor_header_footer","meta":{"_acf_changed":false,"footnotes":""},"class_list":["post-3935","page","type-page","status-publish","hentry"],"acf":[],"aioseo_notices":[],"_links":{"self":[{"href":"https:\/\/rentboattenerife.com\/fr\/wp-json\/wp\/v2\/pages\/3935","targetHints":{"allow":["GET"]}}],"collection":[{"href":"https:\/\/rentboattenerife.com\/fr\/wp-json\/wp\/v2\/pages"}],"about":[{"href":"https:\/\/rentboattenerife.com\/fr\/wp-json\/wp\/v2\/types\/page"}],"author":[{"embeddable":true,"href":"https:\/\/rentboattenerife.com\/fr\/wp-json\/wp\/v2\/users\/1"}],"replies":[{"embeddable":true,"href":"https:\/\/rentboattenerife.com\/fr\/wp-json\/wp\/v2\/comments?post=3935"}],"version-history":[{"count":78,"href":"https:\/\/rentboattenerife.com\/fr\/wp-json\/wp\/v2\/pages\/3935\/revisions"}],"predecessor-version":[{"id":10091,"href":"https:\/\/rentboattenerife.com\/fr\/wp-json\/wp\/v2\/pages\/3935\/revisions\/10091"}],"wp:attachment":[{"href":"https:\/\/rentboattenerife.com\/fr\/wp-json\/wp\/v2\/media?parent=3935"}],"curies":[{"name":"wp","href":"https:\/\/api.w.org\/{rel}","templated":true}]}}